{"id":63,"date":"2025-01-03T09:28:28","date_gmt":"2025-01-03T08:28:28","guid":{"rendered":"https:\/\/www.e-radiotv.org\/radios-ebene-dev\/?page_id=63"},"modified":"2025-01-04T09:43:02","modified_gmt":"2025-01-04T08:43:02","slug":"medias-audios-red","status":"publish","type":"page","link":"https:\/\/www.e-radiotv.org\/radios-ebene-dev\/medias-audios-red\/","title":{"rendered":"M\u00e9dias audios RED"},"content":{"rendered":"\t\t<div data-elementor-type=\"wp-page\" data-elementor-id=\"63\" class=\"elementor elementor-63\" data-elementor-post-type=\"page\">\n\t\t\t\t\t\t<section class=\"elementor-section elementor-top-section elementor-element elementor-element-2baacf2b elementor-section-full_width elementor-section-content-middle elementor-section-height-default elementor-section-height-default\" data-id=\"2baacf2b\" data-element_type=\"section\" data-e-type=\"section\" data-settings=\"{&quot;background_background&quot;:&quot;classic&quot;}\">\n\t\t\t\t\t\t<div class=\"elementor-container elementor-column-gap-default\">\n\t\t\t\t\t<div class=\"elementor-column elementor-col-100 elementor-top-column elementor-element elementor-element-34b3020f\" data-id=\"34b3020f\" data-element_type=\"column\" data-e-type=\"column\">\n\t\t\t<div class=\"elementor-widget-wrap elementor-element-populated\">\n\t\t\t\t\t\t<div class=\"elementor-element elementor-element-89dc966 intro-text elementor-widget elementor-widget-heading\" data-id=\"89dc966\" data-element_type=\"widget\" data-e-type=\"widget\" data-widget_type=\"heading.default\">\n\t\t\t\t<div class=\"elementor-widget-container\">\n\t\t\t\t\t<h1 class=\"elementor-heading-title elementor-size-default\">m\u00e9dias audios radio \u00e9b\u00e8ne <\/h1>\t\t\t\t<\/div>\n\t\t\t\t<\/div>\n\t\t\t\t<section class=\"elementor-section elementor-inner-section elementor-element elementor-element-247f341 elementor-section-boxed elementor-section-height-default elementor-section-height-default\" data-id=\"247f341\" data-element_type=\"section\" data-e-type=\"section\">\n\t\t\t\t\t\t<div class=\"elementor-container elementor-column-gap-default\">\n\t\t\t\t\t<div class=\"elementor-column elementor-col-100 elementor-inner-column elementor-element elementor-element-5e9f0645\" data-id=\"5e9f0645\" data-element_type=\"column\" data-e-type=\"column\">\n\t\t\t<div class=\"elementor-widget-wrap elementor-element-populated\">\n\t\t\t\t\t\t<div class=\"elementor-element elementor-element-46c98653 elementor-align-center elementor-mobile-align-center elementor-widget elementor-widget-button\" data-id=\"46c98653\" data-element_type=\"widget\" data-e-type=\"widget\" data-widget_type=\"button.default\">\n\t\t\t\t<div class=\"elementor-widget-container\">\n\t\t\t\t\t\t\t\t\t<div class=\"elementor-button-wrapper\">\n\t\t\t\t\t<a class=\"elementor-button elementor-button-link elementor-size-md\" href=\"https:\/\/mediasebene.org\/\">\n\t\t\t\t\t\t<span class=\"elementor-button-content-wrapper\">\n\t\t\t\t\t\t\t\t\t<span class=\"elementor-button-text\">Contacter \"M\u00e9dias Ebene\" pour les nouvelles actions <\/span>\n\t\t\t\t\t<\/span>\n\t\t\t\t\t<\/a>\n\t\t\t\t<\/div>\n\t\t\t\t\t\t\t\t<\/div>\n\t\t\t\t<\/div>\n\t\t\t\t\t<\/div>\n\t\t<\/div>\n\t\t\t\t\t<\/div>\n\t\t<\/section>\n\t\t\t\t\t<\/div>\n\t\t<\/div>\n\t\t\t\t\t<\/div>\n\t\t<\/section>\n\t\t\t\t<section class=\"elementor-section elementor-top-section elementor-element elementor-element-6982c783 elementor-section-boxed elementor-section-height-default elementor-section-height-default\" data-id=\"6982c783\" data-element_type=\"section\" data-e-type=\"section\">\n\t\t\t\t\t\t<div class=\"elementor-container elementor-column-gap-default\">\n\t\t\t\t\t<div class=\"elementor-column elementor-col-100 elementor-top-column elementor-element elementor-element-644c8b2\" data-id=\"644c8b2\" data-element_type=\"column\" data-e-type=\"column\">\n\t\t\t<div class=\"elementor-widget-wrap elementor-element-populated\">\n\t\t\t\t\t\t<div class=\"elementor-element elementor-element-5edb928c elementor-widget elementor-widget-heading\" data-id=\"5edb928c\" data-element_type=\"widget\" data-e-type=\"widget\" data-widget_type=\"heading.default\">\n\t\t\t\t<div class=\"elementor-widget-container\">\n\t\t\t\t\t<h1 class=\"elementor-heading-title elementor-size-default\">Nous vous proposons sur cette page divers m\u00e9dias audio afin que vous puissiez mieux comprendre l\u2019histoire et les r\u00e9alisations de l\u2019association en faveur des radios chr\u00e9tiennes en Afrique, entre 2007 et 2014.\n\n\nL\u2019activit\u00e9 se poursuit au sein de l\u2019organisation \u00ab\u2009M\u00e9dias \u00c9b\u00e8ne\u2009\u00bb.<\/h1>\t\t\t\t<\/div>\n\t\t\t\t<\/div>\n\t\t\t\t\t<\/div>\n\t\t<\/div>\n\t\t\t\t\t<\/div>\n\t\t<\/section>\n\t\t\t\t<section class=\"elementor-section elementor-top-section elementor-element elementor-element-61f19c5 elementor-section-boxed elementor-section-height-default elementor-section-height-default\" data-id=\"61f19c5\" data-element_type=\"section\" data-e-type=\"section\">\n\t\t\t\t\t\t<div class=\"elementor-container elementor-column-gap-default\">\n\t\t\t\t\t<div class=\"elementor-column elementor-col-100 elementor-top-column elementor-element elementor-element-49475477\" data-id=\"49475477\" data-element_type=\"column\" data-e-type=\"column\">\n\t\t\t<div class=\"elementor-widget-wrap elementor-element-populated\">\n\t\t\t\t\t\t<div class=\"elementor-element elementor-element-66bfa20 elementor-widget elementor-widget-image\" data-id=\"66bfa20\" data-element_type=\"widget\" data-e-type=\"widget\" data-widget_type=\"image.default\">\n\t\t\t\t<div class=\"elementor-widget-container\">\n\t\t\t\t\t\t\t\t\t\t\t\t\t\t\t<img fetchpriority=\"high\" decoding=\"async\" width=\"300\" height=\"225\" src=\"https:\/\/www.e-radiotv.org\/radios-ebene-dev\/wp-content\/uploads\/sites\/7\/2025\/01\/symbole_red40-300x225.jpg\" class=\"attachment-medium size-medium wp-image-67\" alt=\"\" srcset=\"https:\/\/www.e-radiotv.org\/radios-ebene-dev\/wp-content\/uploads\/sites\/7\/2025\/01\/symbole_red40-300x225.jpg 300w, https:\/\/www.e-radiotv.org\/radios-ebene-dev\/wp-content\/uploads\/sites\/7\/2025\/01\/symbole_red40-768x576.jpg 768w, https:\/\/www.e-radiotv.org\/radios-ebene-dev\/wp-content\/uploads\/sites\/7\/2025\/01\/symbole_red40.jpg 1024w\" sizes=\"(max-width: 300px) 100vw, 300px\" \/>\t\t\t\t\t\t\t\t\t\t\t\t\t\t\t<\/div>\n\t\t\t\t<\/div>\n\t\t\t\t\t<\/div>\n\t\t<\/div>\n\t\t\t\t\t<\/div>\n\t\t<\/section>\n\t\t\t\t<section class=\"elementor-section elementor-top-section elementor-element elementor-element-3a480014 elementor-section-boxed elementor-section-height-default elementor-section-height-default\" data-id=\"3a480014\" data-element_type=\"section\" data-e-type=\"section\">\n\t\t\t\t\t\t<div class=\"elementor-container elementor-column-gap-default\">\n\t\t\t\t\t<div class=\"elementor-column elementor-col-100 elementor-top-column elementor-element elementor-element-3233bb6a\" data-id=\"3233bb6a\" data-element_type=\"column\" data-e-type=\"column\">\n\t\t\t<div class=\"elementor-widget-wrap elementor-element-populated\">\n\t\t\t\t\t\t<div class=\"elementor-element elementor-element-d74fa75 elementor-position-inline-start elementor-view-default elementor-mobile-position-block-start elementor-widget elementor-widget-icon-box\" data-id=\"d74fa75\" data-element_type=\"widget\" data-e-type=\"widget\" data-widget_type=\"icon-box.default\">\n\t\t\t\t<div class=\"elementor-widget-container\">\n\t\t\t\t\t\t\t<div class=\"elementor-icon-box-wrapper\">\n\n\t\t\t\t\t\t<div class=\"elementor-icon-box-icon\">\n\t\t\t\t<span  class=\"elementor-icon\">\n\t\t\t\t<svg aria-hidden=\"true\" class=\"e-font-icon-svg e-fas-file-audio\" viewBox=\"0 0 384 512\" xmlns=\"http:\/\/www.w3.org\/2000\/svg\"><path d=\"M224 136V0H24C10.7 0 0 10.7 0 24v464c0 13.3 10.7 24 24 24h336c13.3 0 24-10.7 24-24V160H248c-13.2 0-24-10.8-24-24zm-64 268c0 10.7-12.9 16-20.5 8.5L104 376H76c-6.6 0-12-5.4-12-12v-56c0-6.6 5.4-12 12-12h28l35.5-36.5c7.6-7.6 20.5-2.2 20.5 8.5v136zm33.2-47.6c9.1-9.3 9.1-24.1 0-33.4-22.1-22.8 12.2-56.2 34.4-33.5 27.2 27.9 27.2 72.4 0 100.4-21.8 22.3-56.9-10.4-34.4-33.5zm86-117.1c54.4 55.9 54.4 144.8 0 200.8-21.8 22.4-57-10.3-34.4-33.5 36.2-37.2 36.3-96.5 0-133.8-22.1-22.8 12.3-56.3 34.4-33.5zM384 121.9v6.1H256V0h6.1c6.4 0 12.5 2.5 17 7l97.9 98c4.5 4.5 7 10.6 7 16.9z\"><\/path><\/svg>\t\t\t\t<\/span>\n\t\t\t<\/div>\n\t\t\t\n\t\t\t\t\t\t<div class=\"elementor-icon-box-content\">\n\n\t\t\t\t\t\t\t\t\t<h2 class=\"elementor-icon-box-title\">\n\t\t\t\t\t\t<span  >\n\t\t\t\t\t\t\tles actions RED en audio\t\t\t\t\t\t<\/span>\n\t\t\t\t\t<\/h2>\n\t\t\t\t\n\t\t\t\t\n\t\t\t<\/div>\n\t\t\t\n\t\t<\/div>\n\t\t\t\t\t\t<\/div>\n\t\t\t\t<\/div>\n\t\t\t\t\t<\/div>\n\t\t<\/div>\n\t\t\t\t\t<\/div>\n\t\t<\/section>\n\t\t\t\t<section class=\"elementor-section elementor-top-section elementor-element elementor-element-4fc1ca9d elementor-section-boxed elementor-section-height-default elementor-section-height-default\" data-id=\"4fc1ca9d\" data-element_type=\"section\" data-e-type=\"section\">\n\t\t\t\t\t\t<div class=\"elementor-container elementor-column-gap-default\">\n\t\t\t\t\t<div class=\"elementor-column elementor-col-33 elementor-top-column elementor-element elementor-element-17992d39\" data-id=\"17992d39\" data-element_type=\"column\" data-e-type=\"column\">\n\t\t\t<div class=\"elementor-widget-wrap elementor-element-populated\">\n\t\t\t\t\t\t<div class=\"elementor-element elementor-element-5103b826 elementor-widget elementor-widget-image\" data-id=\"5103b826\" data-element_type=\"widget\" data-e-type=\"widget\" data-widget_type=\"image.default\">\n\t\t\t\t<div class=\"elementor-widget-container\">\n\t\t\t\t\t\t\t\t\t\t\t\t\t\t\t<img decoding=\"async\" src=\"https:\/\/www.e-radiotv.org\/radios-ebene-dev\/wp-content\/plugins\/elementor\/assets\/images\/placeholder.png\" title=\"\" alt=\"\" loading=\"lazy\" \/>\t\t\t\t\t\t\t\t\t\t\t\t\t\t\t<\/div>\n\t\t\t\t<\/div>\n\t\t\t\t\t<\/div>\n\t\t<\/div>\n\t\t\t\t<div class=\"elementor-column elementor-col-33 elementor-top-column elementor-element elementor-element-411c051e\" data-id=\"411c051e\" data-element_type=\"column\" data-e-type=\"column\">\n\t\t\t<div class=\"elementor-widget-wrap elementor-element-populated\">\n\t\t\t\t\t\t<div class=\"elementor-element elementor-element-74214c38 elementor-widget elementor-widget-image\" data-id=\"74214c38\" data-element_type=\"widget\" data-e-type=\"widget\" data-widget_type=\"image.default\">\n\t\t\t\t<div class=\"elementor-widget-container\">\n\t\t\t\t\t\t\t\t\t\t\t\t\t\t\t<img decoding=\"async\" src=\"https:\/\/www.e-radiotv.org\/radios-ebene-dev\/wp-content\/plugins\/elementor\/assets\/images\/placeholder.png\" title=\"\" alt=\"\" loading=\"lazy\" \/>\t\t\t\t\t\t\t\t\t\t\t\t\t\t\t<\/div>\n\t\t\t\t<\/div>\n\t\t\t\t\t<\/div>\n\t\t<\/div>\n\t\t\t\t<div class=\"elementor-column elementor-col-33 elementor-top-column elementor-element elementor-element-6b7e58f0\" data-id=\"6b7e58f0\" data-element_type=\"column\" data-e-type=\"column\">\n\t\t\t<div class=\"elementor-widget-wrap elementor-element-populated\">\n\t\t\t\t\t\t<div class=\"elementor-element elementor-element-4aeed104 elementor-widget elementor-widget-image\" data-id=\"4aeed104\" data-element_type=\"widget\" data-e-type=\"widget\" data-widget_type=\"image.default\">\n\t\t\t\t<div class=\"elementor-widget-container\">\n\t\t\t\t\t\t\t\t\t\t\t\t\t\t\t<img decoding=\"async\" src=\"https:\/\/www.e-radiotv.org\/radios-ebene-dev\/wp-content\/plugins\/elementor\/assets\/images\/placeholder.png\" title=\"\" alt=\"\" loading=\"lazy\" \/>\t\t\t\t\t\t\t\t\t\t\t\t\t\t\t<\/div>\n\t\t\t\t<\/div>\n\t\t\t\t\t<\/div>\n\t\t<\/div>\n\t\t\t\t\t<\/div>\n\t\t<\/section>\n\t\t\t\t<section class=\"elementor-section elementor-top-section elementor-element elementor-element-2b15a95e elementor-section-boxed elementor-section-height-default elementor-section-height-default\" data-id=\"2b15a95e\" data-element_type=\"section\" data-e-type=\"section\">\n\t\t\t\t\t\t<div class=\"elementor-container elementor-column-gap-default\">\n\t\t\t\t\t<div class=\"elementor-column elementor-col-33 elementor-top-column elementor-element elementor-element-a390108\" data-id=\"a390108\" data-element_type=\"column\" data-e-type=\"column\">\n\t\t\t<div class=\"elementor-widget-wrap\">\n\t\t\t\t\t\t\t<\/div>\n\t\t<\/div>\n\t\t\t\t<div class=\"elementor-column elementor-col-33 elementor-top-column elementor-element elementor-element-5839882c\" data-id=\"5839882c\" data-element_type=\"column\" data-e-type=\"column\">\n\t\t\t<div class=\"elementor-widget-wrap\">\n\t\t\t\t\t\t\t<\/div>\n\t\t<\/div>\n\t\t\t\t<div class=\"elementor-column elementor-col-33 elementor-top-column elementor-element elementor-element-7098402a\" data-id=\"7098402a\" data-element_type=\"column\" data-e-type=\"column\">\n\t\t\t<div class=\"elementor-widget-wrap\">\n\t\t\t\t\t\t\t<\/div>\n\t\t<\/div>\n\t\t\t\t\t<\/div>\n\t\t<\/section>\n\t\t\t\t<section class=\"elementor-section elementor-top-section elementor-element elementor-element-764ec7f7 elementor-section-boxed elementor-section-height-default elementor-section-height-default\" data-id=\"764ec7f7\" data-element_type=\"section\" data-e-type=\"section\">\n\t\t\t\t\t\t<div class=\"elementor-container elementor-column-gap-default\">\n\t\t\t\t\t<div class=\"elementor-column elementor-col-50 elementor-top-column elementor-element elementor-element-152824e8\" data-id=\"152824e8\" data-element_type=\"column\" data-e-type=\"column\">\n\t\t\t<div class=\"elementor-widget-wrap elementor-element-populated\">\n\t\t\t\t\t\t<section class=\"elementor-section elementor-inner-section elementor-element elementor-element-406df2c0 elementor-section-boxed elementor-section-height-default elementor-section-height-default\" data-id=\"406df2c0\" data-element_type=\"section\" data-e-type=\"section\">\n\t\t\t\t\t\t<div class=\"elementor-container elementor-column-gap-default\">\n\t\t\t\t\t<div class=\"elementor-column elementor-col-50 elementor-inner-column elementor-element elementor-element-372706d5\" data-id=\"372706d5\" data-element_type=\"column\" data-e-type=\"column\">\n\t\t\t<div class=\"elementor-widget-wrap elementor-element-populated\">\n\t\t\t\t\t\t<div class=\"elementor-element elementor-element-2e91c49 elementor-position-inline-start elementor-view-default elementor-mobile-position-block-start elementor-widget elementor-widget-icon-box\" data-id=\"2e91c49\" data-element_type=\"widget\" data-e-type=\"widget\" data-widget_type=\"icon-box.default\">\n\t\t\t\t<div class=\"elementor-widget-container\">\n\t\t\t\t\t\t\t<div class=\"elementor-icon-box-wrapper\">\n\n\t\t\t\t\t\t<div class=\"elementor-icon-box-icon\">\n\t\t\t\t<span  class=\"elementor-icon\">\n\t\t\t\t<i aria-hidden=\"true\" class=\"eci  fontello-5cd8e396-volume-up\"><\/i>\t\t\t\t<\/span>\n\t\t\t<\/div>\n\t\t\t\n\t\t\t\t\t\t<div class=\"elementor-icon-box-content\">\n\n\t\t\t\t\t\t\t\t\t<h3 class=\"elementor-icon-box-title\">\n\t\t\t\t\t\t<span  >\n\t\t\t\t\t\t\tHistoire et actualit\u00e9 de RED France\t\t\t\t\t\t<\/span>\n\t\t\t\t\t<\/h3>\n\t\t\t\t\n\t\t\t\t\n\t\t\t<\/div>\n\t\t\t\n\t\t<\/div>\n\t\t\t\t\t\t<\/div>\n\t\t\t\t<\/div>\n\t\t\t\t\t<\/div>\n\t\t<\/div>\n\t\t\t\t<div class=\"elementor-column elementor-col-50 elementor-inner-column elementor-element elementor-element-71a9f64f\" data-id=\"71a9f64f\" data-element_type=\"column\" data-e-type=\"column\">\n\t\t\t<div class=\"elementor-widget-wrap elementor-element-populated\">\n\t\t\t\t\t\t<div class=\"elementor-element elementor-element-2ca5f2ab elementor-widget elementor-widget-text-editor\" data-id=\"2ca5f2ab\" data-element_type=\"widget\" data-e-type=\"widget\" data-widget_type=\"text-editor.default\">\n\t\t\t\t<div class=\"elementor-widget-container\">\n\t\t\t\t\t\t\t\t\t<p>Interview de Christian Gaspoz, tr\u00e9sorier de l&rsquo;association par Myriam Bordreuil pour \u00ab\u00a0Fr\u00e9quence Protestante\u00a0\u00bb\u00a0 2018<\/p>\t\t\t\t\t\t\t\t<\/div>\n\t\t\t\t<\/div>\n\t\t\t\t\t<\/div>\n\t\t<\/div>\n\t\t\t\t\t<\/div>\n\t\t<\/section>\n\t\t\t\t<div class=\"elementor-element elementor-element-5d4285e elementor-widget elementor-widget-wp-widget-media_audio\" data-id=\"5d4285e\" data-element_type=\"widget\" data-e-type=\"widget\" data-widget_type=\"wp-widget-media_audio.default\">\n\t\t\t\t<div class=\"elementor-widget-container\">\n\t\t\t\t\t<audio class=\"wp-audio-shortcode\" id=\"audio-63-1\" preload=\"none\" style=\"width: 100%;\" controls=\"controls\"><source type=\"audio\/mpeg\" src=\"http:\/\/www.e-radiotv.org\/radios-ebene-dev\/wp-content\/uploads\/sites\/7\/2025\/01\/13H15-RADIO-EBENE-MBD-21-04-19-1.mp3?_=1\" \/><source type=\"audio\/mpeg\" src=\"http:\/\/www.e-radiotv.org\/radios-ebene-dev\/wp-content\/uploads\/sites\/7\/2025\/01\/13H15-RADIO-EBENE-MBD-21-04-19-1.mp3?_=1\" \/><a href=\"http:\/\/www.e-radiotv.org\/radios-ebene-dev\/wp-content\/uploads\/sites\/7\/2025\/01\/13H15-RADIO-EBENE-MBD-21-04-19-1.mp3\">http:\/\/www.e-radiotv.org\/radios-ebene-dev\/wp-content\/uploads\/sites\/7\/2025\/01\/13H15-RADIO-EBENE-MBD-21-04-19-1.mp3<\/a><\/audio>\t\t\t\t<\/div>\n\t\t\t\t<\/div>\n\t\t\t\t<section class=\"elementor-section elementor-inner-section elementor-element elementor-element-4a6785af elementor-section-boxed elementor-section-height-default elementor-section-height-default\" data-id=\"4a6785af\" data-element_type=\"section\" data-e-type=\"section\">\n\t\t\t\t\t\t<div class=\"elementor-container elementor-column-gap-default\">\n\t\t\t\t\t<div class=\"elementor-column elementor-col-50 elementor-inner-column elementor-element elementor-element-f4173ca\" data-id=\"f4173ca\" data-element_type=\"column\" data-e-type=\"column\">\n\t\t\t<div class=\"elementor-widget-wrap elementor-element-populated\">\n\t\t\t\t\t\t<div class=\"elementor-element elementor-element-46a61ee1 elementor-position-inline-start elementor-view-default elementor-mobile-position-block-start elementor-widget elementor-widget-icon-box\" data-id=\"46a61ee1\" data-element_type=\"widget\" data-e-type=\"widget\" data-widget_type=\"icon-box.default\">\n\t\t\t\t<div class=\"elementor-widget-container\">\n\t\t\t\t\t\t\t<div class=\"elementor-icon-box-wrapper\">\n\n\t\t\t\t\t\t<div class=\"elementor-icon-box-icon\">\n\t\t\t\t<span  class=\"elementor-icon\">\n\t\t\t\t<i aria-hidden=\"true\" class=\"eci  fontello-5cd8e396-volume-up\"><\/i>\t\t\t\t<\/span>\n\t\t\t<\/div>\n\t\t\t\n\t\t\t\t\t\t<div class=\"elementor-icon-box-content\">\n\n\t\t\t\t\t\t\t\t\t<h3 class=\"elementor-icon-box-title\">\n\t\t\t\t\t\t<span  >\n\t\t\t\t\t\t\tL'\u00e9mission \"Espace Jeunes\" sur radio  en Nord Cameroun\t\t\t\t\t\t<\/span>\n\t\t\t\t\t<\/h3>\n\t\t\t\t\n\t\t\t\t\n\t\t\t<\/div>\n\t\t\t\n\t\t<\/div>\n\t\t\t\t\t\t<\/div>\n\t\t\t\t<\/div>\n\t\t\t\t\t<\/div>\n\t\t<\/div>\n\t\t\t\t<div class=\"elementor-column elementor-col-50 elementor-inner-column elementor-element elementor-element-515f6d32\" data-id=\"515f6d32\" data-element_type=\"column\" data-e-type=\"column\">\n\t\t\t<div class=\"elementor-widget-wrap elementor-element-populated\">\n\t\t\t\t\t\t<div class=\"elementor-element elementor-element-29c05aae elementor-widget elementor-widget-text-editor\" data-id=\"29c05aae\" data-element_type=\"widget\" data-e-type=\"widget\" data-widget_type=\"text-editor.default\">\n\t\t\t\t<div class=\"elementor-widget-container\">\n\t\t\t\t\t\t\t\t\t<p>Anne Tedobe, directrice de \u00ab\u00a0Radio Bon Berger\u00a0\u00bb \u00e0 Garoua (nord Cameroun) \u00e9voque l&rsquo;\u00e9mission \u00ab\u00a0espace jeunes\u00a0\u00bb sur leur antenne &#8211; <\/p>\t\t\t\t\t\t\t\t<\/div>\n\t\t\t\t<\/div>\n\t\t\t\t\t<\/div>\n\t\t<\/div>\n\t\t\t\t\t<\/div>\n\t\t<\/section>\n\t\t\t\t<div class=\"elementor-element elementor-element-4ea85fe3 elementor-widget elementor-widget-wp-widget-media_audio\" data-id=\"4ea85fe3\" data-element_type=\"widget\" data-e-type=\"widget\" data-widget_type=\"wp-widget-media_audio.default\">\n\t\t\t\t<div class=\"elementor-widget-container\">\n\t\t\t\t\t<audio class=\"wp-audio-shortcode\" id=\"audio-63-2\" preload=\"none\" style=\"width: 100%;\" controls=\"controls\"><source type=\"audio\/wav\" src=\"http:\/\/www.e-radiotv.org\/radios-ebene-dev\/wp-content\/uploads\/sites\/7\/2025\/01\/1-ITW-Anne-243.wav?_=2\" \/><source type=\"audio\/wav\" src=\"http:\/\/www.e-radiotv.org\/radios-ebene-dev\/wp-content\/uploads\/sites\/7\/2025\/01\/1-ITW-Anne-243.wav?_=2\" \/><a href=\"http:\/\/www.e-radiotv.org\/radios-ebene-dev\/wp-content\/uploads\/sites\/7\/2025\/01\/1-ITW-Anne-243.wav\">http:\/\/www.e-radiotv.org\/radios-ebene-dev\/wp-content\/uploads\/sites\/7\/2025\/01\/1-ITW-Anne-243.wav<\/a><\/audio>\t\t\t\t<\/div>\n\t\t\t\t<\/div>\n\t\t\t\t<section class=\"elementor-section elementor-inner-section elementor-element elementor-element-602c474a elementor-section-boxed elementor-section-height-default elementor-section-height-default\" data-id=\"602c474a\" data-element_type=\"section\" data-e-type=\"section\">\n\t\t\t\t\t\t<div class=\"elementor-container elementor-column-gap-default\">\n\t\t\t\t\t<div class=\"elementor-column elementor-col-50 elementor-inner-column elementor-element elementor-element-59fd2e49\" data-id=\"59fd2e49\" data-element_type=\"column\" data-e-type=\"column\">\n\t\t\t<div class=\"elementor-widget-wrap elementor-element-populated\">\n\t\t\t\t\t\t<div class=\"elementor-element elementor-element-1a5f8419 elementor-position-inline-start elementor-view-default elementor-mobile-position-block-start elementor-widget elementor-widget-icon-box\" data-id=\"1a5f8419\" data-element_type=\"widget\" data-e-type=\"widget\" data-widget_type=\"icon-box.default\">\n\t\t\t\t<div class=\"elementor-widget-container\">\n\t\t\t\t\t\t\t<div class=\"elementor-icon-box-wrapper\">\n\n\t\t\t\t\t\t<div class=\"elementor-icon-box-icon\">\n\t\t\t\t<span  class=\"elementor-icon\">\n\t\t\t\t<i aria-hidden=\"true\" class=\"eci  fontello-5cd8e396-volume-up\"><\/i>\t\t\t\t<\/span>\n\t\t\t<\/div>\n\t\t\t\n\t\t\t\t\t\t<div class=\"elementor-icon-box-content\">\n\n\t\t\t\t\t\t\t\t\t<h3 class=\"elementor-icon-box-title\">\n\t\t\t\t\t\t<span  >\n\t\t\t\t\t\t\tT\u00e9moignage d'une participantes \u00e0 notre formation radio\t\t\t\t\t\t<\/span>\n\t\t\t\t\t<\/h3>\n\t\t\t\t\n\t\t\t\t\n\t\t\t<\/div>\n\t\t\t\n\t\t<\/div>\n\t\t\t\t\t\t<\/div>\n\t\t\t\t<\/div>\n\t\t\t\t\t<\/div>\n\t\t<\/div>\n\t\t\t\t<div class=\"elementor-column elementor-col-50 elementor-inner-column elementor-element elementor-element-21d0ec64\" data-id=\"21d0ec64\" data-element_type=\"column\" data-e-type=\"column\">\n\t\t\t<div class=\"elementor-widget-wrap elementor-element-populated\">\n\t\t\t\t\t\t<div class=\"elementor-element elementor-element-6b6f822e elementor-widget elementor-widget-text-editor\" data-id=\"6b6f822e\" data-element_type=\"widget\" data-e-type=\"widget\" data-widget_type=\"text-editor.default\">\n\t\t\t\t<div class=\"elementor-widget-container\">\n\t\t\t\t\t\t\t\t\t<p>Mme Armance Boo, animatrice radio, rend compte de sa participation \u00e0 une formation \u00e0 la communication radio \u00e0 Bangangt\u00e9 (Cameroun) en 2017<\/p>\t\t\t\t\t\t\t\t<\/div>\n\t\t\t\t<\/div>\n\t\t\t\t\t<\/div>\n\t\t<\/div>\n\t\t\t\t\t<\/div>\n\t\t<\/section>\n\t\t\t\t<section class=\"elementor-section elementor-inner-section elementor-element elementor-element-bd5c30b elementor-section-boxed elementor-section-height-default elementor-section-height-default\" data-id=\"bd5c30b\" data-element_type=\"section\" data-e-type=\"section\">\n\t\t\t\t\t\t<div class=\"elementor-container elementor-column-gap-default\">\n\t\t\t\t\t<div class=\"elementor-column elementor-col-50 elementor-inner-column elementor-element elementor-element-370f5fb\" data-id=\"370f5fb\" data-element_type=\"column\" data-e-type=\"column\">\n\t\t\t<div class=\"elementor-widget-wrap elementor-element-populated\">\n\t\t\t\t\t\t<div class=\"elementor-element elementor-element-f57440f elementor-position-inline-start elementor-view-default elementor-mobile-position-block-start elementor-widget elementor-widget-icon-box\" data-id=\"f57440f\" data-element_type=\"widget\" data-e-type=\"widget\" data-widget_type=\"icon-box.default\">\n\t\t\t\t<div class=\"elementor-widget-container\">\n\t\t\t\t\t\t\t<div class=\"elementor-icon-box-wrapper\">\n\n\t\t\t\t\t\t<div class=\"elementor-icon-box-icon\">\n\t\t\t\t<span  class=\"elementor-icon\">\n\t\t\t\t<i aria-hidden=\"true\" class=\"eci  fontello-5cd8e396-volume-up\"><\/i>\t\t\t\t<\/span>\n\t\t\t<\/div>\n\t\t\t\n\t\t\t\t\t\t<div class=\"elementor-icon-box-content\">\n\n\t\t\t\t\t\t\t\t\t<h3 class=\"elementor-icon-box-title\">\n\t\t\t\t\t\t<span  >\n\t\t\t\t\t\t\tT\u00e9moignage d'une participantes \u00e0 notre formation radio\t\t\t\t\t\t<\/span>\n\t\t\t\t\t<\/h3>\n\t\t\t\t\n\t\t\t\t\n\t\t\t<\/div>\n\t\t\t\n\t\t<\/div>\n\t\t\t\t\t\t<\/div>\n\t\t\t\t<\/div>\n\t\t\t\t\t<\/div>\n\t\t<\/div>\n\t\t\t\t<div class=\"elementor-column elementor-col-50 elementor-inner-column elementor-element elementor-element-e054324\" data-id=\"e054324\" data-element_type=\"column\" data-e-type=\"column\">\n\t\t\t<div class=\"elementor-widget-wrap elementor-element-populated\">\n\t\t\t\t\t\t<div class=\"elementor-element elementor-element-17979c0 elementor-widget elementor-widget-text-editor\" data-id=\"17979c0\" data-element_type=\"widget\" data-e-type=\"widget\" data-widget_type=\"text-editor.default\">\n\t\t\t\t<div class=\"elementor-widget-container\">\n\t\t\t\t\t\t\t\t\t<p>Mme Armance Boo, animatrice radio, rend compte de sa participation \u00e0 une formation \u00e0 la communication radio \u00e0 Bangangt\u00e9 (Cameroun) en 2017<\/p>\t\t\t\t\t\t\t\t<\/div>\n\t\t\t\t<\/div>\n\t\t\t\t\t<\/div>\n\t\t<\/div>\n\t\t\t\t\t<\/div>\n\t\t<\/section>\n\t\t\t\t<div class=\"elementor-element elementor-element-69840c6c elementor-widget elementor-widget-wp-widget-media_audio\" data-id=\"69840c6c\" data-element_type=\"widget\" data-e-type=\"widget\" data-widget_type=\"wp-widget-media_audio.default\">\n\t\t\t\t<div class=\"elementor-widget-container\">\n\t\t\t\t\t<audio class=\"wp-audio-shortcode\" id=\"audio-63-3\" preload=\"none\" style=\"width: 100%;\" controls=\"controls\"><source type=\"audio\/mpeg\" src=\"http:\/\/www.e-radiotv.org\/radios-ebene-dev\/wp-content\/uploads\/sites\/7\/2025\/01\/3-ITW-Armence-59.mp3?_=3\" \/><source type=\"audio\/mpeg\" src=\"http:\/\/www.e-radiotv.org\/radios-ebene-dev\/wp-content\/uploads\/sites\/7\/2025\/01\/3-ITW-Armence-59.mp3?_=3\" \/><a href=\"http:\/\/www.e-radiotv.org\/radios-ebene-dev\/wp-content\/uploads\/sites\/7\/2025\/01\/3-ITW-Armence-59.mp3\">http:\/\/www.e-radiotv.org\/radios-ebene-dev\/wp-content\/uploads\/sites\/7\/2025\/01\/3-ITW-Armence-59.mp3<\/a><\/audio>\t\t\t\t<\/div>\n\t\t\t\t<\/div>\n\t\t\t\t<section class=\"elementor-section elementor-inner-section elementor-element elementor-element-546ea028 elementor-section-boxed elementor-section-height-default elementor-section-height-default\" data-id=\"546ea028\" data-element_type=\"section\" data-e-type=\"section\">\n\t\t\t\t\t\t<div class=\"elementor-container elementor-column-gap-default\">\n\t\t\t\t\t<div class=\"elementor-column elementor-col-50 elementor-inner-column elementor-element elementor-element-517e6a9e\" data-id=\"517e6a9e\" data-element_type=\"column\" data-e-type=\"column\">\n\t\t\t<div class=\"elementor-widget-wrap elementor-element-populated\">\n\t\t\t\t\t\t<div class=\"elementor-element elementor-element-7260bb78 elementor-position-inline-start elementor-view-default elementor-mobile-position-block-start elementor-widget elementor-widget-icon-box\" data-id=\"7260bb78\" data-element_type=\"widget\" data-e-type=\"widget\" data-widget_type=\"icon-box.default\">\n\t\t\t\t<div class=\"elementor-widget-container\">\n\t\t\t\t\t\t\t<div class=\"elementor-icon-box-wrapper\">\n\n\t\t\t\t\t\t<div class=\"elementor-icon-box-icon\">\n\t\t\t\t<span  class=\"elementor-icon\">\n\t\t\t\t<i aria-hidden=\"true\" class=\"eci  fontello-5cd8e396-volume-up\"><\/i>\t\t\t\t<\/span>\n\t\t\t<\/div>\n\t\t\t\n\t\t\t\t\t\t<div class=\"elementor-icon-box-content\">\n\n\t\t\t\t\t\t\t\t\t<h3 class=\"elementor-icon-box-title\">\n\t\t\t\t\t\t<span  >\n\t\t\t\t\t\t\tNecessit\u00e9 de plus de formation radio en Ouest Cameroun\t\t\t\t\t\t<\/span>\n\t\t\t\t\t<\/h3>\n\t\t\t\t\n\t\t\t\t\n\t\t\t<\/div>\n\t\t\t\n\t\t<\/div>\n\t\t\t\t\t\t<\/div>\n\t\t\t\t<\/div>\n\t\t\t\t\t<\/div>\n\t\t<\/div>\n\t\t\t\t<div class=\"elementor-column elementor-col-50 elementor-inner-column elementor-element elementor-element-204bc76f\" data-id=\"204bc76f\" data-element_type=\"column\" data-e-type=\"column\">\n\t\t\t<div class=\"elementor-widget-wrap elementor-element-populated\">\n\t\t\t\t\t\t<div class=\"elementor-element elementor-element-5af5130b elementor-widget elementor-widget-text-editor\" data-id=\"5af5130b\" data-element_type=\"widget\" data-e-type=\"widget\" data-widget_type=\"text-editor.default\">\n\t\t\t\t<div class=\"elementor-widget-container\">\n\t\t\t\t\t\t\t\t\t<p>Mme Armance Boo, animatrice radio exprime son d\u00e9sir de voir les radios de sa r\u00e9gion davantage professionnelles, les animateurs et responsables mieux form\u00e9s<\/p>\t\t\t\t\t\t\t\t<\/div>\n\t\t\t\t<\/div>\n\t\t\t\t\t<\/div>\n\t\t<\/div>\n\t\t\t\t\t<\/div>\n\t\t<\/section>\n\t\t\t\t<div class=\"elementor-element elementor-element-4673625b elementor-widget elementor-widget-wp-widget-media_audio\" data-id=\"4673625b\" data-element_type=\"widget\" data-e-type=\"widget\" data-widget_type=\"wp-widget-media_audio.default\">\n\t\t\t\t<div class=\"elementor-widget-container\">\n\t\t\t\t\t<audio class=\"wp-audio-shortcode\" id=\"audio-63-4\" preload=\"none\" style=\"width: 100%;\" controls=\"controls\"><source type=\"audio\/wav\" src=\"http:\/\/www.e-radiotv.org\/radios-ebene-dev\/wp-content\/uploads\/sites\/7\/2025\/01\/3-Armance_127.wav?_=4\" \/><source type=\"audio\/wav\" src=\"http:\/\/www.e-radiotv.org\/radios-ebene-dev\/wp-content\/uploads\/sites\/7\/2025\/01\/3-Armance_127.wav?_=4\" \/><a href=\"http:\/\/www.e-radiotv.org\/radios-ebene-dev\/wp-content\/uploads\/sites\/7\/2025\/01\/3-Armance_127.wav\">http:\/\/www.e-radiotv.org\/radios-ebene-dev\/wp-content\/uploads\/sites\/7\/2025\/01\/3-Armance_127.wav<\/a><\/audio>\t\t\t\t<\/div>\n\t\t\t\t<\/div>\n\t\t\t\t<section class=\"elementor-section elementor-inner-section elementor-element elementor-element-29bd6580 elementor-section-boxed elementor-section-height-default elementor-section-height-default\" data-id=\"29bd6580\" data-element_type=\"section\" data-e-type=\"section\">\n\t\t\t\t\t\t<div class=\"elementor-container elementor-column-gap-default\">\n\t\t\t\t\t<div class=\"elementor-column elementor-col-50 elementor-inner-column elementor-element elementor-element-4c34f24c\" data-id=\"4c34f24c\" data-element_type=\"column\" data-e-type=\"column\">\n\t\t\t<div class=\"elementor-widget-wrap elementor-element-populated\">\n\t\t\t\t\t\t<div class=\"elementor-element elementor-element-23e1e572 elementor-position-inline-start elementor-view-default elementor-mobile-position-block-start elementor-widget elementor-widget-icon-box\" data-id=\"23e1e572\" data-element_type=\"widget\" data-e-type=\"widget\" data-widget_type=\"icon-box.default\">\n\t\t\t\t<div class=\"elementor-widget-container\">\n\t\t\t\t\t\t\t<div class=\"elementor-icon-box-wrapper\">\n\n\t\t\t\t\t\t<div class=\"elementor-icon-box-icon\">\n\t\t\t\t<span  class=\"elementor-icon\">\n\t\t\t\t<i aria-hidden=\"true\" class=\"eci  fontello-5cd8e396-volume-up\"><\/i>\t\t\t\t<\/span>\n\t\t\t<\/div>\n\t\t\t\n\t\t\t\t\t\t<div class=\"elementor-icon-box-content\">\n\n\t\t\t\t\t\t\t\t\t<h3 class=\"elementor-icon-box-title\">\n\t\t\t\t\t\t<span  >\n\t\t\t\t\t\t\tIl est important que l'Eglise d\u00e9veloppe la radio en Afrique\t\t\t\t\t\t<\/span>\n\t\t\t\t\t<\/h3>\n\t\t\t\t\n\t\t\t\t\n\t\t\t<\/div>\n\t\t\t\n\t\t<\/div>\n\t\t\t\t\t\t<\/div>\n\t\t\t\t<\/div>\n\t\t\t\t\t<\/div>\n\t\t<\/div>\n\t\t\t\t<div class=\"elementor-column elementor-col-50 elementor-inner-column elementor-element elementor-element-39311035\" data-id=\"39311035\" data-element_type=\"column\" data-e-type=\"column\">\n\t\t\t<div class=\"elementor-widget-wrap elementor-element-populated\">\n\t\t\t\t\t\t<div class=\"elementor-element elementor-element-6fa491ed elementor-widget elementor-widget-text-editor\" data-id=\"6fa491ed\" data-element_type=\"widget\" data-e-type=\"widget\" data-widget_type=\"text-editor.default\">\n\t\t\t\t<div class=\"elementor-widget-container\">\n\t\t\t\t\t\t\t\t\t<p>Interview de Alphonse Teyab\u00e9, pasteur Eglise \u00e9vang\u00e9lique luth\u00e9rienne au Cameroun, Docteur en th\u00e9ologie, consultant en communication et coordinateur de RED en Afrique centrale<\/p>\t\t\t\t\t\t\t\t<\/div>\n\t\t\t\t<\/div>\n\t\t\t\t\t<\/div>\n\t\t<\/div>\n\t\t\t\t\t<\/div>\n\t\t<\/section>\n\t\t\t\t<div class=\"elementor-element elementor-element-559b0bda elementor-widget elementor-widget-wp-widget-media_audio\" data-id=\"559b0bda\" data-element_type=\"widget\" data-e-type=\"widget\" data-widget_type=\"wp-widget-media_audio.default\">\n\t\t\t\t<div class=\"elementor-widget-container\">\n\t\t\t\t\t<audio class=\"wp-audio-shortcode\" id=\"audio-63-5\" preload=\"none\" style=\"width: 100%;\" controls=\"controls\"><source type=\"audio\/wav\" src=\"http:\/\/www.e-radiotv.org\/radios-ebene-dev\/wp-content\/uploads\/sites\/7\/2025\/01\/4-ITW-Alphonse-formation-et-developpt-504.wav?_=5\" \/><source type=\"audio\/wav\" src=\"http:\/\/www.e-radiotv.org\/radios-ebene-dev\/wp-content\/uploads\/sites\/7\/2025\/01\/4-ITW-Alphonse-formation-et-developpt-504.wav?_=5\" \/><a href=\"http:\/\/www.e-radiotv.org\/radios-ebene-dev\/wp-content\/uploads\/sites\/7\/2025\/01\/4-ITW-Alphonse-formation-et-developpt-504.wav\">http:\/\/www.e-radiotv.org\/radios-ebene-dev\/wp-content\/uploads\/sites\/7\/2025\/01\/4-ITW-Alphonse-formation-et-developpt-504.wav<\/a><\/audio>\t\t\t\t<\/div>\n\t\t\t\t<\/div>\n\t\t\t\t<section class=\"elementor-section elementor-inner-section elementor-element elementor-element-3c674836 elementor-section-boxed elementor-section-height-default elementor-section-height-default\" data-id=\"3c674836\" data-element_type=\"section\" data-e-type=\"section\">\n\t\t\t\t\t\t<div class=\"elementor-container elementor-column-gap-default\">\n\t\t\t\t\t<div class=\"elementor-column elementor-col-50 elementor-inner-column elementor-element elementor-element-2619d680\" data-id=\"2619d680\" data-element_type=\"column\" data-e-type=\"column\">\n\t\t\t<div class=\"elementor-widget-wrap elementor-element-populated\">\n\t\t\t\t\t\t<div class=\"elementor-element elementor-element-1c499cb7 elementor-position-inline-start elementor-view-default elementor-mobile-position-block-start elementor-widget elementor-widget-icon-box\" data-id=\"1c499cb7\" data-element_type=\"widget\" data-e-type=\"widget\" data-widget_type=\"icon-box.default\">\n\t\t\t\t<div class=\"elementor-widget-container\">\n\t\t\t\t\t\t\t<div class=\"elementor-icon-box-wrapper\">\n\n\t\t\t\t\t\t<div class=\"elementor-icon-box-icon\">\n\t\t\t\t<span  class=\"elementor-icon\">\n\t\t\t\t<i aria-hidden=\"true\" class=\"eci  fontello-5cd8e396-volume-up\"><\/i>\t\t\t\t<\/span>\n\t\t\t<\/div>\n\t\t\t\n\t\t\t\t\t\t<div class=\"elementor-icon-box-content\">\n\n\t\t\t\t\t\t\t\t\t<h3 class=\"elementor-icon-box-title\">\n\t\t\t\t\t\t<span  >\n\t\t\t\t\t\t\tUn livre sur les m\u00e9dias en Afrique\t\t\t\t\t\t<\/span>\n\t\t\t\t\t<\/h3>\n\t\t\t\t\n\t\t\t\t\n\t\t\t<\/div>\n\t\t\t\n\t\t<\/div>\n\t\t\t\t\t\t<\/div>\n\t\t\t\t<\/div>\n\t\t\t\t\t<\/div>\n\t\t<\/div>\n\t\t\t\t<div class=\"elementor-column elementor-col-50 elementor-inner-column elementor-element elementor-element-5e4060c0\" data-id=\"5e4060c0\" data-element_type=\"column\" data-e-type=\"column\">\n\t\t\t<div class=\"elementor-widget-wrap elementor-element-populated\">\n\t\t\t\t\t\t<div class=\"elementor-element elementor-element-213f9ff1 elementor-widget elementor-widget-text-editor\" data-id=\"213f9ff1\" data-element_type=\"widget\" data-e-type=\"widget\" data-widget_type=\"text-editor.default\">\n\t\t\t\t<div class=\"elementor-widget-container\">\n\t\t\t\t\t\t\t\t\t<p>Interview de Alphonse Teyab\u00e9 sur le livre qu&rsquo;il a \u00e9crit. Le sujet :\u00a0\u00a0 l&rsquo;importance des m\u00e9dias et notamment la radio pour le d\u00e9veloppement en Afrique.<\/p>\t\t\t\t\t\t\t\t<\/div>\n\t\t\t\t<\/div>\n\t\t\t\t\t<\/div>\n\t\t<\/div>\n\t\t\t\t\t<\/div>\n\t\t<\/section>\n\t\t\t\t<div class=\"elementor-element elementor-element-3c8806e8 elementor-widget elementor-widget-wp-widget-media_audio\" data-id=\"3c8806e8\" data-element_type=\"widget\" data-e-type=\"widget\" data-widget_type=\"wp-widget-media_audio.default\">\n\t\t\t\t<div class=\"elementor-widget-container\">\n\t\t\t\t\t<audio class=\"wp-audio-shortcode\" id=\"audio-63-6\" preload=\"none\" style=\"width: 100%;\" controls=\"controls\"><source type=\"audio\/wav\" src=\"http:\/\/www.e-radiotv.org\/radios-ebene-dev\/wp-content\/uploads\/sites\/7\/2025\/01\/6-Alphonse-son-livre-109.wav?_=6\" \/><source type=\"audio\/wav\" src=\"http:\/\/www.e-radiotv.org\/radios-ebene-dev\/wp-content\/uploads\/sites\/7\/2025\/01\/6-Alphonse-son-livre-109.wav?_=6\" \/><a href=\"http:\/\/www.e-radiotv.org\/radios-ebene-dev\/wp-content\/uploads\/sites\/7\/2025\/01\/6-Alphonse-son-livre-109.wav\">http:\/\/www.e-radiotv.org\/radios-ebene-dev\/wp-content\/uploads\/sites\/7\/2025\/01\/6-Alphonse-son-livre-109.wav<\/a><\/audio>\t\t\t\t<\/div>\n\t\t\t\t<\/div>\n\t\t\t\t<section class=\"elementor-section elementor-inner-section elementor-element elementor-element-5b3a83c6 elementor-section-boxed elementor-section-height-default elementor-section-height-default\" data-id=\"5b3a83c6\" data-element_type=\"section\" data-e-type=\"section\">\n\t\t\t\t\t\t<div class=\"elementor-container elementor-column-gap-default\">\n\t\t\t\t\t<div class=\"elementor-column elementor-col-50 elementor-inner-column elementor-element elementor-element-5bf9505f\" data-id=\"5bf9505f\" data-element_type=\"column\" data-e-type=\"column\">\n\t\t\t<div class=\"elementor-widget-wrap elementor-element-populated\">\n\t\t\t\t\t\t<div class=\"elementor-element elementor-element-425069df elementor-position-inline-start elementor-view-default elementor-mobile-position-block-start elementor-widget elementor-widget-icon-box\" data-id=\"425069df\" data-element_type=\"widget\" data-e-type=\"widget\" data-widget_type=\"icon-box.default\">\n\t\t\t\t<div class=\"elementor-widget-container\">\n\t\t\t\t\t\t\t<div class=\"elementor-icon-box-wrapper\">\n\n\t\t\t\t\t\t<div class=\"elementor-icon-box-icon\">\n\t\t\t\t<span  class=\"elementor-icon\">\n\t\t\t\t<i aria-hidden=\"true\" class=\"eci  fontello-5cd8e396-volume-up\"><\/i>\t\t\t\t<\/span>\n\t\t\t<\/div>\n\t\t\t\n\t\t\t\t\t\t<div class=\"elementor-icon-box-content\">\n\n\t\t\t\t\t\t\t\t\t<h3 class=\"elementor-icon-box-title\">\n\t\t\t\t\t\t<span  >\n\t\t\t\t\t\t\tD\u00e9marrer une nouvelle radio \u00e0 Bangangt\u00e9\t\t\t\t\t\t<\/span>\n\t\t\t\t\t<\/h3>\n\t\t\t\t\n\t\t\t\t\n\t\t\t<\/div>\n\t\t\t\n\t\t<\/div>\n\t\t\t\t\t\t<\/div>\n\t\t\t\t<\/div>\n\t\t\t\t\t<\/div>\n\t\t<\/div>\n\t\t\t\t<div class=\"elementor-column elementor-col-50 elementor-inner-column elementor-element elementor-element-64ec81ac\" data-id=\"64ec81ac\" data-element_type=\"column\" data-e-type=\"column\">\n\t\t\t<div class=\"elementor-widget-wrap elementor-element-populated\">\n\t\t\t\t\t\t<div class=\"elementor-element elementor-element-7ca7b97a elementor-widget elementor-widget-text-editor\" data-id=\"7ca7b97a\" data-element_type=\"widget\" data-e-type=\"widget\" data-widget_type=\"text-editor.default\">\n\t\t\t\t<div class=\"elementor-widget-container\">\n\t\t\t\t\t\t\t\t\t<p>Interview du directeur de la toute nouvelle radio \u00ab\u00a0Bonne Nouvelle\u00a0\u00bb \u00e0 Bangangt\u00e9, \u00e0 l&rsquo;issu du s\u00e9minaire de formation.<\/p>\t\t\t\t\t\t\t\t<\/div>\n\t\t\t\t<\/div>\n\t\t\t\t\t<\/div>\n\t\t<\/div>\n\t\t\t\t\t<\/div>\n\t\t<\/section>\n\t\t\t\t<div class=\"elementor-element elementor-element-2e3f2acc elementor-widget elementor-widget-wp-widget-media_audio\" data-id=\"2e3f2acc\" data-element_type=\"widget\" data-e-type=\"widget\" data-widget_type=\"wp-widget-media_audio.default\">\n\t\t\t\t<div class=\"elementor-widget-container\">\n\t\t\t\t\t<audio class=\"wp-audio-shortcode\" id=\"audio-63-7\" preload=\"none\" style=\"width: 100%;\" controls=\"controls\"><source type=\"audio\/wav\" src=\"http:\/\/www.e-radiotv.org\/radios-ebene-dev\/wp-content\/uploads\/sites\/7\/2025\/01\/3-ITW-directeur-radio-339.wav?_=7\" \/><source type=\"audio\/wav\" src=\"http:\/\/www.e-radiotv.org\/radios-ebene-dev\/wp-content\/uploads\/sites\/7\/2025\/01\/3-ITW-directeur-radio-339.wav?_=7\" \/><a href=\"http:\/\/www.e-radiotv.org\/radios-ebene-dev\/wp-content\/uploads\/sites\/7\/2025\/01\/3-ITW-directeur-radio-339.wav\">http:\/\/www.e-radiotv.org\/radios-ebene-dev\/wp-content\/uploads\/sites\/7\/2025\/01\/3-ITW-directeur-radio-339.wav<\/a><\/audio>\t\t\t\t<\/div>\n\t\t\t\t<\/div>\n\t\t\t\t<section class=\"elementor-section elementor-inner-section elementor-element elementor-element-43f4c3d5 elementor-section-boxed elementor-section-height-default elementor-section-height-default\" data-id=\"43f4c3d5\" data-element_type=\"section\" data-e-type=\"section\">\n\t\t\t\t\t\t<div class=\"elementor-container elementor-column-gap-default\">\n\t\t\t\t\t<div class=\"elementor-column elementor-col-50 elementor-inner-column elementor-element elementor-element-398babb8\" data-id=\"398babb8\" data-element_type=\"column\" data-e-type=\"column\">\n\t\t\t<div class=\"elementor-widget-wrap elementor-element-populated\">\n\t\t\t\t\t\t<div class=\"elementor-element elementor-element-2a9f89c1 elementor-position-inline-start elementor-view-default elementor-mobile-position-block-start elementor-widget elementor-widget-icon-box\" data-id=\"2a9f89c1\" data-element_type=\"widget\" data-e-type=\"widget\" data-widget_type=\"icon-box.default\">\n\t\t\t\t<div class=\"elementor-widget-container\">\n\t\t\t\t\t\t\t<div class=\"elementor-icon-box-wrapper\">\n\n\t\t\t\t\t\t<div class=\"elementor-icon-box-icon\">\n\t\t\t\t<span  class=\"elementor-icon\">\n\t\t\t\t<i aria-hidden=\"true\" class=\"eci  fontello-5cd8e396-volume-up\"><\/i>\t\t\t\t<\/span>\n\t\t\t<\/div>\n\t\t\t\n\t\t\t\t\t\t<div class=\"elementor-icon-box-content\">\n\n\t\t\t\t\t\t\t\t\t<h3 class=\"elementor-icon-box-title\">\n\t\t\t\t\t\t<span  >\n\t\t\t\t\t\t\tAmbiance de rue \u00e0 Yaound\u00e9\t\t\t\t\t\t<\/span>\n\t\t\t\t\t<\/h3>\n\t\t\t\t\n\t\t\t\t\n\t\t\t<\/div>\n\t\t\t\n\t\t<\/div>\n\t\t\t\t\t\t<\/div>\n\t\t\t\t<\/div>\n\t\t\t\t\t<\/div>\n\t\t<\/div>\n\t\t\t\t<div class=\"elementor-column elementor-col-50 elementor-inner-column elementor-element elementor-element-699c12f\" data-id=\"699c12f\" data-element_type=\"column\" data-e-type=\"column\">\n\t\t\t<div class=\"elementor-widget-wrap elementor-element-populated\">\n\t\t\t\t\t\t<div class=\"elementor-element elementor-element-137ceb3f elementor-widget elementor-widget-text-editor\" data-id=\"137ceb3f\" data-element_type=\"widget\" data-e-type=\"widget\" data-widget_type=\"text-editor.default\">\n\t\t\t\t<div class=\"elementor-widget-container\">\n\t\t\t\t\t\t\t\t\t<p>En voiture avec Alphonse Teyab\u00e9, Dieudonn\u00e9 Dinamo, Jo\u00ebl Baumann d\u00e9couvre le march\u00e9 aux fruits<\/p>\t\t\t\t\t\t\t\t<\/div>\n\t\t\t\t<\/div>\n\t\t\t\t\t<\/div>\n\t\t<\/div>\n\t\t\t\t\t<\/div>\n\t\t<\/section>\n\t\t\t\t<div class=\"elementor-element elementor-element-28af90e2 elementor-widget elementor-widget-wp-widget-media_audio\" data-id=\"28af90e2\" data-element_type=\"widget\" data-e-type=\"widget\" data-widget_type=\"wp-widget-media_audio.default\">\n\t\t\t\t<div class=\"elementor-widget-container\">\n\t\t\t\t\t<audio class=\"wp-audio-shortcode\" id=\"audio-63-8\" preload=\"none\" style=\"width: 100%;\" controls=\"controls\"><source type=\"audio\/mpeg\" src=\"http:\/\/www.e-radiotv.org\/radios-ebene-dev\/wp-content\/uploads\/sites\/7\/2025\/01\/4-description-le-marche\u0301-149.mp3?_=8\" \/><source type=\"audio\/mpeg\" src=\"http:\/\/www.e-radiotv.org\/radios-ebene-dev\/wp-content\/uploads\/sites\/7\/2025\/01\/4-description-le-marche\u0301-149.mp3?_=8\" \/><a href=\"http:\/\/www.e-radiotv.org\/radios-ebene-dev\/wp-content\/uploads\/sites\/7\/2025\/01\/4-description-le-marche\u0301-149.mp3\">http:\/\/www.e-radiotv.org\/radios-ebene-dev\/wp-content\/uploads\/sites\/7\/2025\/01\/4-description-le-marche\u0301-149.mp3<\/a><\/audio>\t\t\t\t<\/div>\n\t\t\t\t<\/div>\n\t\t\t\t<section class=\"elementor-section elementor-inner-section elementor-element elementor-element-598e865b elementor-section-boxed elementor-section-height-default elementor-section-height-default\" data-id=\"598e865b\" data-element_type=\"section\" data-e-type=\"section\">\n\t\t\t\t\t\t<div class=\"elementor-container elementor-column-gap-default\">\n\t\t\t\t\t<div class=\"elementor-column elementor-col-50 elementor-inner-column elementor-element elementor-element-5ee8f8f2\" data-id=\"5ee8f8f2\" data-element_type=\"column\" data-e-type=\"column\">\n\t\t\t<div class=\"elementor-widget-wrap elementor-element-populated\">\n\t\t\t\t\t\t<div class=\"elementor-element elementor-element-4c1a781f elementor-position-inline-start elementor-view-default elementor-mobile-position-block-start elementor-widget elementor-widget-icon-box\" data-id=\"4c1a781f\" data-element_type=\"widget\" data-e-type=\"widget\" data-widget_type=\"icon-box.default\">\n\t\t\t\t<div class=\"elementor-widget-container\">\n\t\t\t\t\t\t\t<div class=\"elementor-icon-box-wrapper\">\n\n\t\t\t\t\t\t<div class=\"elementor-icon-box-icon\">\n\t\t\t\t<span  class=\"elementor-icon\">\n\t\t\t\t<i aria-hidden=\"true\" class=\"eci  fontello-5cd8e396-volume-up\"><\/i>\t\t\t\t<\/span>\n\t\t\t<\/div>\n\t\t\t\n\t\t\t\t\t\t<div class=\"elementor-icon-box-content\">\n\n\t\t\t\t\t\t\t\t\t<h3 class=\"elementor-icon-box-title\">\n\t\t\t\t\t\t<span  >\n\t\t\t\t\t\t\tLe r\u00f4le de la radio contre la d\u00e9forestation\t\t\t\t\t\t<\/span>\n\t\t\t\t\t<\/h3>\n\t\t\t\t\n\t\t\t\t\n\t\t\t<\/div>\n\t\t\t\n\t\t<\/div>\n\t\t\t\t\t\t<\/div>\n\t\t\t\t<\/div>\n\t\t\t\t\t<\/div>\n\t\t<\/div>\n\t\t\t\t<div class=\"elementor-column elementor-col-50 elementor-inner-column elementor-element elementor-element-62b26875\" data-id=\"62b26875\" data-element_type=\"column\" data-e-type=\"column\">\n\t\t\t<div class=\"elementor-widget-wrap elementor-element-populated\">\n\t\t\t\t\t\t<div class=\"elementor-element elementor-element-7ab309de elementor-widget elementor-widget-text-editor\" data-id=\"7ab309de\" data-element_type=\"widget\" data-e-type=\"widget\" data-widget_type=\"text-editor.default\">\n\t\t\t\t<div class=\"elementor-widget-container\">\n\t\t\t\t\t\t\t\t\t<p>Exercice d&rsquo;interiew par un des participants au s\u00e9minaire de formation au reportage, \u00e0 Ouagadougou en 2016. L&rsquo;importance des m\u00e9dias pour sensibiliser aux probl\u00e8mes de d\u00e9forestation<\/p>\t\t\t\t\t\t\t\t<\/div>\n\t\t\t\t<\/div>\n\t\t\t\t\t<\/div>\n\t\t<\/div>\n\t\t\t\t\t<\/div>\n\t\t<\/section>\n\t\t\t\t<div class=\"elementor-element elementor-element-476dea4d elementor-widget elementor-widget-wp-widget-media_audio\" data-id=\"476dea4d\" data-element_type=\"widget\" data-e-type=\"widget\" data-widget_type=\"wp-widget-media_audio.default\">\n\t\t\t\t<div class=\"elementor-widget-container\">\n\t\t\t\t\t<audio class=\"wp-audio-shortcode\" id=\"audio-63-9\" preload=\"none\" style=\"width: 100%;\" controls=\"controls\"><source type=\"audio\/wav\" src=\"http:\/\/www.e-radiotv.org\/radios-ebene-dev\/wp-content\/uploads\/sites\/7\/2025\/01\/diff-reel.wav?_=9\" \/><source type=\"audio\/wav\" src=\"http:\/\/www.e-radiotv.org\/radios-ebene-dev\/wp-content\/uploads\/sites\/7\/2025\/01\/diff-reel.wav?_=9\" \/><a href=\"http:\/\/www.e-radiotv.org\/radios-ebene-dev\/wp-content\/uploads\/sites\/7\/2025\/01\/diff-reel.wav\">http:\/\/www.e-radiotv.org\/radios-ebene-dev\/wp-content\/uploads\/sites\/7\/2025\/01\/diff-reel.wav<\/a><\/audio>\t\t\t\t<\/div>\n\t\t\t\t<\/div>\n\t\t\t\t<section class=\"elementor-section elementor-inner-section elementor-element elementor-element-391f1ff2 elementor-section-boxed elementor-section-height-default elementor-section-height-default\" data-id=\"391f1ff2\" data-element_type=\"section\" data-e-type=\"section\">\n\t\t\t\t\t\t<div class=\"elementor-container elementor-column-gap-default\">\n\t\t\t\t\t<div class=\"elementor-column elementor-col-50 elementor-inner-column elementor-element elementor-element-2f91d7c4\" data-id=\"2f91d7c4\" data-element_type=\"column\" data-e-type=\"column\">\n\t\t\t<div class=\"elementor-widget-wrap elementor-element-populated\">\n\t\t\t\t\t\t<div class=\"elementor-element elementor-element-738eb3f2 elementor-position-inline-start elementor-view-default elementor-mobile-position-block-start elementor-widget elementor-widget-icon-box\" data-id=\"738eb3f2\" data-element_type=\"widget\" data-e-type=\"widget\" data-widget_type=\"icon-box.default\">\n\t\t\t\t<div class=\"elementor-widget-container\">\n\t\t\t\t\t\t\t<div class=\"elementor-icon-box-wrapper\">\n\n\t\t\t\t\t\t<div class=\"elementor-icon-box-icon\">\n\t\t\t\t<span  class=\"elementor-icon\">\n\t\t\t\t<i aria-hidden=\"true\" class=\"eci  fontello-5cd8e396-volume-up\"><\/i>\t\t\t\t<\/span>\n\t\t\t<\/div>\n\t\t\t\n\t\t\t\t\t\t<div class=\"elementor-icon-box-content\">\n\n\t\t\t\t\t\t\t\t\t<h3 class=\"elementor-icon-box-title\">\n\t\t\t\t\t\t<span  >\n\t\t\t\t\t\t\tUne \u00e9mission de radio ciblant les d\u00e9tenus de prison\t\t\t\t\t\t<\/span>\n\t\t\t\t\t<\/h3>\n\t\t\t\t\n\t\t\t\t\n\t\t\t<\/div>\n\t\t\t\n\t\t<\/div>\n\t\t\t\t\t\t<\/div>\n\t\t\t\t<\/div>\n\t\t\t\t\t<\/div>\n\t\t<\/div>\n\t\t\t\t<div class=\"elementor-column elementor-col-50 elementor-inner-column elementor-element elementor-element-7bcc97ba\" data-id=\"7bcc97ba\" data-element_type=\"column\" data-e-type=\"column\">\n\t\t\t<div class=\"elementor-widget-wrap elementor-element-populated\">\n\t\t\t\t\t\t<div class=\"elementor-element elementor-element-5f58d145 elementor-widget elementor-widget-text-editor\" data-id=\"5f58d145\" data-element_type=\"widget\" data-e-type=\"widget\" data-widget_type=\"text-editor.default\">\n\t\t\t\t<div class=\"elementor-widget-container\">\n\t\t\t\t\t\t\t\t\t<p>Exercice d&rsquo;interview lors d&rsquo;une formation \u00e0 Ouagadougou, du pasteur Bakari Natan\u00e9, aum\u00f4nier des prisons au Burkina Faso et producteur d&rsquo;une \u00e9mission qui est \u00e0 l&rsquo;\u00e9coute des d\u00e9tenus et leurs familles<\/p>\t\t\t\t\t\t\t\t<\/div>\n\t\t\t\t<\/div>\n\t\t\t\t\t<\/div>\n\t\t<\/div>\n\t\t\t\t\t<\/div>\n\t\t<\/section>\n\t\t\t\t<div class=\"elementor-element elementor-element-51d9226c elementor-widget elementor-widget-wp-widget-media_audio\" data-id=\"51d9226c\" data-element_type=\"widget\" data-e-type=\"widget\" data-widget_type=\"wp-widget-media_audio.default\">\n\t\t\t\t<div class=\"elementor-widget-container\">\n\t\t\t\t\t<audio class=\"wp-audio-shortcode\" id=\"audio-63-10\" preload=\"none\" style=\"width: 100%;\" controls=\"controls\"><source type=\"audio\/mpeg\" src=\"http:\/\/www.e-radiotv.org\/radios-ebene-dev\/wp-content\/uploads\/sites\/7\/2025\/01\/F-P-B-F.mp3?_=10\" \/><source type=\"audio\/mpeg\" src=\"http:\/\/www.e-radiotv.org\/radios-ebene-dev\/wp-content\/uploads\/sites\/7\/2025\/01\/F-P-B-F.mp3?_=10\" \/><a href=\"http:\/\/www.e-radiotv.org\/radios-ebene-dev\/wp-content\/uploads\/sites\/7\/2025\/01\/F-P-B-F.mp3\">http:\/\/www.e-radiotv.org\/radios-ebene-dev\/wp-content\/uploads\/sites\/7\/2025\/01\/F-P-B-F.mp3<\/a><\/audio>\t\t\t\t<\/div>\n\t\t\t\t<\/div>\n\t\t\t\t<section class=\"elementor-section elementor-inner-section elementor-element elementor-element-2034116e elementor-section-boxed elementor-section-height-default elementor-section-height-default\" data-id=\"2034116e\" data-element_type=\"section\" data-e-type=\"section\">\n\t\t\t\t\t\t<div class=\"elementor-container elementor-column-gap-default\">\n\t\t\t\t\t<div class=\"elementor-column elementor-col-50 elementor-inner-column elementor-element elementor-element-39773123\" data-id=\"39773123\" data-element_type=\"column\" data-e-type=\"column\">\n\t\t\t<div class=\"elementor-widget-wrap elementor-element-populated\">\n\t\t\t\t\t\t<div class=\"elementor-element elementor-element-3e7aa56a elementor-position-inline-start elementor-view-default elementor-mobile-position-block-start elementor-widget elementor-widget-icon-box\" data-id=\"3e7aa56a\" data-element_type=\"widget\" data-e-type=\"widget\" data-widget_type=\"icon-box.default\">\n\t\t\t\t<div class=\"elementor-widget-container\">\n\t\t\t\t\t\t\t<div class=\"elementor-icon-box-wrapper\">\n\n\t\t\t\t\t\t<div class=\"elementor-icon-box-icon\">\n\t\t\t\t<span  class=\"elementor-icon\">\n\t\t\t\t<i aria-hidden=\"true\" class=\"eci  fontello-5cd8e396-volume-up\"><\/i>\t\t\t\t<\/span>\n\t\t\t<\/div>\n\t\t\t\n\t\t\t\t\t\t<div class=\"elementor-icon-box-content\">\n\n\t\t\t\t\t\t\t\t\t<h3 class=\"elementor-icon-box-title\">\n\t\t\t\t\t\t<span  >\n\t\t\t\t\t\t\tHygi\u00e8ne urbaine\t\t\t\t\t\t<\/span>\n\t\t\t\t\t<\/h3>\n\t\t\t\t\n\t\t\t\t\n\t\t\t<\/div>\n\t\t\t\n\t\t<\/div>\n\t\t\t\t\t\t<\/div>\n\t\t\t\t<\/div>\n\t\t\t\t\t<\/div>\n\t\t<\/div>\n\t\t\t\t<div class=\"elementor-column elementor-col-50 elementor-inner-column elementor-element elementor-element-4818f28f\" data-id=\"4818f28f\" data-element_type=\"column\" data-e-type=\"column\">\n\t\t\t<div class=\"elementor-widget-wrap elementor-element-populated\">\n\t\t\t\t\t\t<div class=\"elementor-element elementor-element-3ec7ba12 elementor-widget elementor-widget-text-editor\" data-id=\"3ec7ba12\" data-element_type=\"widget\" data-e-type=\"widget\" data-widget_type=\"text-editor.default\">\n\t\t\t\t<div class=\"elementor-widget-container\">\n\t\t\t\t\t\t\t\t\t<p>Exercice de reportage lors d&rsquo;une session de formation au reportage \u00e0 Ouagadougou, 2016<\/p>\t\t\t\t\t\t\t\t<\/div>\n\t\t\t\t<\/div>\n\t\t\t\t\t<\/div>\n\t\t<\/div>\n\t\t\t\t\t<\/div>\n\t\t<\/section>\n\t\t\t\t<div class=\"elementor-element elementor-element-21f5c786 elementor-widget elementor-widget-wp-widget-media_audio\" data-id=\"21f5c786\" data-element_type=\"widget\" data-e-type=\"widget\" data-widget_type=\"wp-widget-media_audio.default\">\n\t\t\t\t<div class=\"elementor-widget-container\">\n\t\t\t\t\t<audio class=\"wp-audio-shortcode\" id=\"audio-63-11\" preload=\"none\" style=\"width: 100%;\" controls=\"controls\"><source type=\"audio\/wav\" src=\"http:\/\/www.e-radiotv.org\/radios-ebene-dev\/wp-content\/uploads\/sites\/7\/2025\/01\/Hygie\u0300ne.wav?_=11\" \/><source type=\"audio\/wav\" src=\"http:\/\/www.e-radiotv.org\/radios-ebene-dev\/wp-content\/uploads\/sites\/7\/2025\/01\/Hygie\u0300ne.wav?_=11\" \/><a href=\"http:\/\/www.e-radiotv.org\/radios-ebene-dev\/wp-content\/uploads\/sites\/7\/2025\/01\/Hygie\u0300ne.wav\">http:\/\/www.e-radiotv.org\/radios-ebene-dev\/wp-content\/uploads\/sites\/7\/2025\/01\/Hygie\u0300ne.wav<\/a><\/audio>\t\t\t\t<\/div>\n\t\t\t\t<\/div>\n\t\t\t\t<section class=\"elementor-section elementor-inner-section elementor-element elementor-element-ab12307 elementor-section-boxed elementor-section-height-default elementor-section-height-default\" data-id=\"ab12307\" data-element_type=\"section\" data-e-type=\"section\">\n\t\t\t\t\t\t<div class=\"elementor-container elementor-column-gap-default\">\n\t\t\t\t\t<div class=\"elementor-column elementor-col-50 elementor-inner-column elementor-element elementor-element-38b2eb45\" data-id=\"38b2eb45\" data-element_type=\"column\" data-e-type=\"column\">\n\t\t\t<div class=\"elementor-widget-wrap elementor-element-populated\">\n\t\t\t\t\t\t<div class=\"elementor-element elementor-element-3738125e elementor-position-inline-start elementor-view-default elementor-mobile-position-block-start elementor-widget elementor-widget-icon-box\" data-id=\"3738125e\" data-element_type=\"widget\" data-e-type=\"widget\" data-widget_type=\"icon-box.default\">\n\t\t\t\t<div class=\"elementor-widget-container\">\n\t\t\t\t\t\t\t<div class=\"elementor-icon-box-wrapper\">\n\n\t\t\t\t\t\t<div class=\"elementor-icon-box-icon\">\n\t\t\t\t<span  class=\"elementor-icon\">\n\t\t\t\t<i aria-hidden=\"true\" class=\"eci  fontello-5cd8e396-volume-up\"><\/i>\t\t\t\t<\/span>\n\t\t\t<\/div>\n\t\t\t\n\t\t\t\t\t\t<div class=\"elementor-icon-box-content\">\n\n\t\t\t\t\t\t\t\t\t<h3 class=\"elementor-icon-box-title\">\n\t\t\t\t\t\t<span  >\n\t\t\t\t\t\t\tHistoire de \"radio Evangile\" \u00e0 Ouagadougou, \t\t\t\t\t\t<\/span>\n\t\t\t\t\t<\/h3>\n\t\t\t\t\n\t\t\t\t\n\t\t\t<\/div>\n\t\t\t\n\t\t<\/div>\n\t\t\t\t\t\t<\/div>\n\t\t\t\t<\/div>\n\t\t\t\t\t<\/div>\n\t\t<\/div>\n\t\t\t\t<div class=\"elementor-column elementor-col-50 elementor-inner-column elementor-element elementor-element-5bb8a998\" data-id=\"5bb8a998\" data-element_type=\"column\" data-e-type=\"column\">\n\t\t\t<div class=\"elementor-widget-wrap elementor-element-populated\">\n\t\t\t\t\t\t<div class=\"elementor-element elementor-element-1f8aa1d9 elementor-widget elementor-widget-text-editor\" data-id=\"1f8aa1d9\" data-element_type=\"widget\" data-e-type=\"widget\" data-widget_type=\"text-editor.default\">\n\t\t\t\t<div class=\"elementor-widget-container\">\n\t\t\t\t\t\t\t\t\t<p>Exercice radiophonique lors d&rsquo;un s\u00e9minaire de formation \u00e0 Ouagadougou en 2016<\/p>\t\t\t\t\t\t\t\t<\/div>\n\t\t\t\t<\/div>\n\t\t\t\t\t<\/div>\n\t\t<\/div>\n\t\t\t\t\t<\/div>\n\t\t<\/section>\n\t\t\t\t<div class=\"elementor-element elementor-element-2addef85 elementor-widget elementor-widget-wp-widget-media_audio\" data-id=\"2addef85\" data-element_type=\"widget\" data-e-type=\"widget\" data-widget_type=\"wp-widget-media_audio.default\">\n\t\t\t\t<div class=\"elementor-widget-container\">\n\t\t\t\t\t<audio class=\"wp-audio-shortcode\" id=\"audio-63-12\" preload=\"none\" style=\"width: 100%;\" controls=\"controls\"><source type=\"audio\/mpeg\" src=\"http:\/\/www.e-radiotv.org\/radios-ebene-dev\/wp-content\/uploads\/sites\/7\/2025\/01\/La-vie-de-la-R-E-D.mp3?_=12\" \/><source type=\"audio\/mpeg\" src=\"http:\/\/www.e-radiotv.org\/radios-ebene-dev\/wp-content\/uploads\/sites\/7\/2025\/01\/La-vie-de-la-R-E-D.mp3?_=12\" \/><a href=\"http:\/\/www.e-radiotv.org\/radios-ebene-dev\/wp-content\/uploads\/sites\/7\/2025\/01\/La-vie-de-la-R-E-D.mp3\">http:\/\/www.e-radiotv.org\/radios-ebene-dev\/wp-content\/uploads\/sites\/7\/2025\/01\/La-vie-de-la-R-E-D.mp3<\/a><\/audio>\t\t\t\t<\/div>\n\t\t\t\t<\/div>\n\t\t\t\t<section class=\"elementor-section elementor-inner-section elementor-element elementor-element-511aab3e elementor-section-boxed elementor-section-height-default elementor-section-height-default\" data-id=\"511aab3e\" data-element_type=\"section\" data-e-type=\"section\">\n\t\t\t\t\t\t<div class=\"elementor-container elementor-column-gap-default\">\n\t\t\t\t\t<div class=\"elementor-column elementor-col-50 elementor-inner-column elementor-element elementor-element-328797a9\" data-id=\"328797a9\" data-element_type=\"column\" data-e-type=\"column\">\n\t\t\t<div class=\"elementor-widget-wrap elementor-element-populated\">\n\t\t\t\t\t\t<div class=\"elementor-element elementor-element-387babe8 elementor-position-inline-start elementor-view-default elementor-mobile-position-block-start elementor-widget elementor-widget-icon-box\" data-id=\"387babe8\" data-element_type=\"widget\" data-e-type=\"widget\" data-widget_type=\"icon-box.default\">\n\t\t\t\t<div class=\"elementor-widget-container\">\n\t\t\t\t\t\t\t<div class=\"elementor-icon-box-wrapper\">\n\n\t\t\t\t\t\t<div class=\"elementor-icon-box-icon\">\n\t\t\t\t<span  class=\"elementor-icon\">\n\t\t\t\t<i aria-hidden=\"true\" class=\"eci  fontello-5cd8e396-volume-up\"><\/i>\t\t\t\t<\/span>\n\t\t\t<\/div>\n\t\t\t\n\t\t\t\t\t\t<div class=\"elementor-icon-box-content\">\n\n\t\t\t\t\t\t\t\t\t<h3 class=\"elementor-icon-box-title\">\n\t\t\t\t\t\t<span  >\n\t\t\t\t\t\t\tDiscours de M le Ministre lors de l'inaguration d'une radio\t\t\t\t\t\t<\/span>\n\t\t\t\t\t<\/h3>\n\t\t\t\t\n\t\t\t\t\n\t\t\t<\/div>\n\t\t\t\n\t\t<\/div>\n\t\t\t\t\t\t<\/div>\n\t\t\t\t<\/div>\n\t\t\t\t\t<\/div>\n\t\t<\/div>\n\t\t\t\t<div class=\"elementor-column elementor-col-50 elementor-inner-column elementor-element elementor-element-628fd31\" data-id=\"628fd31\" data-element_type=\"column\" data-e-type=\"column\">\n\t\t\t<div class=\"elementor-widget-wrap elementor-element-populated\">\n\t\t\t\t\t\t<div class=\"elementor-element elementor-element-72e43be5 elementor-widget elementor-widget-text-editor\" data-id=\"72e43be5\" data-element_type=\"widget\" data-e-type=\"widget\" data-widget_type=\"text-editor.default\">\n\t\t\t\t<div class=\"elementor-widget-container\">\n\t\t\t\t\t\t\t\t\t<p>Discours de son Excellence MBella MBella Lejeune, Ministre des Relations Ext\u00e9rieures \u00e0 l&rsquo;occasion de l&rsquo;inauguration de la nouvelle radio Bonne Nouvelle \u00e0 Bangangt\u00e9 (2017)<\/p>\t\t\t\t\t\t\t\t<\/div>\n\t\t\t\t<\/div>\n\t\t\t\t\t<\/div>\n\t\t<\/div>\n\t\t\t\t\t<\/div>\n\t\t<\/section>\n\t\t\t\t<div class=\"elementor-element elementor-element-170ca29c elementor-widget elementor-widget-wp-widget-media_audio\" data-id=\"170ca29c\" data-element_type=\"widget\" data-e-type=\"widget\" data-widget_type=\"wp-widget-media_audio.default\">\n\t\t\t\t<div class=\"elementor-widget-container\">\n\t\t\t\t\t<audio class=\"wp-audio-shortcode\" id=\"audio-63-13\" preload=\"none\" style=\"width: 100%;\" controls=\"controls\"><source type=\"audio\/mpeg\" src=\"http:\/\/www.e-radiotv.org\/radios-ebene-dev\/wp-content\/uploads\/sites\/7\/2025\/01\/5-intervention-du-ministre-Mbela-Mbela548-1.mp3?_=13\" \/><source type=\"audio\/mpeg\" src=\"http:\/\/www.e-radiotv.org\/radios-ebene-dev\/wp-content\/uploads\/sites\/7\/2025\/01\/5-intervention-du-ministre-Mbela-Mbela548-1.mp3?_=13\" \/><a href=\"http:\/\/www.e-radiotv.org\/radios-ebene-dev\/wp-content\/uploads\/sites\/7\/2025\/01\/5-intervention-du-ministre-Mbela-Mbela548-1.mp3\">http:\/\/www.e-radiotv.org\/radios-ebene-dev\/wp-content\/uploads\/sites\/7\/2025\/01\/5-intervention-du-ministre-Mbela-Mbela548-1.mp3<\/a><\/audio>\t\t\t\t<\/div>\n\t\t\t\t<\/div>\n\t\t\t\t\t<\/div>\n\t\t<\/div>\n\t\t\t\t<div class=\"elementor-column elementor-col-50 elementor-top-column elementor-element elementor-element-40a4c2a6\" data-id=\"40a4c2a6\" data-element_type=\"column\" data-e-type=\"column\">\n\t\t\t<div class=\"elementor-widget-wrap elementor-element-populated\">\n\t\t\t\t\t\t<section class=\"elementor-section elementor-inner-section elementor-element elementor-element-5ea7e170 elementor-section-boxed elementor-section-height-default elementor-section-height-default\" data-id=\"5ea7e170\" data-element_type=\"section\" data-e-type=\"section\">\n\t\t\t\t\t\t<div class=\"elementor-container elementor-column-gap-default\">\n\t\t\t\t\t<div class=\"elementor-column elementor-col-50 elementor-inner-column elementor-element elementor-element-9d9d6a8\" data-id=\"9d9d6a8\" data-element_type=\"column\" data-e-type=\"column\">\n\t\t\t<div class=\"elementor-widget-wrap elementor-element-populated\">\n\t\t\t\t\t\t<div class=\"elementor-element elementor-element-682062cf elementor-position-inline-start elementor-view-default elementor-mobile-position-block-start elementor-widget elementor-widget-icon-box\" data-id=\"682062cf\" data-element_type=\"widget\" data-e-type=\"widget\" data-widget_type=\"icon-box.default\">\n\t\t\t\t<div class=\"elementor-widget-container\">\n\t\t\t\t\t\t\t<div class=\"elementor-icon-box-wrapper\">\n\n\t\t\t\t\t\t<div class=\"elementor-icon-box-icon\">\n\t\t\t\t<span  class=\"elementor-icon\">\n\t\t\t\t<i aria-hidden=\"true\" class=\"eci  fontello-5cd8e396-volume-up\"><\/i>\t\t\t\t<\/span>\n\t\t\t<\/div>\n\t\t\t\n\t\t\t\t\t\t<div class=\"elementor-icon-box-content\">\n\n\t\t\t\t\t\t\t\t\t<h3 class=\"elementor-icon-box-title\">\n\t\t\t\t\t\t<span  >\n\t\t\t\t\t\t\tInterview de Charles Guillot - les actions 2016\t\t\t\t\t\t<\/span>\n\t\t\t\t\t<\/h3>\n\t\t\t\t\n\t\t\t\t\n\t\t\t<\/div>\n\t\t\t\n\t\t<\/div>\n\t\t\t\t\t\t<\/div>\n\t\t\t\t<\/div>\n\t\t\t\t\t<\/div>\n\t\t<\/div>\n\t\t\t\t<div class=\"elementor-column elementor-col-50 elementor-inner-column elementor-element elementor-element-578a816\" data-id=\"578a816\" data-element_type=\"column\" data-e-type=\"column\">\n\t\t\t<div class=\"elementor-widget-wrap elementor-element-populated\">\n\t\t\t\t\t\t<div class=\"elementor-element elementor-element-3cbff1ee elementor-widget elementor-widget-text-editor\" data-id=\"3cbff1ee\" data-element_type=\"widget\" data-e-type=\"widget\" data-widget_type=\"text-editor.default\">\n\t\t\t\t<div class=\"elementor-widget-container\">\n\t\t\t\t\t\t\t\t\t<p>Charles Guillot, alors secr\u00e9taire g\u00e9n\u00e9ral de RED \u00e9voquait les actions r\u00e9alis\u00e9es en 2016 &#8211;\u00a0 Interview Jo\u00ebl Baumann pour Radio Alliance plus<\/p>\t\t\t\t\t\t\t\t<\/div>\n\t\t\t\t<\/div>\n\t\t\t\t\t<\/div>\n\t\t<\/div>\n\t\t\t\t\t<\/div>\n\t\t<\/section>\n\t\t\t\t<div class=\"elementor-element elementor-element-20d22288 elementor-widget elementor-widget-wp-widget-media_audio\" data-id=\"20d22288\" data-element_type=\"widget\" data-e-type=\"widget\" data-widget_type=\"wp-widget-media_audio.default\">\n\t\t\t\t<div class=\"elementor-widget-container\">\n\t\t\t\t\t<audio class=\"wp-audio-shortcode\" id=\"audio-63-14\" preload=\"none\" style=\"width: 100%;\" controls=\"controls\"><source type=\"audio\/wav\" src=\"http:\/\/www.e-radiotv.org\/radios-ebene-dev\/wp-content\/uploads\/sites\/7\/2025\/01\/CH-Guillot-partie-1-les-actions-re\u0301alise\u0301es-2016.wav?_=14\" \/><source type=\"audio\/wav\" src=\"http:\/\/www.e-radiotv.org\/radios-ebene-dev\/wp-content\/uploads\/sites\/7\/2025\/01\/CH-Guillot-partie-1-les-actions-re\u0301alise\u0301es-2016.wav?_=14\" \/><a href=\"http:\/\/www.e-radiotv.org\/radios-ebene-dev\/wp-content\/uploads\/sites\/7\/2025\/01\/CH-Guillot-partie-1-les-actions-re\u0301alise\u0301es-2016.wav\">http:\/\/www.e-radiotv.org\/radios-ebene-dev\/wp-content\/uploads\/sites\/7\/2025\/01\/CH-Guillot-partie-1-les-actions-re\u0301alise\u0301es-2016.wav<\/a><\/audio>\t\t\t\t<\/div>\n\t\t\t\t<\/div>\n\t\t\t\t<section class=\"elementor-section elementor-inner-section elementor-element elementor-element-ce1263a elementor-section-boxed elementor-section-height-default elementor-section-height-default\" data-id=\"ce1263a\" data-element_type=\"section\" data-e-type=\"section\">\n\t\t\t\t\t\t<div class=\"elementor-container elementor-column-gap-default\">\n\t\t\t\t\t<div class=\"elementor-column elementor-col-50 elementor-inner-column elementor-element elementor-element-768b06c6\" data-id=\"768b06c6\" data-element_type=\"column\" data-e-type=\"column\">\n\t\t\t<div class=\"elementor-widget-wrap elementor-element-populated\">\n\t\t\t\t\t\t<div class=\"elementor-element elementor-element-6d39fd57 elementor-position-inline-start elementor-view-default elementor-mobile-position-block-start elementor-widget elementor-widget-icon-box\" data-id=\"6d39fd57\" data-element_type=\"widget\" data-e-type=\"widget\" data-widget_type=\"icon-box.default\">\n\t\t\t\t<div class=\"elementor-widget-container\">\n\t\t\t\t\t\t\t<div class=\"elementor-icon-box-wrapper\">\n\n\t\t\t\t\t\t<div class=\"elementor-icon-box-icon\">\n\t\t\t\t<span  class=\"elementor-icon\">\n\t\t\t\t<i aria-hidden=\"true\" class=\"eci  fontello-5cd8e396-volume-up\"><\/i>\t\t\t\t<\/span>\n\t\t\t<\/div>\n\t\t\t\n\t\t\t\t\t\t<div class=\"elementor-icon-box-content\">\n\n\t\t\t\t\t\t\t\t\t<h3 class=\"elementor-icon-box-title\">\n\t\t\t\t\t\t<span  >\n\t\t\t\t\t\t\tS\u00e9minaire de formation des formateurs- 2018\t\t\t\t\t\t<\/span>\n\t\t\t\t\t<\/h3>\n\t\t\t\t\n\t\t\t\t\n\t\t\t<\/div>\n\t\t\t\n\t\t<\/div>\n\t\t\t\t\t\t<\/div>\n\t\t\t\t<\/div>\n\t\t\t\t\t<\/div>\n\t\t<\/div>\n\t\t\t\t<div class=\"elementor-column elementor-col-50 elementor-inner-column elementor-element elementor-element-25271d81\" data-id=\"25271d81\" data-element_type=\"column\" data-e-type=\"column\">\n\t\t\t<div class=\"elementor-widget-wrap elementor-element-populated\">\n\t\t\t\t\t\t<div class=\"elementor-element elementor-element-436e1d20 elementor-widget elementor-widget-text-editor\" data-id=\"436e1d20\" data-element_type=\"widget\" data-e-type=\"widget\" data-widget_type=\"text-editor.default\">\n\t\t\t\t<div class=\"elementor-widget-container\">\n\t\t\t\t\t\t\t\t\t<p>Alphonse Teyabe, docteur, coordinateur de Radios Ebene au cameroun et Afrique centrale nous parle du s\u00e9minaire de formation des formateurs qui s&rsquo;est d\u00e9roul\u00e9 \u00e0 Yaound\u00e9 en octobre\u00a0 2018 &#8211; interview Jo\u00ebl Baumann<\/p>\t\t\t\t\t\t\t\t<\/div>\n\t\t\t\t<\/div>\n\t\t\t\t\t<\/div>\n\t\t<\/div>\n\t\t\t\t\t<\/div>\n\t\t<\/section>\n\t\t\t\t<div class=\"elementor-element elementor-element-32f410eb elementor-widget elementor-widget-wp-widget-media_audio\" data-id=\"32f410eb\" data-element_type=\"widget\" data-e-type=\"widget\" data-widget_type=\"wp-widget-media_audio.default\">\n\t\t\t\t<div class=\"elementor-widget-container\">\n\t\t\t\t\t<audio class=\"wp-audio-shortcode\" id=\"audio-63-15\" preload=\"none\" style=\"width: 100%;\" controls=\"controls\"><source type=\"audio\/wav\" src=\"http:\/\/www.e-radiotv.org\/radios-ebene-dev\/wp-content\/uploads\/sites\/7\/2025\/01\/4-ITW-Alphonse-formation-et-developpt-504.wav?_=15\" \/><source type=\"audio\/wav\" src=\"http:\/\/www.e-radiotv.org\/radios-ebene-dev\/wp-content\/uploads\/sites\/7\/2025\/01\/4-ITW-Alphonse-formation-et-developpt-504.wav?_=15\" \/><a href=\"http:\/\/www.e-radiotv.org\/radios-ebene-dev\/wp-content\/uploads\/sites\/7\/2025\/01\/4-ITW-Alphonse-formation-et-developpt-504.wav\">http:\/\/www.e-radiotv.org\/radios-ebene-dev\/wp-content\/uploads\/sites\/7\/2025\/01\/4-ITW-Alphonse-formation-et-developpt-504.wav<\/a><\/audio>\t\t\t\t<\/div>\n\t\t\t\t<\/div>\n\t\t\t\t<section class=\"elementor-section elementor-inner-section elementor-element elementor-element-87107e9 elementor-section-boxed elementor-section-height-default elementor-section-height-default\" data-id=\"87107e9\" data-element_type=\"section\" data-e-type=\"section\">\n\t\t\t\t\t\t<div class=\"elementor-container elementor-column-gap-default\">\n\t\t\t\t\t<div class=\"elementor-column elementor-col-50 elementor-inner-column elementor-element elementor-element-5c4bbf87\" data-id=\"5c4bbf87\" data-element_type=\"column\" data-e-type=\"column\">\n\t\t\t<div class=\"elementor-widget-wrap elementor-element-populated\">\n\t\t\t\t\t\t<div class=\"elementor-element elementor-element-2dd71e91 elementor-position-inline-start elementor-view-default elementor-mobile-position-block-start elementor-widget elementor-widget-icon-box\" data-id=\"2dd71e91\" data-element_type=\"widget\" data-e-type=\"widget\" data-widget_type=\"icon-box.default\">\n\t\t\t\t<div class=\"elementor-widget-container\">\n\t\t\t\t\t\t\t<div class=\"elementor-icon-box-wrapper\">\n\n\t\t\t\t\t\t<div class=\"elementor-icon-box-icon\">\n\t\t\t\t<span  class=\"elementor-icon\">\n\t\t\t\t<i aria-hidden=\"true\" class=\"eci  fontello-5cd8e396-volume-up\"><\/i>\t\t\t\t<\/span>\n\t\t\t<\/div>\n\t\t\t\n\t\t\t\t\t\t<div class=\"elementor-icon-box-content\">\n\n\t\t\t\t\t\t\t\t\t<h3 class=\"elementor-icon-box-title\">\n\t\t\t\t\t\t<span  >\n\t\t\t\t\t\t\tinterview Charles Guillot, les actions projet\u00e9es pour 2017\t\t\t\t\t\t<\/span>\n\t\t\t\t\t<\/h3>\n\t\t\t\t\n\t\t\t\t\n\t\t\t<\/div>\n\t\t\t\n\t\t<\/div>\n\t\t\t\t\t\t<\/div>\n\t\t\t\t<\/div>\n\t\t\t\t\t<\/div>\n\t\t<\/div>\n\t\t\t\t<div class=\"elementor-column elementor-col-50 elementor-inner-column elementor-element elementor-element-7e3fc631\" data-id=\"7e3fc631\" data-element_type=\"column\" data-e-type=\"column\">\n\t\t\t<div class=\"elementor-widget-wrap elementor-element-populated\">\n\t\t\t\t\t\t<div class=\"elementor-element elementor-element-38f29431 elementor-widget elementor-widget-text-editor\" data-id=\"38f29431\" data-element_type=\"widget\" data-e-type=\"widget\" data-widget_type=\"text-editor.default\">\n\t\t\t\t<div class=\"elementor-widget-container\">\n\t\t\t\t\t\t\t\t\t<p>Charles Guillot, pasteur et alors secr\u00e9taire g\u00e9n\u00e9ral de RED \u00e9voque les actions programm\u00e9es pour 2017 &#8211;\u00a0 Interview Jo\u00ebl Baumann pour Radio Alliance plus<\/p>\t\t\t\t\t\t\t\t<\/div>\n\t\t\t\t<\/div>\n\t\t\t\t\t<\/div>\n\t\t<\/div>\n\t\t\t\t\t<\/div>\n\t\t<\/section>\n\t\t\t\t<div class=\"elementor-element elementor-element-34914c2a elementor-widget elementor-widget-wp-widget-media_audio\" data-id=\"34914c2a\" data-element_type=\"widget\" data-e-type=\"widget\" data-widget_type=\"wp-widget-media_audio.default\">\n\t\t\t\t<div class=\"elementor-widget-container\">\n\t\t\t\t\t<audio class=\"wp-audio-shortcode\" id=\"audio-63-16\" preload=\"none\" style=\"width: 100%;\" controls=\"controls\"><source type=\"audio\/wav\" src=\"http:\/\/www.e-radiotv.org\/radios-ebene-dev\/wp-content\/uploads\/sites\/7\/2025\/01\/ITW-CH-Guillot-partie-2-les-projets-2017.wav?_=16\" \/><source type=\"audio\/wav\" src=\"http:\/\/www.e-radiotv.org\/radios-ebene-dev\/wp-content\/uploads\/sites\/7\/2025\/01\/ITW-CH-Guillot-partie-2-les-projets-2017.wav?_=16\" \/><a href=\"http:\/\/www.e-radiotv.org\/radios-ebene-dev\/wp-content\/uploads\/sites\/7\/2025\/01\/ITW-CH-Guillot-partie-2-les-projets-2017.wav\">http:\/\/www.e-radiotv.org\/radios-ebene-dev\/wp-content\/uploads\/sites\/7\/2025\/01\/ITW-CH-Guillot-partie-2-les-projets-2017.wav<\/a><\/audio>\t\t\t\t<\/div>\n\t\t\t\t<\/div>\n\t\t\t\t<section class=\"elementor-section elementor-inner-section elementor-element elementor-element-5c559eaf elementor-section-boxed elementor-section-height-default elementor-section-height-default\" data-id=\"5c559eaf\" data-element_type=\"section\" data-e-type=\"section\">\n\t\t\t\t\t\t<div class=\"elementor-container elementor-column-gap-default\">\n\t\t\t\t\t<div class=\"elementor-column elementor-col-50 elementor-inner-column elementor-element elementor-element-14d0319e\" data-id=\"14d0319e\" data-element_type=\"column\" data-e-type=\"column\">\n\t\t\t<div class=\"elementor-widget-wrap elementor-element-populated\">\n\t\t\t\t\t\t<div class=\"elementor-element elementor-element-7d20a455 elementor-position-inline-start elementor-view-default elementor-mobile-position-block-start elementor-widget elementor-widget-icon-box\" data-id=\"7d20a455\" data-element_type=\"widget\" data-e-type=\"widget\" data-widget_type=\"icon-box.default\">\n\t\t\t\t<div class=\"elementor-widget-container\">\n\t\t\t\t\t\t\t<div class=\"elementor-icon-box-wrapper\">\n\n\t\t\t\t\t\t<div class=\"elementor-icon-box-icon\">\n\t\t\t\t<span  class=\"elementor-icon\">\n\t\t\t\t<i aria-hidden=\"true\" class=\"eci  fontello-5cd8e396-volume-up\"><\/i>\t\t\t\t<\/span>\n\t\t\t<\/div>\n\t\t\t\n\t\t\t\t\t\t<div class=\"elementor-icon-box-content\">\n\n\t\t\t\t\t\t\t\t\t<h3 class=\"elementor-icon-box-title\">\n\t\t\t\t\t\t<span  >\n\t\t\t\t\t\t\tLes \u00e9mission de d\u00e9veloppement \u00e0 la radio\t\t\t\t\t\t<\/span>\n\t\t\t\t\t<\/h3>\n\t\t\t\t\n\t\t\t\t\n\t\t\t<\/div>\n\t\t\t\n\t\t<\/div>\n\t\t\t\t\t\t<\/div>\n\t\t\t\t<\/div>\n\t\t\t\t\t<\/div>\n\t\t<\/div>\n\t\t\t\t<div class=\"elementor-column elementor-col-50 elementor-inner-column elementor-element elementor-element-13e1e844\" data-id=\"13e1e844\" data-element_type=\"column\" data-e-type=\"column\">\n\t\t\t<div class=\"elementor-widget-wrap elementor-element-populated\">\n\t\t\t\t\t\t<div class=\"elementor-element elementor-element-73717112 elementor-widget elementor-widget-text-editor\" data-id=\"73717112\" data-element_type=\"widget\" data-e-type=\"widget\" data-widget_type=\"text-editor.default\">\n\t\t\t\t<div class=\"elementor-widget-container\">\n\t\t\t\t\t\t\t\t\t<p>Alphonse Teyabe, docteur, coordinateur de Radios Ebene au cameroun et Afrique centrale \u00e9voque la n\u00e9cessit\u00e9 de mettre en ondes des \u00e9missions sur le d\u00e9veloppement &#8211; Interview Jo\u00ebl Baumann<\/p>\t\t\t\t\t\t\t\t<\/div>\n\t\t\t\t<\/div>\n\t\t\t\t\t<\/div>\n\t\t<\/div>\n\t\t\t\t\t<\/div>\n\t\t<\/section>\n\t\t\t\t<div class=\"elementor-element elementor-element-5cc06c33 elementor-widget elementor-widget-wp-widget-media_audio\" data-id=\"5cc06c33\" data-element_type=\"widget\" data-e-type=\"widget\" data-widget_type=\"wp-widget-media_audio.default\">\n\t\t\t\t<div class=\"elementor-widget-container\">\n\t\t\t\t\t<audio class=\"wp-audio-shortcode\" id=\"audio-63-17\" preload=\"none\" style=\"width: 100%;\" controls=\"controls\"><source type=\"audio\/wav\" src=\"http:\/\/www.e-radiotv.org\/radios-ebene-dev\/wp-content\/uploads\/sites\/7\/2025\/01\/4-ITW-Alphonse-formation-et-developpt-504.wav?_=17\" \/><source type=\"audio\/wav\" src=\"http:\/\/www.e-radiotv.org\/radios-ebene-dev\/wp-content\/uploads\/sites\/7\/2025\/01\/4-ITW-Alphonse-formation-et-developpt-504.wav?_=17\" \/><a href=\"http:\/\/www.e-radiotv.org\/radios-ebene-dev\/wp-content\/uploads\/sites\/7\/2025\/01\/4-ITW-Alphonse-formation-et-developpt-504.wav\">http:\/\/www.e-radiotv.org\/radios-ebene-dev\/wp-content\/uploads\/sites\/7\/2025\/01\/4-ITW-Alphonse-formation-et-developpt-504.wav<\/a><\/audio>\t\t\t\t<\/div>\n\t\t\t\t<\/div>\n\t\t\t\t<section class=\"elementor-section elementor-inner-section elementor-element elementor-element-741b5a31 elementor-section-boxed elementor-section-height-default elementor-section-height-default\" data-id=\"741b5a31\" data-element_type=\"section\" data-e-type=\"section\">\n\t\t\t\t\t\t<div class=\"elementor-container elementor-column-gap-default\">\n\t\t\t\t\t<div class=\"elementor-column elementor-col-50 elementor-inner-column elementor-element elementor-element-5a467bc5\" data-id=\"5a467bc5\" data-element_type=\"column\" data-e-type=\"column\">\n\t\t\t<div class=\"elementor-widget-wrap elementor-element-populated\">\n\t\t\t\t\t\t<div class=\"elementor-element elementor-element-f12dc41 elementor-position-inline-start elementor-view-default elementor-mobile-position-block-start elementor-widget elementor-widget-icon-box\" data-id=\"f12dc41\" data-element_type=\"widget\" data-e-type=\"widget\" data-widget_type=\"icon-box.default\">\n\t\t\t\t<div class=\"elementor-widget-container\">\n\t\t\t\t\t\t\t<div class=\"elementor-icon-box-wrapper\">\n\n\t\t\t\t\t\t<div class=\"elementor-icon-box-icon\">\n\t\t\t\t<span  class=\"elementor-icon\">\n\t\t\t\t<i aria-hidden=\"true\" class=\"eci  fontello-5cd8e396-volume-up\"><\/i>\t\t\t\t<\/span>\n\t\t\t<\/div>\n\t\t\t\n\t\t\t\t\t\t<div class=\"elementor-icon-box-content\">\n\n\t\t\t\t\t\t\t\t\t<h3 class=\"elementor-icon-box-title\">\n\t\t\t\t\t\t<span  >\n\t\t\t\t\t\t\tQu'est-ce que Radios Ebene D\u00e9veloppement?\t\t\t\t\t\t<\/span>\n\t\t\t\t\t<\/h3>\n\t\t\t\t\n\t\t\t\t\n\t\t\t<\/div>\n\t\t\t\n\t\t<\/div>\n\t\t\t\t\t\t<\/div>\n\t\t\t\t<\/div>\n\t\t\t\t\t<\/div>\n\t\t<\/div>\n\t\t\t\t<div class=\"elementor-column elementor-col-50 elementor-inner-column elementor-element elementor-element-b949d76\" data-id=\"b949d76\" data-element_type=\"column\" data-e-type=\"column\">\n\t\t\t<div class=\"elementor-widget-wrap elementor-element-populated\">\n\t\t\t\t\t\t<div class=\"elementor-element elementor-element-32165799 elementor-widget elementor-widget-text-editor\" data-id=\"32165799\" data-element_type=\"widget\" data-e-type=\"widget\" data-widget_type=\"text-editor.default\">\n\t\t\t\t<div class=\"elementor-widget-container\">\n\t\t\t\t\t\t\t\t\t<p>Interview de Jo\u00ebl Baumann par Christian Masson sur Radio Alliance plus. Il \u00e9voque l&rsquo;association son actualit\u00e9 en 2018<\/p>\t\t\t\t\t\t\t\t<\/div>\n\t\t\t\t<\/div>\n\t\t\t\t\t<\/div>\n\t\t<\/div>\n\t\t\t\t\t<\/div>\n\t\t<\/section>\n\t\t\t\t<div class=\"elementor-element elementor-element-530d005b elementor-widget elementor-widget-wp-widget-media_audio\" data-id=\"530d005b\" data-element_type=\"widget\" data-e-type=\"widget\" data-widget_type=\"wp-widget-media_audio.default\">\n\t\t\t\t<div class=\"elementor-widget-container\">\n\t\t\t\t\t<audio class=\"wp-audio-shortcode\" id=\"audio-63-18\" preload=\"none\" style=\"width: 100%;\" controls=\"controls\"><source type=\"audio\/mpeg\" src=\"http:\/\/www.e-radiotv.org\/radios-ebene-dev\/wp-content\/uploads\/sites\/7\/2025\/01\/radios-ebene-Fre\u0301quence-prot-8_07_178.mp3?_=18\" \/><source type=\"audio\/mpeg\" src=\"http:\/\/www.e-radiotv.org\/radios-ebene-dev\/wp-content\/uploads\/sites\/7\/2025\/01\/radios-ebene-Fre\u0301quence-prot-8_07_178.mp3?_=18\" \/><a href=\"http:\/\/www.e-radiotv.org\/radios-ebene-dev\/wp-content\/uploads\/sites\/7\/2025\/01\/radios-ebene-Fre\u0301quence-prot-8_07_178.mp3\">http:\/\/www.e-radiotv.org\/radios-ebene-dev\/wp-content\/uploads\/sites\/7\/2025\/01\/radios-ebene-Fre\u0301quence-prot-8_07_178.mp3<\/a><\/audio>\t\t\t\t<\/div>\n\t\t\t\t<\/div>\n\t\t\t\t<section class=\"elementor-section elementor-inner-section elementor-element elementor-element-13372652 elementor-section-boxed elementor-section-height-default elementor-section-height-default\" data-id=\"13372652\" data-element_type=\"section\" data-e-type=\"section\">\n\t\t\t\t\t\t<div class=\"elementor-container elementor-column-gap-default\">\n\t\t\t\t\t<div class=\"elementor-column elementor-col-50 elementor-inner-column elementor-element elementor-element-62be1d0e\" data-id=\"62be1d0e\" data-element_type=\"column\" data-e-type=\"column\">\n\t\t\t<div class=\"elementor-widget-wrap elementor-element-populated\">\n\t\t\t\t\t\t<div class=\"elementor-element elementor-element-348b8e8f elementor-position-inline-start elementor-view-default elementor-mobile-position-block-start elementor-widget elementor-widget-icon-box\" data-id=\"348b8e8f\" data-element_type=\"widget\" data-e-type=\"widget\" data-widget_type=\"icon-box.default\">\n\t\t\t\t<div class=\"elementor-widget-container\">\n\t\t\t\t\t\t\t<div class=\"elementor-icon-box-wrapper\">\n\n\t\t\t\t\t\t<div class=\"elementor-icon-box-icon\">\n\t\t\t\t<span  class=\"elementor-icon\">\n\t\t\t\t<i aria-hidden=\"true\" class=\"eci  fontello-5cd8e396-volume-up\"><\/i>\t\t\t\t<\/span>\n\t\t\t<\/div>\n\t\t\t\n\t\t\t\t\t\t<div class=\"elementor-icon-box-content\">\n\n\t\t\t\t\t\t\t\t\t<h3 class=\"elementor-icon-box-title\">\n\t\t\t\t\t\t<span  >\n\t\t\t\t\t\t\tT\u00e9moignage d'un animateur radio\t\t\t\t\t\t<\/span>\n\t\t\t\t\t<\/h3>\n\t\t\t\t\n\t\t\t\t\n\t\t\t<\/div>\n\t\t\t\n\t\t<\/div>\n\t\t\t\t\t\t<\/div>\n\t\t\t\t<\/div>\n\t\t\t\t\t<\/div>\n\t\t<\/div>\n\t\t\t\t<div class=\"elementor-column elementor-col-50 elementor-inner-column elementor-element elementor-element-7feab68a\" data-id=\"7feab68a\" data-element_type=\"column\" data-e-type=\"column\">\n\t\t\t<div class=\"elementor-widget-wrap elementor-element-populated\">\n\t\t\t\t\t\t<div class=\"elementor-element elementor-element-5c950b9d elementor-widget elementor-widget-text-editor\" data-id=\"5c950b9d\" data-element_type=\"widget\" data-e-type=\"widget\" data-widget_type=\"text-editor.default\">\n\t\t\t\t<div class=\"elementor-widget-container\">\n\t\t\t\t\t\t\t\t\t<p>Interview de Parfait Gaillard, Eglise \u00e9vang\u00e9lique du Cameroun nous parle de son exp\u00e9rience en communication radio<\/p>\t\t\t\t\t\t\t\t<\/div>\n\t\t\t\t<\/div>\n\t\t\t\t\t<\/div>\n\t\t<\/div>\n\t\t\t\t\t<\/div>\n\t\t<\/section>\n\t\t\t\t<div class=\"elementor-element elementor-element-4cc2bb86 elementor-widget elementor-widget-wp-widget-media_audio\" data-id=\"4cc2bb86\" data-element_type=\"widget\" data-e-type=\"widget\" data-widget_type=\"wp-widget-media_audio.default\">\n\t\t\t\t<div class=\"elementor-widget-container\">\n\t\t\t\t\t<audio class=\"wp-audio-shortcode\" id=\"audio-63-19\" preload=\"none\" style=\"width: 100%;\" controls=\"controls\"><source type=\"audio\/mpeg\" src=\"http:\/\/www.e-radiotv.org\/radios-ebene-dev\/wp-content\/uploads\/sites\/7\/2025\/01\/Parfait-Gaillard-Bangangte\u0301.mp3?_=19\" \/><source type=\"audio\/mpeg\" src=\"http:\/\/www.e-radiotv.org\/radios-ebene-dev\/wp-content\/uploads\/sites\/7\/2025\/01\/Parfait-Gaillard-Bangangte\u0301.mp3?_=19\" \/><a href=\"http:\/\/www.e-radiotv.org\/radios-ebene-dev\/wp-content\/uploads\/sites\/7\/2025\/01\/Parfait-Gaillard-Bangangte\u0301.mp3\">http:\/\/www.e-radiotv.org\/radios-ebene-dev\/wp-content\/uploads\/sites\/7\/2025\/01\/Parfait-Gaillard-Bangangte\u0301.mp3<\/a><\/audio>\t\t\t\t<\/div>\n\t\t\t\t<\/div>\n\t\t\t\t<section class=\"elementor-section elementor-inner-section elementor-element elementor-element-4a0d3849 elementor-section-boxed elementor-section-height-default elementor-section-height-default\" data-id=\"4a0d3849\" data-element_type=\"section\" data-e-type=\"section\">\n\t\t\t\t\t\t<div class=\"elementor-container elementor-column-gap-default\">\n\t\t\t\t\t<div class=\"elementor-column elementor-col-50 elementor-inner-column elementor-element elementor-element-1de6792f\" data-id=\"1de6792f\" data-element_type=\"column\" data-e-type=\"column\">\n\t\t\t<div class=\"elementor-widget-wrap elementor-element-populated\">\n\t\t\t\t\t\t<div class=\"elementor-element elementor-element-12c2872 elementor-position-inline-start elementor-view-default elementor-mobile-position-block-start elementor-widget elementor-widget-icon-box\" data-id=\"12c2872\" data-element_type=\"widget\" data-e-type=\"widget\" data-widget_type=\"icon-box.default\">\n\t\t\t\t<div class=\"elementor-widget-container\">\n\t\t\t\t\t\t\t<div class=\"elementor-icon-box-wrapper\">\n\n\t\t\t\t\t\t<div class=\"elementor-icon-box-icon\">\n\t\t\t\t<span  class=\"elementor-icon\">\n\t\t\t\t<i aria-hidden=\"true\" class=\"eci  fontello-5cd8e396-volume-up\"><\/i>\t\t\t\t<\/span>\n\t\t\t<\/div>\n\t\t\t\n\t\t\t\t\t\t<div class=\"elementor-icon-box-content\">\n\n\t\t\t\t\t\t\t\t\t<h4 class=\"elementor-icon-box-title\">\n\t\t\t\t\t\t<span  >\n\t\t\t\t\t\t\tla radio \u00e0 l'\u00e9coute des auditeurs\t\t\t\t\t\t<\/span>\n\t\t\t\t\t<\/h4>\n\t\t\t\t\n\t\t\t\t\n\t\t\t<\/div>\n\t\t\t\n\t\t<\/div>\n\t\t\t\t\t\t<\/div>\n\t\t\t\t<\/div>\n\t\t\t\t\t<\/div>\n\t\t<\/div>\n\t\t\t\t<div class=\"elementor-column elementor-col-50 elementor-inner-column elementor-element elementor-element-ace87c0\" data-id=\"ace87c0\" data-element_type=\"column\" data-e-type=\"column\">\n\t\t\t<div class=\"elementor-widget-wrap elementor-element-populated\">\n\t\t\t\t\t\t<div class=\"elementor-element elementor-element-5a156bcc elementor-widget elementor-widget-text-editor\" data-id=\"5a156bcc\" data-element_type=\"widget\" data-e-type=\"widget\" data-widget_type=\"text-editor.default\">\n\t\t\t\t<div class=\"elementor-widget-container\">\n\t\t\t\t\t\t\t\t\t<p>Georges Boom, producteur d&rsquo;une \u00e9mission \u00ab\u00a0c\u0153urs bris\u00e9s\u00a0\u00bb sur radio Hosanna \u00e0 Yaound\u00e9. Emission de th\u00e9rapie \u00e9motionnelle en dialogue avec les auditeurs<\/p>\t\t\t\t\t\t\t\t<\/div>\n\t\t\t\t<\/div>\n\t\t\t\t\t<\/div>\n\t\t<\/div>\n\t\t\t\t\t<\/div>\n\t\t<\/section>\n\t\t\t\t<div class=\"elementor-element elementor-element-1aed6172 elementor-widget elementor-widget-wp-widget-media_audio\" data-id=\"1aed6172\" data-element_type=\"widget\" data-e-type=\"widget\" data-widget_type=\"wp-widget-media_audio.default\">\n\t\t\t\t<div class=\"elementor-widget-container\">\n\t\t\t\t\t<audio class=\"wp-audio-shortcode\" id=\"audio-63-20\" preload=\"none\" style=\"width: 100%;\" controls=\"controls\"><source type=\"audio\/wav\" src=\"http:\/\/www.e-radiotv.org\/radios-ebene-dev\/wp-content\/uploads\/sites\/7\/2025\/01\/2-Georges-e\u0301mission-coeurs-brise\u0301s_328.wav?_=20\" \/><source type=\"audio\/wav\" src=\"http:\/\/www.e-radiotv.org\/radios-ebene-dev\/wp-content\/uploads\/sites\/7\/2025\/01\/2-Georges-e\u0301mission-coeurs-brise\u0301s_328.wav?_=20\" \/><a href=\"http:\/\/www.e-radiotv.org\/radios-ebene-dev\/wp-content\/uploads\/sites\/7\/2025\/01\/2-Georges-e\u0301mission-coeurs-brise\u0301s_328.wav\">http:\/\/www.e-radiotv.org\/radios-ebene-dev\/wp-content\/uploads\/sites\/7\/2025\/01\/2-Georges-e\u0301mission-coeurs-brise\u0301s_328.wav<\/a><\/audio>\t\t\t\t<\/div>\n\t\t\t\t<\/div>\n\t\t\t\t<section class=\"elementor-section elementor-inner-section elementor-element elementor-element-7fa11478 elementor-section-boxed elementor-section-height-default elementor-section-height-default\" data-id=\"7fa11478\" data-element_type=\"section\" data-e-type=\"section\">\n\t\t\t\t\t\t<div class=\"elementor-container elementor-column-gap-default\">\n\t\t\t\t\t<div class=\"elementor-column elementor-col-50 elementor-inner-column elementor-element elementor-element-62a35070\" data-id=\"62a35070\" data-element_type=\"column\" data-e-type=\"column\">\n\t\t\t<div class=\"elementor-widget-wrap elementor-element-populated\">\n\t\t\t\t\t\t<div class=\"elementor-element elementor-element-48d1d150 elementor-position-inline-start elementor-view-default elementor-mobile-position-block-start elementor-widget elementor-widget-icon-box\" data-id=\"48d1d150\" data-element_type=\"widget\" data-e-type=\"widget\" data-widget_type=\"icon-box.default\">\n\t\t\t\t<div class=\"elementor-widget-container\">\n\t\t\t\t\t\t\t<div class=\"elementor-icon-box-wrapper\">\n\n\t\t\t\t\t\t<div class=\"elementor-icon-box-icon\">\n\t\t\t\t<span  class=\"elementor-icon\">\n\t\t\t\t<i aria-hidden=\"true\" class=\"eci  fontello-5cd8e396-volume-up\"><\/i>\t\t\t\t<\/span>\n\t\t\t<\/div>\n\t\t\t\n\t\t\t\t\t\t<div class=\"elementor-icon-box-content\">\n\n\t\t\t\t\t\t\t\t\t<h3 class=\"elementor-icon-box-title\">\n\t\t\t\t\t\t<span  >\n\t\t\t\t\t\t\tD\u00e9velopper une webradio en Afrique\t\t\t\t\t\t<\/span>\n\t\t\t\t\t<\/h3>\n\t\t\t\t\n\t\t\t\t\n\t\t\t<\/div>\n\t\t\t\n\t\t<\/div>\n\t\t\t\t\t\t<\/div>\n\t\t\t\t<\/div>\n\t\t\t\t\t<\/div>\n\t\t<\/div>\n\t\t\t\t<div class=\"elementor-column elementor-col-50 elementor-inner-column elementor-element elementor-element-469bd182\" data-id=\"469bd182\" data-element_type=\"column\" data-e-type=\"column\">\n\t\t\t<div class=\"elementor-widget-wrap elementor-element-populated\">\n\t\t\t\t\t\t<div class=\"elementor-element elementor-element-1d863260 elementor-widget elementor-widget-text-editor\" data-id=\"1d863260\" data-element_type=\"widget\" data-e-type=\"widget\" data-widget_type=\"text-editor.default\">\n\t\t\t\t<div class=\"elementor-widget-container\">\n\t\t\t\t\t\t\t\t\t<p>Extrait d&rsquo;un module de formation par Val\u00e9rie, journaliste et formatrice \u00e0 Yaound\u00e9, venue ponctuellement animer une matin\u00e9e de cours lors de la formation des formateurs en 2018<\/p>\t\t\t\t\t\t\t\t<\/div>\n\t\t\t\t<\/div>\n\t\t\t\t\t<\/div>\n\t\t<\/div>\n\t\t\t\t\t<\/div>\n\t\t<\/section>\n\t\t\t\t<div class=\"elementor-element elementor-element-a7f3a1b elementor-widget elementor-widget-wp-widget-media_audio\" data-id=\"a7f3a1b\" data-element_type=\"widget\" data-e-type=\"widget\" data-widget_type=\"wp-widget-media_audio.default\">\n\t\t\t\t<div class=\"elementor-widget-container\">\n\t\t\t\t\t<audio class=\"wp-audio-shortcode\" id=\"audio-63-21\" preload=\"none\" style=\"width: 100%;\" controls=\"controls\"><source type=\"audio\/mpeg\" src=\"http:\/\/www.e-radiotv.org\/radios-ebene-dev\/wp-content\/uploads\/sites\/7\/2025\/01\/Dorothe\u0301e-prof-com-Yaounde\u0301.mp3?_=21\" \/><source type=\"audio\/mpeg\" src=\"http:\/\/www.e-radiotv.org\/radios-ebene-dev\/wp-content\/uploads\/sites\/7\/2025\/01\/Dorothe\u0301e-prof-com-Yaounde\u0301.mp3?_=21\" \/><a href=\"http:\/\/www.e-radiotv.org\/radios-ebene-dev\/wp-content\/uploads\/sites\/7\/2025\/01\/Dorothe\u0301e-prof-com-Yaounde\u0301.mp3\">http:\/\/www.e-radiotv.org\/radios-ebene-dev\/wp-content\/uploads\/sites\/7\/2025\/01\/Dorothe\u0301e-prof-com-Yaounde\u0301.mp3<\/a><\/audio>\t\t\t\t<\/div>\n\t\t\t\t<\/div>\n\t\t\t\t<section class=\"elementor-section elementor-inner-section elementor-element elementor-element-624f4e73 elementor-section-boxed elementor-section-height-default elementor-section-height-default\" data-id=\"624f4e73\" data-element_type=\"section\" data-e-type=\"section\">\n\t\t\t\t\t\t<div class=\"elementor-container elementor-column-gap-default\">\n\t\t\t\t\t<div class=\"elementor-column elementor-col-50 elementor-inner-column elementor-element elementor-element-38a98b6f\" data-id=\"38a98b6f\" data-element_type=\"column\" data-e-type=\"column\">\n\t\t\t<div class=\"elementor-widget-wrap elementor-element-populated\">\n\t\t\t\t\t\t<div class=\"elementor-element elementor-element-64f016a5 elementor-position-inline-start elementor-view-default elementor-mobile-position-block-start elementor-widget elementor-widget-icon-box\" data-id=\"64f016a5\" data-element_type=\"widget\" data-e-type=\"widget\" data-widget_type=\"icon-box.default\">\n\t\t\t\t<div class=\"elementor-widget-container\">\n\t\t\t\t\t\t\t<div class=\"elementor-icon-box-wrapper\">\n\n\t\t\t\t\t\t<div class=\"elementor-icon-box-icon\">\n\t\t\t\t<span  class=\"elementor-icon\">\n\t\t\t\t<i aria-hidden=\"true\" class=\"eci  fontello-5cd8e396-volume-up\"><\/i>\t\t\t\t<\/span>\n\t\t\t<\/div>\n\t\t\t\n\t\t\t\t\t\t<div class=\"elementor-icon-box-content\">\n\n\t\t\t\t\t\t\t\t\t<h3 class=\"elementor-icon-box-title\">\n\t\t\t\t\t\t<span  >\n\t\t\t\t\t\t\tLa radio, une solution pour l'Afrique\t\t\t\t\t\t<\/span>\n\t\t\t\t\t<\/h3>\n\t\t\t\t\n\t\t\t\t\n\t\t\t<\/div>\n\t\t\t\n\t\t<\/div>\n\t\t\t\t\t\t<\/div>\n\t\t\t\t<\/div>\n\t\t\t\t\t<\/div>\n\t\t<\/div>\n\t\t\t\t<div class=\"elementor-column elementor-col-50 elementor-inner-column elementor-element elementor-element-54024634\" data-id=\"54024634\" data-element_type=\"column\" data-e-type=\"column\">\n\t\t\t<div class=\"elementor-widget-wrap elementor-element-populated\">\n\t\t\t\t\t\t<div class=\"elementor-element elementor-element-4b9497fb elementor-widget elementor-widget-text-editor\" data-id=\"4b9497fb\" data-element_type=\"widget\" data-e-type=\"widget\" data-widget_type=\"text-editor.default\">\n\t\t\t\t<div class=\"elementor-widget-container\">\n\t\t\t\t\t\t\t\t\t<p>Alphonse Teyab\u00e9, pasteur et coordinateur de Radios Evene D\u00e9veloppement au Cameroun et Afrique Centrale \u00e9voque l&rsquo;importance de la radio en Afrique<\/p>\t\t\t\t\t\t\t\t<\/div>\n\t\t\t\t<\/div>\n\t\t\t\t\t<\/div>\n\t\t<\/div>\n\t\t\t\t\t<\/div>\n\t\t<\/section>\n\t\t\t\t<div class=\"elementor-element elementor-element-5b765ad0 elementor-widget elementor-widget-wp-widget-media_audio\" data-id=\"5b765ad0\" data-element_type=\"widget\" data-e-type=\"widget\" data-widget_type=\"wp-widget-media_audio.default\">\n\t\t\t\t<div class=\"elementor-widget-container\">\n\t\t\t\t\t<audio class=\"wp-audio-shortcode\" id=\"audio-63-22\" preload=\"none\" style=\"width: 100%;\" controls=\"controls\"><source type=\"audio\/wav\" src=\"http:\/\/www.e-radiotv.org\/radios-ebene-dev\/wp-content\/uploads\/sites\/7\/2025\/01\/5-ITW-Alphonse-lAfrique-et-la-radio-153.wav?_=22\" \/><source type=\"audio\/wav\" src=\"http:\/\/www.e-radiotv.org\/radios-ebene-dev\/wp-content\/uploads\/sites\/7\/2025\/01\/5-ITW-Alphonse-lAfrique-et-la-radio-153.wav?_=22\" \/><a href=\"http:\/\/www.e-radiotv.org\/radios-ebene-dev\/wp-content\/uploads\/sites\/7\/2025\/01\/5-ITW-Alphonse-lAfrique-et-la-radio-153.wav\">http:\/\/www.e-radiotv.org\/radios-ebene-dev\/wp-content\/uploads\/sites\/7\/2025\/01\/5-ITW-Alphonse-lAfrique-et-la-radio-153.wav<\/a><\/audio>\t\t\t\t<\/div>\n\t\t\t\t<\/div>\n\t\t\t\t<section class=\"elementor-section elementor-inner-section elementor-element elementor-element-6009ad38 elementor-section-boxed elementor-section-height-default elementor-section-height-default\" data-id=\"6009ad38\" data-element_type=\"section\" data-e-type=\"section\">\n\t\t\t\t\t\t<div class=\"elementor-container elementor-column-gap-default\">\n\t\t\t\t\t<div class=\"elementor-column elementor-col-50 elementor-inner-column elementor-element elementor-element-4e32a6f9\" data-id=\"4e32a6f9\" data-element_type=\"column\" data-e-type=\"column\">\n\t\t\t<div class=\"elementor-widget-wrap elementor-element-populated\">\n\t\t\t\t\t\t<div class=\"elementor-element elementor-element-6026bae8 elementor-position-inline-start elementor-view-default elementor-mobile-position-block-start elementor-widget elementor-widget-icon-box\" data-id=\"6026bae8\" data-element_type=\"widget\" data-e-type=\"widget\" data-widget_type=\"icon-box.default\">\n\t\t\t\t<div class=\"elementor-widget-container\">\n\t\t\t\t\t\t\t<div class=\"elementor-icon-box-wrapper\">\n\n\t\t\t\t\t\t<div class=\"elementor-icon-box-icon\">\n\t\t\t\t<span  class=\"elementor-icon\">\n\t\t\t\t<i aria-hidden=\"true\" class=\"eci  fontello-5cd8e396-volume-up\"><\/i>\t\t\t\t<\/span>\n\t\t\t<\/div>\n\t\t\t\n\t\t\t\t\t\t<div class=\"elementor-icon-box-content\">\n\n\t\t\t\t\t\t\t\t\t<h3 class=\"elementor-icon-box-title\">\n\t\t\t\t\t\t<span  >\n\t\t\t\t\t\t\tImportance de la radio en Afrique\t\t\t\t\t\t<\/span>\n\t\t\t\t\t<\/h3>\n\t\t\t\t\n\t\t\t\t\n\t\t\t<\/div>\n\t\t\t\n\t\t<\/div>\n\t\t\t\t\t\t<\/div>\n\t\t\t\t<\/div>\n\t\t\t\t\t<\/div>\n\t\t<\/div>\n\t\t\t\t<div class=\"elementor-column elementor-col-50 elementor-inner-column elementor-element elementor-element-351aa8e9\" data-id=\"351aa8e9\" data-element_type=\"column\" data-e-type=\"column\">\n\t\t\t<div class=\"elementor-widget-wrap elementor-element-populated\">\n\t\t\t\t\t\t<div class=\"elementor-element elementor-element-4f3ef0dd elementor-widget elementor-widget-text-editor\" data-id=\"4f3ef0dd\" data-element_type=\"widget\" data-e-type=\"widget\" data-widget_type=\"text-editor.default\">\n\t\t\t\t<div class=\"elementor-widget-container\">\n\t\t\t\t\t\t\t\t\t<p>Exercice d&rsquo;interview du pasteur Etienne Kiemd\u00e9, directeur de \u00ab\u00a0radio Evangile \u00e0 Ouagadougou par une participante \u00e0 la session de formation &#8211; 2016<\/p>\t\t\t\t\t\t\t\t<\/div>\n\t\t\t\t<\/div>\n\t\t\t\t\t<\/div>\n\t\t<\/div>\n\t\t\t\t\t<\/div>\n\t\t<\/section>\n\t\t\t\t<div class=\"elementor-element elementor-element-47c5f8ab elementor-widget elementor-widget-wp-widget-media_audio\" data-id=\"47c5f8ab\" data-element_type=\"widget\" data-e-type=\"widget\" data-widget_type=\"wp-widget-media_audio.default\">\n\t\t\t\t<div class=\"elementor-widget-container\">\n\t\t\t\t\t<audio class=\"wp-audio-shortcode\" id=\"audio-63-23\" preload=\"none\" style=\"width: 100%;\" controls=\"controls\"><source type=\"audio\/mpeg\" src=\"http:\/\/www.e-radiotv.org\/radios-ebene-dev\/wp-content\/uploads\/sites\/7\/2025\/01\/Emmision-de-deve\u0301loppement.mp3?_=23\" \/><source type=\"audio\/mpeg\" src=\"http:\/\/www.e-radiotv.org\/radios-ebene-dev\/wp-content\/uploads\/sites\/7\/2025\/01\/Emmision-de-deve\u0301loppement.mp3?_=23\" \/><a href=\"http:\/\/www.e-radiotv.org\/radios-ebene-dev\/wp-content\/uploads\/sites\/7\/2025\/01\/Emmision-de-deve\u0301loppement.mp3\">http:\/\/www.e-radiotv.org\/radios-ebene-dev\/wp-content\/uploads\/sites\/7\/2025\/01\/Emmision-de-deve\u0301loppement.mp3<\/a><\/audio>\t\t\t\t<\/div>\n\t\t\t\t<\/div>\n\t\t\t\t<section class=\"elementor-section elementor-inner-section elementor-element elementor-element-15f60c0d elementor-section-boxed elementor-section-height-default elementor-section-height-default\" data-id=\"15f60c0d\" data-element_type=\"section\" data-e-type=\"section\">\n\t\t\t\t\t\t<div class=\"elementor-container elementor-column-gap-default\">\n\t\t\t\t\t<div class=\"elementor-column elementor-col-50 elementor-inner-column elementor-element elementor-element-39d53527\" data-id=\"39d53527\" data-element_type=\"column\" data-e-type=\"column\">\n\t\t\t<div class=\"elementor-widget-wrap elementor-element-populated\">\n\t\t\t\t\t\t<div class=\"elementor-element elementor-element-2e8bc1ea elementor-position-inline-start elementor-view-default elementor-mobile-position-block-start elementor-widget elementor-widget-icon-box\" data-id=\"2e8bc1ea\" data-element_type=\"widget\" data-e-type=\"widget\" data-widget_type=\"icon-box.default\">\n\t\t\t\t<div class=\"elementor-widget-container\">\n\t\t\t\t\t\t\t<div class=\"elementor-icon-box-wrapper\">\n\n\t\t\t\t\t\t<div class=\"elementor-icon-box-icon\">\n\t\t\t\t<span  class=\"elementor-icon\">\n\t\t\t\t<i aria-hidden=\"true\" class=\"eci  fontello-5cd8e396-volume-up\"><\/i>\t\t\t\t<\/span>\n\t\t\t<\/div>\n\t\t\t\n\t\t\t\t\t\t<div class=\"elementor-icon-box-content\">\n\n\t\t\t\t\t\t\t\t\t<h3 class=\"elementor-icon-box-title\">\n\t\t\t\t\t\t<span  >\n\t\t\t\t\t\t\tQuelle formation radio pour l'Afrique?\t\t\t\t\t\t<\/span>\n\t\t\t\t\t<\/h3>\n\t\t\t\t\n\t\t\t\t\n\t\t\t<\/div>\n\t\t\t\n\t\t<\/div>\n\t\t\t\t\t\t<\/div>\n\t\t\t\t<\/div>\n\t\t\t\t\t<\/div>\n\t\t<\/div>\n\t\t\t\t<div class=\"elementor-column elementor-col-50 elementor-inner-column elementor-element elementor-element-51178411\" data-id=\"51178411\" data-element_type=\"column\" data-e-type=\"column\">\n\t\t\t<div class=\"elementor-widget-wrap elementor-element-populated\">\n\t\t\t\t\t\t<div class=\"elementor-element elementor-element-7a5341d elementor-widget elementor-widget-text-editor\" data-id=\"7a5341d\" data-element_type=\"widget\" data-e-type=\"widget\" data-widget_type=\"text-editor.default\">\n\t\t\t\t<div class=\"elementor-widget-container\">\n\t\t\t\t\t\t\t\t\t<p>Interview d&rsquo;un participant( M Demaison) d\u00e9j\u00e0 animateur radio, apr\u00e8s le s\u00e9minaire de formation \u00e0 Bangangt\u00e9 2017<\/p>\t\t\t\t\t\t\t\t<\/div>\n\t\t\t\t<\/div>\n\t\t\t\t\t<\/div>\n\t\t<\/div>\n\t\t\t\t\t<\/div>\n\t\t<\/section>\n\t\t\t\t<div class=\"elementor-element elementor-element-69d236bf elementor-widget elementor-widget-wp-widget-media_audio\" data-id=\"69d236bf\" data-element_type=\"widget\" data-e-type=\"widget\" data-widget_type=\"wp-widget-media_audio.default\">\n\t\t\t\t<div class=\"elementor-widget-container\">\n\t\t\t\t\t<audio class=\"wp-audio-shortcode\" id=\"audio-63-24\" preload=\"none\" style=\"width: 100%;\" controls=\"controls\"><source type=\"audio\/mpeg\" src=\"http:\/\/www.e-radiotv.org\/radios-ebene-dev\/wp-content\/uploads\/sites\/7\/2025\/01\/4-ITW-Demaison136.mp3?_=24\" \/><source type=\"audio\/mpeg\" src=\"http:\/\/www.e-radiotv.org\/radios-ebene-dev\/wp-content\/uploads\/sites\/7\/2025\/01\/4-ITW-Demaison136.mp3?_=24\" \/><a href=\"http:\/\/www.e-radiotv.org\/radios-ebene-dev\/wp-content\/uploads\/sites\/7\/2025\/01\/4-ITW-Demaison136.mp3\">http:\/\/www.e-radiotv.org\/radios-ebene-dev\/wp-content\/uploads\/sites\/7\/2025\/01\/4-ITW-Demaison136.mp3<\/a><\/audio>\t\t\t\t<\/div>\n\t\t\t\t<\/div>\n\t\t\t\t<section class=\"elementor-section elementor-inner-section elementor-element elementor-element-689481cd elementor-section-boxed elementor-section-height-default elementor-section-height-default\" data-id=\"689481cd\" data-element_type=\"section\" data-e-type=\"section\">\n\t\t\t\t\t\t<div class=\"elementor-container elementor-column-gap-default\">\n\t\t\t\t\t<div class=\"elementor-column elementor-col-50 elementor-inner-column elementor-element elementor-element-76e59735\" data-id=\"76e59735\" data-element_type=\"column\" data-e-type=\"column\">\n\t\t\t<div class=\"elementor-widget-wrap elementor-element-populated\">\n\t\t\t\t\t\t<div class=\"elementor-element elementor-element-60636797 elementor-position-inline-start elementor-view-default elementor-mobile-position-block-start elementor-widget elementor-widget-icon-box\" data-id=\"60636797\" data-element_type=\"widget\" data-e-type=\"widget\" data-widget_type=\"icon-box.default\">\n\t\t\t\t<div class=\"elementor-widget-container\">\n\t\t\t\t\t\t\t<div class=\"elementor-icon-box-wrapper\">\n\n\t\t\t\t\t\t<div class=\"elementor-icon-box-icon\">\n\t\t\t\t<span  class=\"elementor-icon\">\n\t\t\t\t<i aria-hidden=\"true\" class=\"eci  fontello-5cd8e396-volume-up\"><\/i>\t\t\t\t<\/span>\n\t\t\t<\/div>\n\t\t\t\n\t\t\t\t\t\t<div class=\"elementor-icon-box-content\">\n\n\t\t\t\t\t\t\t\t\t<h4 class=\"elementor-icon-box-title\">\n\t\t\t\t\t\t<span  >\n\t\t\t\t\t\t\tReportage dans un h\u00f4pital protestant\t\t\t\t\t\t<\/span>\n\t\t\t\t\t<\/h4>\n\t\t\t\t\n\t\t\t\t\n\t\t\t<\/div>\n\t\t\t\n\t\t<\/div>\n\t\t\t\t\t\t<\/div>\n\t\t\t\t<\/div>\n\t\t\t\t\t<\/div>\n\t\t<\/div>\n\t\t\t\t<div class=\"elementor-column elementor-col-50 elementor-inner-column elementor-element elementor-element-7057daa9\" data-id=\"7057daa9\" data-element_type=\"column\" data-e-type=\"column\">\n\t\t\t<div class=\"elementor-widget-wrap elementor-element-populated\">\n\t\t\t\t\t\t<div class=\"elementor-element elementor-element-15e8db9b elementor-widget elementor-widget-text-editor\" data-id=\"15e8db9b\" data-element_type=\"widget\" data-e-type=\"widget\" data-widget_type=\"text-editor.default\">\n\t\t\t\t<div class=\"elementor-widget-container\">\n\t\t\t\t\t\t\t\t\t<p>Exercice de reportage par un des stagiaire au s\u00e9minaire de formation radiophonique \u00e0 Ouagadougou 2016<\/p>\t\t\t\t\t\t\t\t<\/div>\n\t\t\t\t<\/div>\n\t\t\t\t\t<\/div>\n\t\t<\/div>\n\t\t\t\t\t<\/div>\n\t\t<\/section>\n\t\t\t\t<div class=\"elementor-element elementor-element-24d7b22a elementor-widget elementor-widget-wp-widget-media_audio\" data-id=\"24d7b22a\" data-element_type=\"widget\" data-e-type=\"widget\" data-widget_type=\"wp-widget-media_audio.default\">\n\t\t\t\t<div class=\"elementor-widget-container\">\n\t\t\t\t\t<audio class=\"wp-audio-shortcode\" id=\"audio-63-25\" preload=\"none\" style=\"width: 100%;\" controls=\"controls\"><source type=\"audio\/mpeg\" src=\"http:\/\/www.e-radiotv.org\/radios-ebene-dev\/wp-content\/uploads\/sites\/7\/2025\/01\/reportage-hopital-protestant757.mp3?_=25\" \/><source type=\"audio\/mpeg\" src=\"http:\/\/www.e-radiotv.org\/radios-ebene-dev\/wp-content\/uploads\/sites\/7\/2025\/01\/reportage-hopital-protestant757.mp3?_=25\" \/><a href=\"http:\/\/www.e-radiotv.org\/radios-ebene-dev\/wp-content\/uploads\/sites\/7\/2025\/01\/reportage-hopital-protestant757.mp3\">http:\/\/www.e-radiotv.org\/radios-ebene-dev\/wp-content\/uploads\/sites\/7\/2025\/01\/reportage-hopital-protestant757.mp3<\/a><\/audio>\t\t\t\t<\/div>\n\t\t\t\t<\/div>\n\t\t\t\t<section class=\"elementor-section elementor-inner-section elementor-element elementor-element-4ef34aa2 elementor-section-boxed elementor-section-height-default elementor-section-height-default\" data-id=\"4ef34aa2\" data-element_type=\"section\" data-e-type=\"section\">\n\t\t\t\t\t\t<div class=\"elementor-container elementor-column-gap-default\">\n\t\t\t\t\t<div class=\"elementor-column elementor-col-50 elementor-inner-column elementor-element elementor-element-2a918b83\" data-id=\"2a918b83\" data-element_type=\"column\" data-e-type=\"column\">\n\t\t\t<div class=\"elementor-widget-wrap elementor-element-populated\">\n\t\t\t\t\t\t<div class=\"elementor-element elementor-element-23c7a659 elementor-position-inline-start elementor-view-default elementor-mobile-position-block-start elementor-widget elementor-widget-icon-box\" data-id=\"23c7a659\" data-element_type=\"widget\" data-e-type=\"widget\" data-widget_type=\"icon-box.default\">\n\t\t\t\t<div class=\"elementor-widget-container\">\n\t\t\t\t\t\t\t<div class=\"elementor-icon-box-wrapper\">\n\n\t\t\t\t\t\t<div class=\"elementor-icon-box-icon\">\n\t\t\t\t<span  class=\"elementor-icon\">\n\t\t\t\t<i aria-hidden=\"true\" class=\"eci  fontello-5cd8e396-volume-up\"><\/i>\t\t\t\t<\/span>\n\t\t\t<\/div>\n\t\t\t\n\t\t\t\t\t\t<div class=\"elementor-icon-box-content\">\n\n\t\t\t\t\t\t\t\t\t<h3 class=\"elementor-icon-box-title\">\n\t\t\t\t\t\t<span  >\n\t\t\t\t\t\t\tBangangt\u00e9, s\u00e9minaire de formation\t\t\t\t\t\t<\/span>\n\t\t\t\t\t<\/h3>\n\t\t\t\t\n\t\t\t\t\n\t\t\t<\/div>\n\t\t\t\n\t\t<\/div>\n\t\t\t\t\t\t<\/div>\n\t\t\t\t<\/div>\n\t\t\t\t\t<\/div>\n\t\t<\/div>\n\t\t\t\t<div class=\"elementor-column elementor-col-50 elementor-inner-column elementor-element elementor-element-3d5b45be\" data-id=\"3d5b45be\" data-element_type=\"column\" data-e-type=\"column\">\n\t\t\t<div class=\"elementor-widget-wrap elementor-element-populated\">\n\t\t\t\t\t\t<div class=\"elementor-element elementor-element-314a9937 elementor-widget elementor-widget-text-editor\" data-id=\"314a9937\" data-element_type=\"widget\" data-e-type=\"widget\" data-widget_type=\"text-editor.default\">\n\t\t\t\t<div class=\"elementor-widget-container\">\n\t\t\t\t\t\t\t\t\t<p>Interview du pasteur Daniel Dor\u00e9 sur la formation \u00e0 la communication radio \u00e0 Bangangt\u00e9<\/p>\t\t\t\t\t\t\t\t<\/div>\n\t\t\t\t<\/div>\n\t\t\t\t\t<\/div>\n\t\t<\/div>\n\t\t\t\t\t<\/div>\n\t\t<\/section>\n\t\t\t\t<div class=\"elementor-element elementor-element-6ae5f813 elementor-widget elementor-widget-wp-widget-media_audio\" data-id=\"6ae5f813\" data-element_type=\"widget\" data-e-type=\"widget\" data-widget_type=\"wp-widget-media_audio.default\">\n\t\t\t\t<div class=\"elementor-widget-container\">\n\t\t\t\t\t<audio class=\"wp-audio-shortcode\" id=\"audio-63-26\" preload=\"none\" style=\"width: 100%;\" controls=\"controls\"><source type=\"audio\/mpeg\" src=\"http:\/\/www.e-radiotv.org\/radios-ebene-dev\/wp-content\/uploads\/sites\/7\/2025\/01\/2-ITW-pasteur-Daniel-dore115-1.mp3?_=26\" \/><source type=\"audio\/mpeg\" src=\"http:\/\/www.e-radiotv.org\/radios-ebene-dev\/wp-content\/uploads\/sites\/7\/2025\/01\/2-ITW-pasteur-Daniel-dore115-1.mp3?_=26\" \/><a href=\"http:\/\/www.e-radiotv.org\/radios-ebene-dev\/wp-content\/uploads\/sites\/7\/2025\/01\/2-ITW-pasteur-Daniel-dore115-1.mp3\">http:\/\/www.e-radiotv.org\/radios-ebene-dev\/wp-content\/uploads\/sites\/7\/2025\/01\/2-ITW-pasteur-Daniel-dore115-1.mp3<\/a><\/audio>\t\t\t\t<\/div>\n\t\t\t\t<\/div>\n\t\t\t\t\t<\/div>\n\t\t<\/div>\n\t\t\t\t\t<\/div>\n\t\t<\/section>\n\t\t\t\t<\/div>\n\t\t","protected":false},"excerpt":{"rendered":"<p>m\u00e9dias audios radio \u00e9b\u00e8ne Contacter \u00ab\u00a0M\u00e9dias Ebene\u00a0\u00bb pour les nouvelles actions Nous vous proposons sur cette page divers m\u00e9dias audio [&hellip;]<\/p>\n","protected":false},"author":11,"featured_media":0,"parent":0,"menu_order":0,"comment_status":"closed","ping_status":"closed","template":"","meta":{"_exactmetrics_skip_tracking":false,"_exactmetrics_sitenote_active":false,"_exactmetrics_sitenote_note":"","_exactmetrics_sitenote_category":0,"site-sidebar-layout":"no-sidebar","site-content-layout":"","ast-site-content-layout":"full-width-container","site-content-style":"default","site-sidebar-style":"default","ast-global-header-display":"","ast-banner-title-visibility":"","ast-main-header-display":"","ast-hfb-above-header-display":"","ast-hfb-below-header-display":"","ast-hfb-mobile-header-display":"","site-post-title":"disabled","ast-breadcrumbs-content":"","ast-featured-img":"disabled","footer-sml-layout":"","ast-disable-related-posts":"","theme-transparent-header-meta":"","adv-header-id-meta":"","stick-header-meta":"","header-above-stick-meta":"","header-main-stick-meta":"","header-below-stick-meta":"","astra-migrate-meta-layouts":"default","ast-page-background-enabled":"default","ast-page-background-meta":{"desktop":{"background-color":"var(--ast-global-color-5)","background-image":"","background-repeat":"repeat","background-position":"center center","background-size":"auto","background-attachment":"scroll","background-type":"","background-media":"","overlay-type":"","overlay-color":"","overlay-opacity":"","overlay-gradient":""},"tablet":{"background-color":"","background-image":"","background-repeat":"repeat","background-position":"center center","background-size":"auto","background-attachment":"scroll","background-type":"","background-media":"","overlay-type":"","overlay-color":"","overlay-opacity":"","overlay-gradient":""},"mobile":{"background-color":"","background-image":"","background-repeat":"repeat","background-position":"center center","background-size":"auto","background-attachment":"scroll","background-type":"","background-media":"","overlay-type":"","overlay-color":"","overlay-opacity":"","overlay-gradient":""}},"ast-content-background-meta":{"desktop":{"background-color":"var(--ast-global-color-4)","background-image":"","background-repeat":"repeat","background-position":"center center","background-size":"auto","background-attachment":"scroll","background-type":"","background-media":"","overlay-type":"","overlay-color":"","overlay-opacity":"","overlay-gradient":""},"tablet":{"background-color":"var(--ast-global-color-4)","background-image":"","background-repeat":"repeat","background-position":"center center","background-size":"auto","background-attachment":"scroll","background-type":"","background-media":"","overlay-type":"","overlay-color":"","overlay-opacity":"","overlay-gradient":""},"mobile":{"background-color":"var(--ast-global-color-4)","background-image":"","background-repeat":"repeat","background-position":"center center","background-size":"auto","background-attachment":"scroll","background-type":"","background-media":"","overlay-type":"","overlay-color":"","overlay-opacity":"","overlay-gradient":""}},"footnotes":""},"class_list":["post-63","page","type-page","status-publish","hentry"],"yoast_head":"<!-- This site is optimized with the Yoast SEO plugin v26.9 - https:\/\/yoast.com\/product\/yoast-seo-wordpress\/ -->\n<title>M\u00e9dias audios RED - Radios \u00c9b\u00e8ne D\u00e9veloppement<\/title>\n<meta name=\"robots\" content=\"index, follow, max-snippet:-1, max-image-preview:large, max-video-preview:-1\" \/>\n<link rel=\"canonical\" href=\"https:\/\/www.e-radiotv.org\/radios-ebene-dev\/medias-audios-red\/\" \/>\n<meta property=\"og:locale\" content=\"fr_FR\" \/>\n<meta property=\"og:type\" content=\"article\" \/>\n<meta property=\"og:title\" content=\"M\u00e9dias audios RED - Radios \u00c9b\u00e8ne D\u00e9veloppement\" \/>\n<meta property=\"og:description\" content=\"m\u00e9dias audios radio \u00e9b\u00e8ne Contacter \u00ab\u00a0M\u00e9dias Ebene\u00a0\u00bb pour les nouvelles actions Nous vous proposons sur cette page divers m\u00e9dias audio [&hellip;]\" \/>\n<meta property=\"og:url\" content=\"https:\/\/www.e-radiotv.org\/radios-ebene-dev\/medias-audios-red\/\" \/>\n<meta property=\"og:site_name\" content=\"Radios \u00c9b\u00e8ne D\u00e9veloppement\" \/>\n<meta property=\"article:publisher\" content=\"https:\/\/www.facebook.com\/radiosTVchretiennes\/\" \/>\n<meta property=\"article:modified_time\" content=\"2025-01-04T08:43:02+00:00\" \/>\n<meta property=\"og:image\" content=\"http:\/\/www.e-radiotv.org\/radios-ebene-dev\/wp-content\/uploads\/sites\/7\/2025\/01\/symbole_red40-300x225.jpg\" \/>\n<meta name=\"twitter:card\" content=\"summary_large_image\" \/>\n<meta name=\"twitter:site\" content=\"@steffendenis\" \/>\n<meta name=\"twitter:label1\" content=\"Dur\u00e9e de lecture estim\u00e9e\" \/>\n\t<meta name=\"twitter:data1\" content=\"6 minutes\" \/>\n<script type=\"application\/ld+json\" class=\"yoast-schema-graph\">{\"@context\":\"https:\/\/schema.org\",\"@graph\":[{\"@type\":\"WebPage\",\"@id\":\"https:\/\/www.e-radiotv.org\/radios-ebene-dev\/medias-audios-red\/\",\"url\":\"https:\/\/www.e-radiotv.org\/radios-ebene-dev\/medias-audios-red\/\",\"name\":\"M\u00e9dias audios RED - Radios \u00c9b\u00e8ne D\u00e9veloppement\",\"isPartOf\":{\"@id\":\"https:\/\/www.e-radiotv.org\/radios-ebene-dev\/#website\"},\"primaryImageOfPage\":{\"@id\":\"https:\/\/www.e-radiotv.org\/radios-ebene-dev\/medias-audios-red\/#primaryimage\"},\"image\":{\"@id\":\"https:\/\/www.e-radiotv.org\/radios-ebene-dev\/medias-audios-red\/#primaryimage\"},\"thumbnailUrl\":\"http:\/\/www.e-radiotv.org\/radios-ebene-dev\/wp-content\/uploads\/sites\/7\/2025\/01\/symbole_red40-300x225.jpg\",\"datePublished\":\"2025-01-03T08:28:28+00:00\",\"dateModified\":\"2025-01-04T08:43:02+00:00\",\"breadcrumb\":{\"@id\":\"https:\/\/www.e-radiotv.org\/radios-ebene-dev\/medias-audios-red\/#breadcrumb\"},\"inLanguage\":\"fr-FR\",\"potentialAction\":[{\"@type\":\"ReadAction\",\"target\":[\"https:\/\/www.e-radiotv.org\/radios-ebene-dev\/medias-audios-red\/\"]}]},{\"@type\":\"ImageObject\",\"inLanguage\":\"fr-FR\",\"@id\":\"https:\/\/www.e-radiotv.org\/radios-ebene-dev\/medias-audios-red\/#primaryimage\",\"url\":\"https:\/\/www.e-radiotv.org\/radios-ebene-dev\/wp-content\/uploads\/sites\/7\/2025\/01\/symbole_red40.jpg\",\"contentUrl\":\"https:\/\/www.e-radiotv.org\/radios-ebene-dev\/wp-content\/uploads\/sites\/7\/2025\/01\/symbole_red40.jpg\",\"width\":1024,\"height\":768},{\"@type\":\"BreadcrumbList\",\"@id\":\"https:\/\/www.e-radiotv.org\/radios-ebene-dev\/medias-audios-red\/#breadcrumb\",\"itemListElement\":[{\"@type\":\"ListItem\",\"position\":1,\"name\":\"Accueil\",\"item\":\"https:\/\/www.e-radiotv.org\/radios-ebene-dev\/\"},{\"@type\":\"ListItem\",\"position\":2,\"name\":\"M\u00e9dias audios RED\"}]},{\"@type\":\"WebSite\",\"@id\":\"https:\/\/www.e-radiotv.org\/radios-ebene-dev\/#website\",\"url\":\"https:\/\/www.e-radiotv.org\/radios-ebene-dev\/\",\"name\":\"Radios et T\u00e9l\u00e9visions Chr\u00e9tiennes\",\"description\":\"\",\"publisher\":{\"@id\":\"https:\/\/www.e-radiotv.org\/radios-ebene-dev\/#organization\"},\"potentialAction\":[{\"@type\":\"SearchAction\",\"target\":{\"@type\":\"EntryPoint\",\"urlTemplate\":\"https:\/\/www.e-radiotv.org\/radios-ebene-dev\/?s={search_term_string}\"},\"query-input\":{\"@type\":\"PropertyValueSpecification\",\"valueRequired\":true,\"valueName\":\"search_term_string\"}}],\"inLanguage\":\"fr-FR\"},{\"@type\":\"Organization\",\"@id\":\"https:\/\/www.e-radiotv.org\/radios-ebene-dev\/#organization\",\"name\":\"Radios et T\u00e9l\u00e9visions Chr\u00e9tiennes\",\"url\":\"https:\/\/www.e-radiotv.org\/radios-ebene-dev\/\",\"logo\":{\"@type\":\"ImageObject\",\"inLanguage\":\"fr-FR\",\"@id\":\"https:\/\/www.e-radiotv.org\/radios-ebene-dev\/#\/schema\/logo\/image\/\",\"url\":\"https:\/\/i0.wp.com\/www.e-radiotv.org\/wp-content\/uploads\/2017\/07\/cropped-Logo-e-radiotv-1.jpg?fit=267%2C202&ssl=1\",\"contentUrl\":\"https:\/\/i0.wp.com\/www.e-radiotv.org\/wp-content\/uploads\/2017\/07\/cropped-Logo-e-radiotv-1.jpg?fit=267%2C202&ssl=1\",\"width\":267,\"height\":202,\"caption\":\"Radios et T\u00e9l\u00e9visions Chr\u00e9tiennes\"},\"image\":{\"@id\":\"https:\/\/www.e-radiotv.org\/radios-ebene-dev\/#\/schema\/logo\/image\/\"},\"sameAs\":[\"https:\/\/www.facebook.com\/radiosTVchretiennes\/\",\"https:\/\/x.com\/steffendenis\"]}]}<\/script>\n<!-- \/ Yoast SEO plugin. -->","yoast_head_json":{"title":"M\u00e9dias audios RED - Radios \u00c9b\u00e8ne D\u00e9veloppement","robots":{"index":"index","follow":"follow","max-snippet":"max-snippet:-1","max-image-preview":"max-image-preview:large","max-video-preview":"max-video-preview:-1"},"canonical":"https:\/\/www.e-radiotv.org\/radios-ebene-dev\/medias-audios-red\/","og_locale":"fr_FR","og_type":"article","og_title":"M\u00e9dias audios RED - Radios \u00c9b\u00e8ne D\u00e9veloppement","og_description":"m\u00e9dias audios radio \u00e9b\u00e8ne Contacter \u00ab\u00a0M\u00e9dias Ebene\u00a0\u00bb pour les nouvelles actions Nous vous proposons sur cette page divers m\u00e9dias audio [&hellip;]","og_url":"https:\/\/www.e-radiotv.org\/radios-ebene-dev\/medias-audios-red\/","og_site_name":"Radios \u00c9b\u00e8ne D\u00e9veloppement","article_publisher":"https:\/\/www.facebook.com\/radiosTVchretiennes\/","article_modified_time":"2025-01-04T08:43:02+00:00","og_image":[{"url":"http:\/\/www.e-radiotv.org\/radios-ebene-dev\/wp-content\/uploads\/sites\/7\/2025\/01\/symbole_red40-300x225.jpg","type":"","width":"","height":""}],"twitter_card":"summary_large_image","twitter_site":"@steffendenis","twitter_misc":{"Dur\u00e9e de lecture estim\u00e9e":"6 minutes"},"schema":{"@context":"https:\/\/schema.org","@graph":[{"@type":"WebPage","@id":"https:\/\/www.e-radiotv.org\/radios-ebene-dev\/medias-audios-red\/","url":"https:\/\/www.e-radiotv.org\/radios-ebene-dev\/medias-audios-red\/","name":"M\u00e9dias audios RED - Radios \u00c9b\u00e8ne D\u00e9veloppement","isPartOf":{"@id":"https:\/\/www.e-radiotv.org\/radios-ebene-dev\/#website"},"primaryImageOfPage":{"@id":"https:\/\/www.e-radiotv.org\/radios-ebene-dev\/medias-audios-red\/#primaryimage"},"image":{"@id":"https:\/\/www.e-radiotv.org\/radios-ebene-dev\/medias-audios-red\/#primaryimage"},"thumbnailUrl":"http:\/\/www.e-radiotv.org\/radios-ebene-dev\/wp-content\/uploads\/sites\/7\/2025\/01\/symbole_red40-300x225.jpg","datePublished":"2025-01-03T08:28:28+00:00","dateModified":"2025-01-04T08:43:02+00:00","breadcrumb":{"@id":"https:\/\/www.e-radiotv.org\/radios-ebene-dev\/medias-audios-red\/#breadcrumb"},"inLanguage":"fr-FR","potentialAction":[{"@type":"ReadAction","target":["https:\/\/www.e-radiotv.org\/radios-ebene-dev\/medias-audios-red\/"]}]},{"@type":"ImageObject","inLanguage":"fr-FR","@id":"https:\/\/www.e-radiotv.org\/radios-ebene-dev\/medias-audios-red\/#primaryimage","url":"https:\/\/www.e-radiotv.org\/radios-ebene-dev\/wp-content\/uploads\/sites\/7\/2025\/01\/symbole_red40.jpg","contentUrl":"https:\/\/www.e-radiotv.org\/radios-ebene-dev\/wp-content\/uploads\/sites\/7\/2025\/01\/symbole_red40.jpg","width":1024,"height":768},{"@type":"BreadcrumbList","@id":"https:\/\/www.e-radiotv.org\/radios-ebene-dev\/medias-audios-red\/#breadcrumb","itemListElement":[{"@type":"ListItem","position":1,"name":"Accueil","item":"https:\/\/www.e-radiotv.org\/radios-ebene-dev\/"},{"@type":"ListItem","position":2,"name":"M\u00e9dias audios RED"}]},{"@type":"WebSite","@id":"https:\/\/www.e-radiotv.org\/radios-ebene-dev\/#website","url":"https:\/\/www.e-radiotv.org\/radios-ebene-dev\/","name":"Radios et T\u00e9l\u00e9visions Chr\u00e9tiennes","description":"","publisher":{"@id":"https:\/\/www.e-radiotv.org\/radios-ebene-dev\/#organization"},"potentialAction":[{"@type":"SearchAction","target":{"@type":"EntryPoint","urlTemplate":"https:\/\/www.e-radiotv.org\/radios-ebene-dev\/?s={search_term_string}"},"query-input":{"@type":"PropertyValueSpecification","valueRequired":true,"valueName":"search_term_string"}}],"inLanguage":"fr-FR"},{"@type":"Organization","@id":"https:\/\/www.e-radiotv.org\/radios-ebene-dev\/#organization","name":"Radios et T\u00e9l\u00e9visions Chr\u00e9tiennes","url":"https:\/\/www.e-radiotv.org\/radios-ebene-dev\/","logo":{"@type":"ImageObject","inLanguage":"fr-FR","@id":"https:\/\/www.e-radiotv.org\/radios-ebene-dev\/#\/schema\/logo\/image\/","url":"https:\/\/i0.wp.com\/www.e-radiotv.org\/wp-content\/uploads\/2017\/07\/cropped-Logo-e-radiotv-1.jpg?fit=267%2C202&ssl=1","contentUrl":"https:\/\/i0.wp.com\/www.e-radiotv.org\/wp-content\/uploads\/2017\/07\/cropped-Logo-e-radiotv-1.jpg?fit=267%2C202&ssl=1","width":267,"height":202,"caption":"Radios et T\u00e9l\u00e9visions Chr\u00e9tiennes"},"image":{"@id":"https:\/\/www.e-radiotv.org\/radios-ebene-dev\/#\/schema\/logo\/image\/"},"sameAs":["https:\/\/www.facebook.com\/radiosTVchretiennes\/","https:\/\/x.com\/steffendenis"]}]}},"_links":{"self":[{"href":"https:\/\/www.e-radiotv.org\/radios-ebene-dev\/wp-json\/wp\/v2\/pages\/63","targetHints":{"allow":["GET"]}}],"collection":[{"href":"https:\/\/www.e-radiotv.org\/radios-ebene-dev\/wp-json\/wp\/v2\/pages"}],"about":[{"href":"https:\/\/www.e-radiotv.org\/radios-ebene-dev\/wp-json\/wp\/v2\/types\/page"}],"author":[{"embeddable":true,"href":"https:\/\/www.e-radiotv.org\/radios-ebene-dev\/wp-json\/wp\/v2\/users\/11"}],"replies":[{"embeddable":true,"href":"https:\/\/www.e-radiotv.org\/radios-ebene-dev\/wp-json\/wp\/v2\/comments?post=63"}],"version-history":[{"count":10,"href":"https:\/\/www.e-radiotv.org\/radios-ebene-dev\/wp-json\/wp\/v2\/pages\/63\/revisions"}],"predecessor-version":[{"id":315,"href":"https:\/\/www.e-radiotv.org\/radios-ebene-dev\/wp-json\/wp\/v2\/pages\/63\/revisions\/315"}],"wp:attachment":[{"href":"https:\/\/www.e-radiotv.org\/radios-ebene-dev\/wp-json\/wp\/v2\/media?parent=63"}],"curies":[{"name":"wp","href":"https:\/\/api.w.org\/{rel}","templated":true}]}}