{"id":25,"date":"2025-01-03T09:12:00","date_gmt":"2025-01-03T08:12:00","guid":{"rendered":"https:\/\/www.e-radiotv.org\/radios-ebene-dev\/?page_id=25"},"modified":"2025-01-04T10:25:06","modified_gmt":"2025-01-04T09:25:06","slug":"comment-agit-red","status":"publish","type":"page","link":"https:\/\/www.e-radiotv.org\/radios-ebene-dev\/comment-agit-red\/","title":{"rendered":"Comment agissait RED"},"content":{"rendered":"\t\t<div data-elementor-type=\"wp-page\" data-elementor-id=\"25\" class=\"elementor elementor-25\" data-elementor-post-type=\"page\">\n\t\t\t\t\t\t<section class=\"elementor-section elementor-top-section elementor-element elementor-element-6b98dcdc elementor-section-boxed elementor-section-height-default elementor-section-height-default\" data-id=\"6b98dcdc\" data-element_type=\"section\" data-e-type=\"section\" data-settings=\"{&quot;background_background&quot;:&quot;classic&quot;}\">\n\t\t\t\t\t\t<div class=\"elementor-container elementor-column-gap-default\">\n\t\t\t\t\t<div class=\"elementor-column elementor-col-100 elementor-top-column elementor-element elementor-element-39c98ca4\" data-id=\"39c98ca4\" data-element_type=\"column\" data-e-type=\"column\">\n\t\t\t<div class=\"elementor-widget-wrap elementor-element-populated\">\n\t\t\t\t\t\t<div class=\"elementor-element elementor-element-546b2298 intro-text elementor-widget elementor-widget-heading\" data-id=\"546b2298\" data-element_type=\"widget\" data-e-type=\"widget\" data-widget_type=\"heading.default\">\n\t\t\t\t<div class=\"elementor-widget-container\">\n\t\t\t\t\t<h1 class=\"elementor-heading-title elementor-size-default\">Anciennes actions<\/h1>\t\t\t\t<\/div>\n\t\t\t\t<\/div>\n\t\t\t\t<section class=\"elementor-section elementor-inner-section elementor-element elementor-element-29c7cca elementor-section-boxed elementor-section-height-default elementor-section-height-default\" data-id=\"29c7cca\" data-element_type=\"section\" data-e-type=\"section\">\n\t\t\t\t\t\t<div class=\"elementor-container elementor-column-gap-default\">\n\t\t\t\t\t<div class=\"elementor-column elementor-col-100 elementor-inner-column elementor-element elementor-element-5ff7d71c\" data-id=\"5ff7d71c\" data-element_type=\"column\" data-e-type=\"column\">\n\t\t\t<div class=\"elementor-widget-wrap elementor-element-populated\">\n\t\t\t\t\t\t<div class=\"elementor-element elementor-element-62e471c7 elementor-align-center elementor-mobile-align-center elementor-widget elementor-widget-button\" data-id=\"62e471c7\" data-element_type=\"widget\" data-e-type=\"widget\" data-widget_type=\"button.default\">\n\t\t\t\t<div class=\"elementor-widget-container\">\n\t\t\t\t\t\t\t\t\t<div class=\"elementor-button-wrapper\">\n\t\t\t\t\t<a class=\"elementor-button elementor-button-link elementor-size-md\" href=\"https:\/\/mediasebene.org\/contact\/\">\n\t\t\t\t\t\t<span class=\"elementor-button-content-wrapper\">\n\t\t\t\t\t\t\t\t\t<span class=\"elementor-button-text\">Contacter \"M\u00e9dias Ebene\"  pour les nouvelles actions Ebene<\/span>\n\t\t\t\t\t<\/span>\n\t\t\t\t\t<\/a>\n\t\t\t\t<\/div>\n\t\t\t\t\t\t\t\t<\/div>\n\t\t\t\t<\/div>\n\t\t\t\t\t<\/div>\n\t\t<\/div>\n\t\t\t\t\t<\/div>\n\t\t<\/section>\n\t\t\t\t\t<\/div>\n\t\t<\/div>\n\t\t\t\t\t<\/div>\n\t\t<\/section>\n\t\t\t\t<section class=\"elementor-section elementor-top-section elementor-element elementor-element-68771189 elementor-section-boxed elementor-section-height-default elementor-section-height-default\" data-id=\"68771189\" data-element_type=\"section\" data-e-type=\"section\">\n\t\t\t\t\t\t<div class=\"elementor-container elementor-column-gap-default\">\n\t\t\t\t\t<div class=\"elementor-column elementor-col-100 elementor-top-column elementor-element elementor-element-38daf1b8\" data-id=\"38daf1b8\" data-element_type=\"column\" data-e-type=\"column\">\n\t\t\t<div class=\"elementor-widget-wrap\">\n\t\t\t\t\t\t\t<\/div>\n\t\t<\/div>\n\t\t\t\t\t<\/div>\n\t\t<\/section>\n\t\t\t\t<section class=\"elementor-section elementor-top-section elementor-element elementor-element-7b49b9bd elementor-section-boxed elementor-section-height-default elementor-section-height-default\" data-id=\"7b49b9bd\" data-element_type=\"section\" data-e-type=\"section\">\n\t\t\t\t\t\t<div class=\"elementor-container elementor-column-gap-default\">\n\t\t\t\t\t<div class=\"elementor-column elementor-col-50 elementor-top-column elementor-element elementor-element-4e353203\" data-id=\"4e353203\" data-element_type=\"column\" data-e-type=\"column\">\n\t\t\t<div class=\"elementor-widget-wrap elementor-element-populated\">\n\t\t\t\t\t\t<div class=\"elementor-element elementor-element-392a22d8 elementor-position-inline-start elementor-view-default elementor-mobile-position-block-start elementor-invisible elementor-widget elementor-widget-icon-box\" data-id=\"392a22d8\" data-element_type=\"widget\" data-e-type=\"widget\" data-settings=\"{&quot;_animation&quot;:&quot;fadeIn&quot;}\" data-widget_type=\"icon-box.default\">\n\t\t\t\t<div class=\"elementor-widget-container\">\n\t\t\t\t\t\t\t<div class=\"elementor-icon-box-wrapper\">\n\n\t\t\t\t\t\t<div class=\"elementor-icon-box-icon\">\n\t\t\t\t<span  class=\"elementor-icon\">\n\t\t\t\t<svg aria-hidden=\"true\" class=\"e-font-icon-svg e-fas-tools\" viewBox=\"0 0 512 512\" xmlns=\"http:\/\/www.w3.org\/2000\/svg\"><path d=\"M501.1 395.7L384 278.6c-23.1-23.1-57.6-27.6-85.4-13.9L192 158.1V96L64 0 0 64l96 128h62.1l106.6 106.6c-13.6 27.8-9.2 62.3 13.9 85.4l117.1 117.1c14.6 14.6 38.2 14.6 52.7 0l52.7-52.7c14.5-14.6 14.5-38.2 0-52.7zM331.7 225c28.3 0 54.9 11 74.9 31l19.4 19.4c15.8-6.9 30.8-16.5 43.8-29.5 37.1-37.1 49.7-89.3 37.9-136.7-2.2-9-13.5-12.1-20.1-5.5l-74.4 74.4-67.9-11.3L334 98.9l74.4-74.4c6.6-6.6 3.4-17.9-5.7-20.2-47.4-11.7-99.6.9-136.6 37.9-28.5 28.5-41.9 66.1-41.2 103.6l82.1 82.1c8.1-1.9 16.5-2.9 24.7-2.9zm-103.9 82l-56.7-56.7L18.7 402.8c-25 25-25 65.5 0 90.5s65.5 25 90.5 0l123.6-123.6c-7.6-19.9-9.9-41.6-5-62.7zM64 472c-13.2 0-24-10.8-24-24 0-13.3 10.7-24 24-24s24 10.7 24 24c0 13.2-10.7 24-24 24z\"><\/path><\/svg>\t\t\t\t<\/span>\n\t\t\t<\/div>\n\t\t\t\n\t\t\t\t\t\t<div class=\"elementor-icon-box-content\">\n\n\t\t\t\t\t\t\t\t\t<h2 class=\"elementor-icon-box-title\">\n\t\t\t\t\t\t<span  >\n\t\t\t\t\t\t\tComment d\u00e9roulait une mission RED\t\t\t\t\t\t<\/span>\n\t\t\t\t\t<\/h2>\n\t\t\t\t\n\t\t\t\t\n\t\t\t<\/div>\n\t\t\t\n\t\t<\/div>\n\t\t\t\t\t\t<\/div>\n\t\t\t\t<\/div>\n\t\t\t\t\t<\/div>\n\t\t<\/div>\n\t\t\t\t<div class=\"elementor-column elementor-col-50 elementor-top-column elementor-element elementor-element-2f51392e\" data-id=\"2f51392e\" data-element_type=\"column\" data-e-type=\"column\">\n\t\t\t<div class=\"elementor-widget-wrap elementor-element-populated\">\n\t\t\t\t\t\t<div class=\"elementor-element elementor-element-7a55d237 elementor-widget elementor-widget-heading\" data-id=\"7a55d237\" data-element_type=\"widget\" data-e-type=\"widget\" data-widget_type=\"heading.default\">\n\t\t\t\t<div class=\"elementor-widget-container\">\n\t\t\t\t\t<h4 class=\"elementor-heading-title elementor-size-default\">Radios Ebene D\u00e9veloppement \u00e9tait jusqu'en 2024, une association Loi 1901 sans but lucratif pour la cr\u00e9ation ou le d\u00e9veloppement de moyens de communications de l'\u00e9vangile et de ses implications sociales et culturelles en Afrique francophone. <\/h4>\t\t\t\t<\/div>\n\t\t\t\t<\/div>\n\t\t\t\t\t<\/div>\n\t\t<\/div>\n\t\t\t\t\t<\/div>\n\t\t<\/section>\n\t\t\t\t<section class=\"elementor-section elementor-top-section elementor-element elementor-element-3fc3e18c elementor-section-boxed elementor-section-height-default elementor-section-height-default\" data-id=\"3fc3e18c\" data-element_type=\"section\" data-e-type=\"section\">\n\t\t\t\t\t\t<div class=\"elementor-container elementor-column-gap-default\">\n\t\t\t\t\t<div class=\"elementor-column elementor-col-33 elementor-top-column elementor-element elementor-element-f953efe\" data-id=\"f953efe\" data-element_type=\"column\" data-e-type=\"column\">\n\t\t\t<div class=\"elementor-widget-wrap elementor-element-populated\">\n\t\t\t\t\t\t<div class=\"elementor-element elementor-element-758058d1 elementor-widget elementor-widget-text-editor\" data-id=\"758058d1\" data-element_type=\"widget\" data-e-type=\"widget\" data-widget_type=\"text-editor.default\">\n\t\t\t\t<div class=\"elementor-widget-container\">\n\t\t\t\t\t\t\t\t\t<p>\u00ab Radios Eb\u00e8ne D\u00e9veloppement \u00bb r\u00e9pondait tout d&rsquo;abord aux demandes de nos fr\u00e8res africains qui souhaitent utiliser la radio pour faire conna\u00eetre la Parole de Dieu et pour apporter une aide aux populations dans le besoin avec des \u00e9missions de d\u00e9veloppement.<\/p><p>Pour les futurs animateurs de radio, une formation est donc indispensable. Il ne vient pas \u00e0 l\u2019id\u00e9e de se procurer une voiture si nous ne savons pas conduire !<\/p><p>De m\u00eame, il ne vient pas \u00e0 l\u2019id\u00e9e d\u2019installer un \u00e9metteur de radio si personne ne sait s\u2019en servir ! Il vaut se former, et c&rsquo;est la premi\u00e8re \u00e9tape que nous proposons \u00e0 ceux qui veulent \u00ab\u00a0faire de la radio\u00a0\u00bb.<\/p><p>Une \u00e9quipe multiculturelle de formateurs r\u00e9pond aux diverses sollicitations africaines dans la mesure de ses moyens. Nous collaborons volontiers avec des formateurs africains qui, de surcro\u00eet, connaissent bien les sensibilit\u00e9s de leurs auditeurs.<\/p><p>Au fil des ann\u00e9es, de nombreux s\u00e9minaires de formation ont eu lieu dans 14 pays africains francophones. Nous recevons des nouvelles encourageantes de la plupart des \u00e9quipes actuellement au travail !<\/p><p>Pour en savoir plus, voyez aussi notre page A propos \u00a0\u00a0 et particuli\u00e8rement le paragraphe \u00a0 \u00ab\u00a0Historique de l&rsquo;association\u00a0\u00bb\u00a0<\/p><p>En parall\u00e8le, nous \u00e9tudions avec les responsables locaux comment \u00e9quiper le studio et l&rsquo;\u00e9metteur , en mettant en place une recherche des mat\u00e9riels n\u00e9cessaires et comment pourra se financer l&rsquo;ensemble.<\/p>\t\t\t\t\t\t\t\t<\/div>\n\t\t\t\t<\/div>\n\t\t\t\t<section class=\"elementor-section elementor-inner-section elementor-element elementor-element-6ee37f75 elementor-section-boxed elementor-section-height-default elementor-section-height-default\" data-id=\"6ee37f75\" data-element_type=\"section\" data-e-type=\"section\" data-settings=\"{&quot;background_background&quot;:&quot;classic&quot;}\">\n\t\t\t\t\t\t<div class=\"elementor-container elementor-column-gap-default\">\n\t\t\t\t\t<div class=\"elementor-column elementor-col-50 elementor-inner-column elementor-element elementor-element-683729e6\" data-id=\"683729e6\" data-element_type=\"column\" data-e-type=\"column\">\n\t\t\t<div class=\"elementor-widget-wrap elementor-element-populated\">\n\t\t\t\t\t\t<div class=\"elementor-element elementor-element-1a7657f1 elementor-position-inline-start elementor-view-default elementor-mobile-position-block-start elementor-widget elementor-widget-icon-box\" data-id=\"1a7657f1\" data-element_type=\"widget\" data-e-type=\"widget\" data-widget_type=\"icon-box.default\">\n\t\t\t\t<div class=\"elementor-widget-container\">\n\t\t\t\t\t\t\t<div class=\"elementor-icon-box-wrapper\">\n\n\t\t\t\t\t\t<div class=\"elementor-icon-box-icon\">\n\t\t\t\t<span  class=\"elementor-icon\">\n\t\t\t\t<svg aria-hidden=\"true\" class=\"e-font-icon-svg e-fas-star\" viewBox=\"0 0 576 512\" xmlns=\"http:\/\/www.w3.org\/2000\/svg\"><path d=\"M259.3 17.8L194 150.2 47.9 171.5c-26.2 3.8-36.7 36.1-17.7 54.6l105.7 103-25 145.5c-4.5 26.3 23.2 46 46.4 33.7L288 439.6l130.7 68.7c23.2 12.2 50.9-7.4 46.4-33.7l-25-145.5 105.7-103c19-18.5 8.5-50.8-17.7-54.6L382 150.2 316.7 17.8c-11.7-23.6-45.6-23.9-57.4 0z\"><\/path><\/svg>\t\t\t\t<\/span>\n\t\t\t<\/div>\n\t\t\t\n\t\t\t\t\t\t<div class=\"elementor-icon-box-content\">\n\n\t\t\t\t\t\t\t\t\t<h3 class=\"elementor-icon-box-title\">\n\t\t\t\t\t\t<span  >\n\t\t\t\t\t\t\t1 - Mise en place d'une convention entre partenaires\t\t\t\t\t\t<\/span>\n\t\t\t\t\t<\/h3>\n\t\t\t\t\n\t\t\t\t\t\t\t\t\t<p class=\"elementor-icon-box-description\">\n\t\t\t\t\t\tLes partenaires en Afrique sont obligatoirement  des collectifs, associations ou Eglises, et non de simples particuliers. le mod\u00e8le de convention est envoy\u00e9 apr\u00e8s acceptation de la candidature. \t\t\t\t\t<\/p>\n\t\t\t\t\n\t\t\t<\/div>\n\t\t\t\n\t\t<\/div>\n\t\t\t\t\t\t<\/div>\n\t\t\t\t<\/div>\n\t\t\t\t<div class=\"elementor-element elementor-element-2f8391f7 elementor-widget elementor-widget-spacer\" data-id=\"2f8391f7\" data-element_type=\"widget\" data-e-type=\"widget\" data-widget_type=\"spacer.default\">\n\t\t\t\t<div class=\"elementor-widget-container\">\n\t\t\t\t\t\t\t<div class=\"elementor-spacer\">\n\t\t\t<div class=\"elementor-spacer-inner\"><\/div>\n\t\t<\/div>\n\t\t\t\t\t\t<\/div>\n\t\t\t\t<\/div>\n\t\t\t\t<div class=\"elementor-element elementor-element-4bf610f4 elementor-position-inline-start elementor-view-default elementor-mobile-position-block-start elementor-widget elementor-widget-icon-box\" data-id=\"4bf610f4\" data-element_type=\"widget\" data-e-type=\"widget\" data-widget_type=\"icon-box.default\">\n\t\t\t\t<div class=\"elementor-widget-container\">\n\t\t\t\t\t\t\t<div class=\"elementor-icon-box-wrapper\">\n\n\t\t\t\t\t\t<div class=\"elementor-icon-box-icon\">\n\t\t\t\t<span  class=\"elementor-icon\">\n\t\t\t\t<svg aria-hidden=\"true\" class=\"e-font-icon-svg e-fas-star\" viewBox=\"0 0 576 512\" xmlns=\"http:\/\/www.w3.org\/2000\/svg\"><path d=\"M259.3 17.8L194 150.2 47.9 171.5c-26.2 3.8-36.7 36.1-17.7 54.6l105.7 103-25 145.5c-4.5 26.3 23.2 46 46.4 33.7L288 439.6l130.7 68.7c23.2 12.2 50.9-7.4 46.4-33.7l-25-145.5 105.7-103c19-18.5 8.5-50.8-17.7-54.6L382 150.2 316.7 17.8c-11.7-23.6-45.6-23.9-57.4 0z\"><\/path><\/svg>\t\t\t\t<\/span>\n\t\t\t<\/div>\n\t\t\t\n\t\t\t\t\t\t<div class=\"elementor-icon-box-content\">\n\n\t\t\t\t\t\t\t\t\t<h3 class=\"elementor-icon-box-title\">\n\t\t\t\t\t\t<span  >\n\t\t\t\t\t\t\t3 - D\u00e9finition des contraintes techniques et d\u00e9marrage des travaux\t\t\t\t\t\t<\/span>\n\t\t\t\t\t<\/h3>\n\t\t\t\t\n\t\t\t\t\t\t\t\t\t<p class=\"elementor-icon-box-description\">\n\t\t\t\t\t\tLe partenaire monte le dossier de demande d'autorisation d'\u00e9mettre, puis d\u00e9marre les travaux d'infrastructure (b\u00e2timent studio et bureaux) et installe le pylone. RED accompagne le projet.\t\t\t\t\t<\/p>\n\t\t\t\t\n\t\t\t<\/div>\n\t\t\t\n\t\t<\/div>\n\t\t\t\t\t\t<\/div>\n\t\t\t\t<\/div>\n\t\t\t\t\t<\/div>\n\t\t<\/div>\n\t\t\t\t<div class=\"elementor-column elementor-col-50 elementor-inner-column elementor-element elementor-element-7980d90a\" data-id=\"7980d90a\" data-element_type=\"column\" data-e-type=\"column\">\n\t\t\t<div class=\"elementor-widget-wrap elementor-element-populated\">\n\t\t\t\t\t\t<div class=\"elementor-element elementor-element-2db5f67f elementor-position-inline-start elementor-view-default elementor-mobile-position-block-start elementor-widget elementor-widget-icon-box\" data-id=\"2db5f67f\" data-element_type=\"widget\" data-e-type=\"widget\" data-widget_type=\"icon-box.default\">\n\t\t\t\t<div class=\"elementor-widget-container\">\n\t\t\t\t\t\t\t<div class=\"elementor-icon-box-wrapper\">\n\n\t\t\t\t\t\t<div class=\"elementor-icon-box-icon\">\n\t\t\t\t<span  class=\"elementor-icon\">\n\t\t\t\t<svg aria-hidden=\"true\" class=\"e-font-icon-svg e-fas-star\" viewBox=\"0 0 576 512\" xmlns=\"http:\/\/www.w3.org\/2000\/svg\"><path d=\"M259.3 17.8L194 150.2 47.9 171.5c-26.2 3.8-36.7 36.1-17.7 54.6l105.7 103-25 145.5c-4.5 26.3 23.2 46 46.4 33.7L288 439.6l130.7 68.7c23.2 12.2 50.9-7.4 46.4-33.7l-25-145.5 105.7-103c19-18.5 8.5-50.8-17.7-54.6L382 150.2 316.7 17.8c-11.7-23.6-45.6-23.9-57.4 0z\"><\/path><\/svg>\t\t\t\t<\/span>\n\t\t\t<\/div>\n\t\t\t\n\t\t\t\t\t\t<div class=\"elementor-icon-box-content\">\n\n\t\t\t\t\t\t\t\t\t<h3 class=\"elementor-icon-box-title\">\n\t\t\t\t\t\t<span  >\n\t\t\t\t\t\t\t2 - Evaluation des besoins mat\u00e9riels, techniques et de formation et de leur co\u00fbt\t\t\t\t\t\t<\/span>\n\t\t\t\t\t<\/h3>\n\t\t\t\t\n\t\t\t\t\t\t\t\t\t<p class=\"elementor-icon-box-description\">\n\t\t\t\t\t\tL'infrastructure, le pylone, et les frais d'h\u00e9bergement et de d\u00e9placement sur place sont \u00e0 la charge du partenaire, les frais techniques, d'une partie du mat\u00e9riel (selon termes \u00e0 pr\u00e9ciser), de la formation, du  transport du mat\u00e9riel et du d\u00e9placement depuis l'Europe est \u00e0 la charge de RED.\t\t\t\t\t<\/p>\n\t\t\t\t\n\t\t\t<\/div>\n\t\t\t\n\t\t<\/div>\n\t\t\t\t\t\t<\/div>\n\t\t\t\t<\/div>\n\t\t\t\t<div class=\"elementor-element elementor-element-56b0872b elementor-position-inline-start elementor-view-default elementor-mobile-position-block-start elementor-widget elementor-widget-icon-box\" data-id=\"56b0872b\" data-element_type=\"widget\" data-e-type=\"widget\" data-widget_type=\"icon-box.default\">\n\t\t\t\t<div class=\"elementor-widget-container\">\n\t\t\t\t\t\t\t<div class=\"elementor-icon-box-wrapper\">\n\n\t\t\t\t\t\t<div class=\"elementor-icon-box-icon\">\n\t\t\t\t<span  class=\"elementor-icon\">\n\t\t\t\t<svg aria-hidden=\"true\" class=\"e-font-icon-svg e-fas-star\" viewBox=\"0 0 576 512\" xmlns=\"http:\/\/www.w3.org\/2000\/svg\"><path d=\"M259.3 17.8L194 150.2 47.9 171.5c-26.2 3.8-36.7 36.1-17.7 54.6l105.7 103-25 145.5c-4.5 26.3 23.2 46 46.4 33.7L288 439.6l130.7 68.7c23.2 12.2 50.9-7.4 46.4-33.7l-25-145.5 105.7-103c19-18.5 8.5-50.8-17.7-54.6L382 150.2 316.7 17.8c-11.7-23.6-45.6-23.9-57.4 0z\"><\/path><\/svg>\t\t\t\t<\/span>\n\t\t\t<\/div>\n\t\t\t\n\t\t\t\t\t\t<div class=\"elementor-icon-box-content\">\n\n\t\t\t\t\t\t\t\t\t<h3 class=\"elementor-icon-box-title\">\n\t\t\t\t\t\t<span  >\n\t\t\t\t\t\t\t4 - Programmation de l'installation du mat\u00e9riel, de la formation et de l'inauguration de la station\t\t\t\t\t\t<\/span>\n\t\t\t\t\t<\/h3>\n\t\t\t\t\n\t\t\t\t\t\t\t\t\t<p class=\"elementor-icon-box-description\">\n\t\t\t\t\t\tRED intervient pour l'installation de l'antenne et du mat\u00e9riel de r\u00e9gie, pour la formation des techniciens, des animateurs et journalistes radio,  Puis accompagne \u00e0 distance les d\u00e9buts de la diffusion.\t\t\t\t\t<\/p>\n\t\t\t\t\n\t\t\t<\/div>\n\t\t\t\n\t\t<\/div>\n\t\t\t\t\t\t<\/div>\n\t\t\t\t<\/div>\n\t\t\t\t\t<\/div>\n\t\t<\/div>\n\t\t\t\t\t<\/div>\n\t\t<\/section>\n\t\t\t\t\t<\/div>\n\t\t<\/div>\n\t\t\t\t<div class=\"elementor-column elementor-col-33 elementor-top-column elementor-element elementor-element-4312b183\" data-id=\"4312b183\" data-element_type=\"column\" data-e-type=\"column\">\n\t\t\t<div class=\"elementor-widget-wrap elementor-element-populated\">\n\t\t\t\t\t\t<div class=\"elementor-element elementor-element-174f9b74 elementor-invisible elementor-widget elementor-widget-image\" data-id=\"174f9b74\" data-element_type=\"widget\" data-e-type=\"widget\" data-settings=\"{&quot;_animation&quot;:&quot;swing&quot;}\" data-widget_type=\"image.default\">\n\t\t\t\t<div class=\"elementor-widget-container\">\n\t\t\t\t\t\t\t\t\t\t\t\t<figure class=\"wp-caption\">\n\t\t\t\t\t\t\t\t\t\t<img fetchpriority=\"high\" decoding=\"async\" width=\"1024\" height=\"768\" src=\"https:\/\/www.e-radiotv.org\/radios-ebene-dev\/wp-content\/uploads\/sites\/7\/2025\/01\/transport-materiel-afrique.jpg\" class=\"attachment-large size-large wp-image-29\" alt=\"\" srcset=\"https:\/\/www.e-radiotv.org\/radios-ebene-dev\/wp-content\/uploads\/sites\/7\/2025\/01\/transport-materiel-afrique.jpg 1024w, https:\/\/www.e-radiotv.org\/radios-ebene-dev\/wp-content\/uploads\/sites\/7\/2025\/01\/transport-materiel-afrique-300x225.jpg 300w, https:\/\/www.e-radiotv.org\/radios-ebene-dev\/wp-content\/uploads\/sites\/7\/2025\/01\/transport-materiel-afrique-768x576.jpg 768w\" sizes=\"(max-width: 1024px) 100vw, 1024px\" \/>\t\t\t\t\t\t\t\t\t\t\t<figcaption class=\"widget-image-caption wp-caption-text\">l'antenne et le mat\u00e9riel de studio pr\u00eat \u00e0 embarquer \u00e0 Rossy Charles De Gaulle<\/figcaption>\n\t\t\t\t\t\t\t\t\t\t<\/figure>\n\t\t\t\t\t\t\t\t\t<\/div>\n\t\t\t\t<\/div>\n\t\t\t\t<div class=\"elementor-element elementor-element-363c301 elementor-invisible elementor-widget elementor-widget-image\" data-id=\"363c301\" data-element_type=\"widget\" data-e-type=\"widget\" data-settings=\"{&quot;_animation&quot;:&quot;swing&quot;}\" data-widget_type=\"image.default\">\n\t\t\t\t<div class=\"elementor-widget-container\">\n\t\t\t\t\t\t\t\t\t\t\t\t<figure class=\"wp-caption\">\n\t\t\t\t\t\t\t\t\t\t<img decoding=\"async\" width=\"1024\" height=\"768\" src=\"https:\/\/www.e-radiotv.org\/radios-ebene-dev\/wp-content\/uploads\/sites\/7\/2025\/01\/photos_chantiers_red28-1024x768.jpg\" class=\"attachment-large size-large wp-image-30\" alt=\"\" srcset=\"https:\/\/www.e-radiotv.org\/radios-ebene-dev\/wp-content\/uploads\/sites\/7\/2025\/01\/photos_chantiers_red28-1024x768.jpg 1024w, https:\/\/www.e-radiotv.org\/radios-ebene-dev\/wp-content\/uploads\/sites\/7\/2025\/01\/photos_chantiers_red28-300x225.jpg 300w, https:\/\/www.e-radiotv.org\/radios-ebene-dev\/wp-content\/uploads\/sites\/7\/2025\/01\/photos_chantiers_red28-768x576.jpg 768w, https:\/\/www.e-radiotv.org\/radios-ebene-dev\/wp-content\/uploads\/sites\/7\/2025\/01\/photos_chantiers_red28-1536x1152.jpg 1536w, https:\/\/www.e-radiotv.org\/radios-ebene-dev\/wp-content\/uploads\/sites\/7\/2025\/01\/photos_chantiers_red28-2048x1536.jpg 2048w\" sizes=\"(max-width: 1024px) 100vw, 1024px\" \/>\t\t\t\t\t\t\t\t\t\t\t<figcaption class=\"widget-image-caption wp-caption-text\">Montage du pyl\u00f4ne et de l'antenne sur site<\/figcaption>\n\t\t\t\t\t\t\t\t\t\t<\/figure>\n\t\t\t\t\t\t\t\t\t<\/div>\n\t\t\t\t<\/div>\n\t\t\t\t<div class=\"elementor-element elementor-element-104e583b elementor-invisible elementor-widget elementor-widget-image\" data-id=\"104e583b\" data-element_type=\"widget\" data-e-type=\"widget\" data-settings=\"{&quot;_animation&quot;:&quot;swing&quot;}\" data-widget_type=\"image.default\">\n\t\t\t\t<div class=\"elementor-widget-container\">\n\t\t\t\t\t\t\t\t\t\t\t\t<figure class=\"wp-caption\">\n\t\t\t\t\t\t\t\t\t\t<img decoding=\"async\" width=\"1024\" height=\"683\" src=\"https:\/\/www.e-radiotv.org\/radios-ebene-dev\/wp-content\/uploads\/sites\/7\/2025\/01\/photos_chantiers_red07-1-scaled1-1024x683.jpg\" class=\"attachment-large size-large wp-image-38\" alt=\"\" srcset=\"https:\/\/www.e-radiotv.org\/radios-ebene-dev\/wp-content\/uploads\/sites\/7\/2025\/01\/photos_chantiers_red07-1-scaled1-1024x683.jpg 1024w, https:\/\/www.e-radiotv.org\/radios-ebene-dev\/wp-content\/uploads\/sites\/7\/2025\/01\/photos_chantiers_red07-1-scaled1-300x200.jpg 300w, https:\/\/www.e-radiotv.org\/radios-ebene-dev\/wp-content\/uploads\/sites\/7\/2025\/01\/photos_chantiers_red07-1-scaled1-768x512.jpg 768w, https:\/\/www.e-radiotv.org\/radios-ebene-dev\/wp-content\/uploads\/sites\/7\/2025\/01\/photos_chantiers_red07-1-scaled1-1536x1024.jpg 1536w, https:\/\/www.e-radiotv.org\/radios-ebene-dev\/wp-content\/uploads\/sites\/7\/2025\/01\/photos_chantiers_red07-1-scaled1-2048x1366.jpg 2048w\" sizes=\"(max-width: 1024px) 100vw, 1024px\" \/>\t\t\t\t\t\t\t\t\t\t\t<figcaption class=\"widget-image-caption wp-caption-text\">Formation des techniciens \u00e0 la maintenance du mat\u00e9riel<\/figcaption>\n\t\t\t\t\t\t\t\t\t\t<\/figure>\n\t\t\t\t\t\t\t\t\t<\/div>\n\t\t\t\t<\/div>\n\t\t\t\t<div class=\"elementor-element elementor-element-7a33c814 elementor-invisible elementor-widget elementor-widget-image\" data-id=\"7a33c814\" data-element_type=\"widget\" data-e-type=\"widget\" data-settings=\"{&quot;_animation&quot;:&quot;swing&quot;}\" data-widget_type=\"image.default\">\n\t\t\t\t<div class=\"elementor-widget-container\">\n\t\t\t\t\t\t\t\t\t\t\t\t<figure class=\"wp-caption\">\n\t\t\t\t\t\t\t\t\t\t<img loading=\"lazy\" decoding=\"async\" width=\"1024\" height=\"683\" src=\"https:\/\/www.e-radiotv.org\/radios-ebene-dev\/wp-content\/uploads\/sites\/7\/2025\/01\/formation_radio_ndoungue_red14-scaled1-1024x683.jpg\" class=\"attachment-large size-large wp-image-39\" alt=\"\" srcset=\"https:\/\/www.e-radiotv.org\/radios-ebene-dev\/wp-content\/uploads\/sites\/7\/2025\/01\/formation_radio_ndoungue_red14-scaled1-1024x683.jpg 1024w, https:\/\/www.e-radiotv.org\/radios-ebene-dev\/wp-content\/uploads\/sites\/7\/2025\/01\/formation_radio_ndoungue_red14-scaled1-300x200.jpg 300w, https:\/\/www.e-radiotv.org\/radios-ebene-dev\/wp-content\/uploads\/sites\/7\/2025\/01\/formation_radio_ndoungue_red14-scaled1-768x512.jpg 768w, https:\/\/www.e-radiotv.org\/radios-ebene-dev\/wp-content\/uploads\/sites\/7\/2025\/01\/formation_radio_ndoungue_red14-scaled1-1536x1024.jpg 1536w, https:\/\/www.e-radiotv.org\/radios-ebene-dev\/wp-content\/uploads\/sites\/7\/2025\/01\/formation_radio_ndoungue_red14-scaled1-2048x1366.jpg 2048w\" sizes=\"(max-width: 1024px) 100vw, 1024px\" \/>\t\t\t\t\t\t\t\t\t\t\t<figcaption class=\"widget-image-caption wp-caption-text\">Formation th\u00e9orique et spirituelle<\/figcaption>\n\t\t\t\t\t\t\t\t\t\t<\/figure>\n\t\t\t\t\t\t\t\t\t<\/div>\n\t\t\t\t<\/div>\n\t\t\t\t\t<\/div>\n\t\t<\/div>\n\t\t\t\t<div class=\"elementor-column elementor-col-33 elementor-top-column elementor-element elementor-element-461c3d72\" data-id=\"461c3d72\" data-element_type=\"column\" data-e-type=\"column\">\n\t\t\t<div class=\"elementor-widget-wrap\">\n\t\t\t\t\t\t\t<\/div>\n\t\t<\/div>\n\t\t\t\t\t<\/div>\n\t\t<\/section>\n\t\t\t\t<section class=\"elementor-section elementor-top-section elementor-element elementor-element-48fef136 elementor-section-boxed elementor-section-height-default elementor-section-height-default\" data-id=\"48fef136\" data-element_type=\"section\" data-e-type=\"section\">\n\t\t\t\t\t\t<div class=\"elementor-container elementor-column-gap-default\">\n\t\t\t\t\t<div class=\"elementor-column elementor-col-100 elementor-top-column elementor-element elementor-element-612ae6ba\" data-id=\"612ae6ba\" data-element_type=\"column\" data-e-type=\"column\">\n\t\t\t<div class=\"elementor-widget-wrap elementor-element-populated\">\n\t\t\t\t\t\t<div class=\"elementor-element elementor-element-60bb5d26 elementor-position-inline-start elementor-view-default elementor-mobile-position-block-start elementor-invisible elementor-widget elementor-widget-icon-box\" data-id=\"60bb5d26\" data-element_type=\"widget\" data-e-type=\"widget\" data-settings=\"{&quot;_animation&quot;:&quot;fadeIn&quot;}\" data-widget_type=\"icon-box.default\">\n\t\t\t\t<div class=\"elementor-widget-container\">\n\t\t\t\t\t\t\t<div class=\"elementor-icon-box-wrapper\">\n\n\t\t\t\t\t\t<div class=\"elementor-icon-box-icon\">\n\t\t\t\t<span  class=\"elementor-icon\">\n\t\t\t\t<svg aria-hidden=\"true\" class=\"e-font-icon-svg e-far-eye\" viewBox=\"0 0 576 512\" xmlns=\"http:\/\/www.w3.org\/2000\/svg\"><path d=\"M288 144a110.94 110.94 0 0 0-31.24 5 55.4 55.4 0 0 1 7.24 27 56 56 0 0 1-56 56 55.4 55.4 0 0 1-27-7.24A111.71 111.71 0 1 0 288 144zm284.52 97.4C518.29 135.59 410.93 64 288 64S57.68 135.64 3.48 241.41a32.35 32.35 0 0 0 0 29.19C57.71 376.41 165.07 448 288 448s230.32-71.64 284.52-177.41a32.35 32.35 0 0 0 0-29.19zM288 400c-98.65 0-189.09-55-237.93-144C98.91 167 189.34 112 288 112s189.09 55 237.93 144C477.1 345 386.66 400 288 400z\"><\/path><\/svg>\t\t\t\t<\/span>\n\t\t\t<\/div>\n\t\t\t\n\t\t\t\t\t\t<div class=\"elementor-icon-box-content\">\n\n\t\t\t\t\t\t\t\t\t<h2 class=\"elementor-icon-box-title\">\n\t\t\t\t\t\t<span  >\n\t\t\t\t\t\t\tUne mission en images\t\t\t\t\t\t<\/span>\n\t\t\t\t\t<\/h2>\n\t\t\t\t\n\t\t\t\t\n\t\t\t<\/div>\n\t\t\t\n\t\t<\/div>\n\t\t\t\t\t\t<\/div>\n\t\t\t\t<\/div>\n\t\t\t\t<div class=\"elementor-element elementor-element-6a128bf5 elementor-widget elementor-widget-image\" data-id=\"6a128bf5\" data-element_type=\"widget\" data-e-type=\"widget\" data-widget_type=\"image.default\">\n\t\t\t\t<div class=\"elementor-widget-container\">\n\t\t\t\t\t\t\t\t\t\t\t\t\t\t\t<img loading=\"lazy\" decoding=\"async\" width=\"1590\" height=\"2198\" src=\"https:\/\/www.e-radiotv.org\/radios-ebene-dev\/wp-content\/uploads\/sites\/7\/2025\/01\/une_mission_RED_en_images1.jpg\" class=\"attachment-full size-full wp-image-40\" alt=\"\" srcset=\"https:\/\/www.e-radiotv.org\/radios-ebene-dev\/wp-content\/uploads\/sites\/7\/2025\/01\/une_mission_RED_en_images1.jpg 1590w, https:\/\/www.e-radiotv.org\/radios-ebene-dev\/wp-content\/uploads\/sites\/7\/2025\/01\/une_mission_RED_en_images1-217x300.jpg 217w, https:\/\/www.e-radiotv.org\/radios-ebene-dev\/wp-content\/uploads\/sites\/7\/2025\/01\/une_mission_RED_en_images1-741x1024.jpg 741w, https:\/\/www.e-radiotv.org\/radios-ebene-dev\/wp-content\/uploads\/sites\/7\/2025\/01\/une_mission_RED_en_images1-768x1062.jpg 768w, https:\/\/www.e-radiotv.org\/radios-ebene-dev\/wp-content\/uploads\/sites\/7\/2025\/01\/une_mission_RED_en_images1-1111x1536.jpg 1111w, https:\/\/www.e-radiotv.org\/radios-ebene-dev\/wp-content\/uploads\/sites\/7\/2025\/01\/une_mission_RED_en_images1-1481x2048.jpg 1481w\" sizes=\"(max-width: 1590px) 100vw, 1590px\" \/>\t\t\t\t\t\t\t\t\t\t\t\t\t\t\t<\/div>\n\t\t\t\t<\/div>\n\t\t\t\t\t<\/div>\n\t\t<\/div>\n\t\t\t\t\t<\/div>\n\t\t<\/section>\n\t\t\t\t<section class=\"elementor-section elementor-top-section elementor-element elementor-element-7f6ad56d elementor-section-boxed elementor-section-height-default elementor-section-height-default\" data-id=\"7f6ad56d\" data-element_type=\"section\" data-e-type=\"section\" data-settings=\"{&quot;background_background&quot;:&quot;classic&quot;}\">\n\t\t\t\t\t\t\t<div class=\"elementor-background-overlay\"><\/div>\n\t\t\t\t\t\t\t<div class=\"elementor-container elementor-column-gap-default\">\n\t\t\t\t\t<div class=\"elementor-column elementor-col-100 elementor-top-column elementor-element elementor-element-7c3d840b\" data-id=\"7c3d840b\" data-element_type=\"column\" data-e-type=\"column\">\n\t\t\t<div class=\"elementor-widget-wrap elementor-element-populated\">\n\t\t\t\t\t\t<div class=\"elementor-element elementor-element-79fdfb01 elementor-position-left elementor-vertical-align-middle elementor-invisible elementor-widget elementor-widget-image-box\" data-id=\"79fdfb01\" data-element_type=\"widget\" data-e-type=\"widget\" data-settings=\"{&quot;_animation&quot;:&quot;slideInDown&quot;}\" data-widget_type=\"image-box.default\">\n\t\t\t\t<div class=\"elementor-widget-container\">\n\t\t\t\t\t<div class=\"elementor-image-box-wrapper\"><figure class=\"elementor-image-box-img\"><img decoding=\"async\" src=\"https:\/\/www.e-radiotv.org\/radios-ebene-dev\/wp-content\/plugins\/elementor\/assets\/images\/placeholder.png\" title=\"\" alt=\"\" loading=\"lazy\" \/><\/figure><div class=\"elementor-image-box-content\"><h2 class=\"elementor-image-box-title\">INTERVIEW : Principes de travail de RED \u00e9voqu\u00e9 par un partenaire africain <\/h2><\/div><\/div>\t\t\t\t<\/div>\n\t\t\t\t<\/div>\n\t\t\t\t<div class=\"elementor-element elementor-element-3e09f088 elementor-widget elementor-widget-text-editor\" data-id=\"3e09f088\" data-element_type=\"widget\" data-e-type=\"widget\" data-widget_type=\"text-editor.default\">\n\t\t\t\t<div class=\"elementor-widget-container\">\n\t\t\t\t\t\t\t\t\t<p><\/p><p><i>Lors des s\u00e9minaires RED, nous, formateurs d&rsquo;origine fran\u00e7aise et africaine, dispensons les cours en fran\u00e7ais.<br \/>L&rsquo;association peut actuellement compter sur une \u00e9quipe de huit formateurs principaux aid\u00e9s de formateurs nouvellement form\u00e9s au Cameroun, qui s&#8217;emploient, b\u00e9n\u00e9volement; \u00e0 continuer l&rsquo;enseignement en langue fran\u00e7aise.<br \/>Les \u00e9missions de radio sont ensuite r\u00e9alis\u00e9es soit en fran\u00e7ais soit dans les langues vernaculaires suivant les besoins locaux.<\/i><\/p><p><i> <\/i><\/p><p><i>Les \u00ab missions d&rsquo;intervention\u00bb de l&rsquo;association ont lieu lorsque les Eglises d&rsquo;une r\u00e9gion \u00e9laborent une entente pr\u00e9alable entre elles et font ensuite appel \u00e0<br \/>\u00ab Radios Eb\u00e8ne \u00bb. Elles font donc toujours suite \u00e0 une demande qui s&rsquo;exprime par une lettre de motivation et par des documents joints. Si le dossier est accept\u00e9<\/i><\/p><p><i> <\/i><\/p><p><i>par le Conseil d&rsquo;Administration, des s\u00e9minaires de formation \u00e0 la communication radiophonique pour les futurs speakers et speakerines ainsi que pour les techniciens sont pr\u00e9vus sur place.<br \/>Les d\u00e9tails de ce partenariat se trouvent dans le document \u00ab pr\u00e9alables \u00e0 la cr\u00e9ation d&rsquo;une radio\u00bb qui d\u00e9termine la r\u00e9partition des responsabilit\u00e9s, des charges financi\u00e8res, les dates des travaux, des s\u00e9minaires, etc. Les\u00ab Radios Eb\u00e8ne \u00bb (association fran\u00e7aise) ne prennent pas les devants pour initier un projet, laissant aux associations africaines la libert\u00e9 d&rsquo;appr\u00e9cier les besoins au niveau de l&rsquo;installation d&rsquo;un \u00e9metteur de radio.<br \/>La dur\u00e9e des s\u00e9minaires de formation varie de une \u00e0 deux semaines. Il peut y avoir un deuxi\u00e8me s\u00e9minaire dans une m\u00eame r\u00e9gion et parfois un s\u00e9minaire de formation pour futurs formateurs. RED met \u00e9galement en place un suivi des administrateurs de ces radios sur demande des r\u00e9gions.<\/i><\/p><p><i> <\/i><\/p><p><i>Le contenu des s\u00e9minaires dispens\u00e9s par des formateurs qualifi\u00e9s est adapt\u00e9 au niveau d&rsquo;aptitude des stagiaires : cours th\u00e9oriques de sensibilisation \u00e0 la communication, travaux pratiques de cr\u00e9ation de programmes et d&rsquo;enregistrement, exercices d&rsquo;interviews ou de reportages etc.<\/i><\/p><p><i> <\/i><\/p><p><i>Toujours fid\u00e8le au sch\u00e9ma des \u00e9missions \u00ab Le d\u00e9fi de l&rsquo;Afrique \u00bb, les grilles des programmes, pr\u00e9par\u00e9es avec les futurs animateurs, comprennent pour moiti\u00e9 de l&rsquo;animation biblique et de l&rsquo;animation \u00e0 des projets de d\u00e9veloppement (sant\u00e9, hygi\u00e8ne, agriculture, \u00e9ducation, etc.). Dans la mesure du possible, un \u00ab signe visible\u00bb d&rsquo;action sociale est implant\u00e9 dans la r\u00e9gion de l&rsquo;\u00e9metteur install\u00e9. Une mani\u00e8re de pr\u00e9senter un \u00ab \u00e9vangile int\u00e9gral \u00bb, un \u00e9vangile pour tous, sans contrainte, quel que soit sa religion, ouvert \u00e0 toute la communaut\u00e9 civile..<\/i><\/p><p><i> <\/i><\/p><p><i>Plus d&rsquo;une centaine de s\u00e9minaires de formation \u00e0 la communication radiophonique ont eu lieu pendant ces vingt derni\u00e8res ann\u00e9es dans 14 pays d&rsquo;Afrique avec de nombreux travaux pratiques: installation de studios de radio et d&rsquo;\u00e9metteurs, sous la direction des techniciens (africains ou europ\u00e9ens) de l&rsquo;\u00e9quipe de \u00ab Radios Eb\u00e8ne D\u00e9veloppement\u00bb.<br \/>En France, une \u00e9mission r\u00e9guli\u00e8re mensuelle est diffus\u00e9e sur \u00ab Fr\u00e9quence Protestante\u00bb\u00a0 anim\u00e9e au d\u00e9part par Charles Guillot et aujourd&rsquo;hui par Myriam Bordreuil, rend compte de l&rsquo;actualit\u00e9 des actions de RED. Ces \u00e9missions sont \u00e9galement diffus\u00e9es sur \u00ab Radio Alliance + \u00bb \u00e0 N\u00eemes et sur \u00ab radio FM + \u00bb \u00e0 Montpellier.<br \/>Un projet \u00ab parrainage\u00bb est \u00e0 l&rsquo;\u00e9tude entre des paroisses en France et des stations de radio en Afrique.<br \/>Radios Eb\u00e8ne d\u00e9veloppement ne vit que de dons des particuliers ou associations partenaires ponctuellement, et fait r\u00e9guli\u00e8rement des appels de fonds pour assurer la continuit\u00e9 de ces actions.\u00a0 Nous, responsables de radio en Afrique francophone, sommes tr\u00e8s reconnaissants\u00a0pour tout ce que nous apporte Radios Ebene D\u00e9veloppement sans qui nous n&rsquo;aurions pas pu mettre en \u0153uvre notre travail de communication et de dialogue avec nos concitoyens. Merci !<\/i><\/p>\t\t\t\t\t\t\t\t<\/div>\n\t\t\t\t<\/div>\n\t\t\t\t\t<\/div>\n\t\t<\/div>\n\t\t\t\t\t<\/div>\n\t\t<\/section>\n\t\t\t\t<\/div>\n\t\t","protected":false},"excerpt":{"rendered":"<p>Anciennes actions Contacter \u00ab\u00a0M\u00e9dias Ebene\u00a0\u00bb pour les nouvelles actions Ebene Comment d\u00e9roulait une mission RED Radios Ebene D\u00e9veloppement \u00e9tait jusqu&rsquo;en [&hellip;]<\/p>\n","protected":false},"author":11,"featured_media":0,"parent":0,"menu_order":0,"comment_status":"closed","ping_status":"closed","template":"","meta":{"_exactmetrics_skip_tracking":false,"_exactmetrics_sitenote_active":false,"_exactmetrics_sitenote_note":"","_exactmetrics_sitenote_category":0,"site-sidebar-layout":"no-sidebar","site-content-layout":"","ast-site-content-layout":"full-width-container","site-content-style":"default","site-sidebar-style":"default","ast-global-header-display":"","ast-banner-title-visibility":"","ast-main-header-display":"","ast-hfb-above-header-display":"","ast-hfb-below-header-display":"","ast-hfb-mobile-header-display":"","site-post-title":"disabled","ast-breadcrumbs-content":"","ast-featured-img":"disabled","footer-sml-layout":"","ast-disable-related-posts":"","theme-transparent-header-meta":"","adv-header-id-meta":"","stick-header-meta":"","header-above-stick-meta":"","header-main-stick-meta":"","header-below-stick-meta":"","astra-migrate-meta-layouts":"default","ast-page-background-enabled":"default","ast-page-background-meta":{"desktop":{"background-color":"var(--ast-global-color-5)","background-image":"","background-repeat":"repeat","background-position":"center center","background-size":"auto","background-attachment":"scroll","background-type":"","background-media":"","overlay-type":"","overlay-color":"","overlay-opacity":"","overlay-gradient":""},"tablet":{"background-color":"","background-image":"","background-repeat":"repeat","background-position":"center center","background-size":"auto","background-attachment":"scroll","background-type":"","background-media":"","overlay-type":"","overlay-color":"","overlay-opacity":"","overlay-gradient":""},"mobile":{"background-color":"","background-image":"","background-repeat":"repeat","background-position":"center center","background-size":"auto","background-attachment":"scroll","background-type":"","background-media":"","overlay-type":"","overlay-color":"","overlay-opacity":"","overlay-gradient":""}},"ast-content-background-meta":{"desktop":{"background-color":"var(--ast-global-color-4)","background-image":"","background-repeat":"repeat","background-position":"center center","background-size":"auto","background-attachment":"scroll","background-type":"","background-media":"","overlay-type":"","overlay-color":"","overlay-opacity":"","overlay-gradient":""},"tablet":{"background-color":"var(--ast-global-color-4)","background-image":"","background-repeat":"repeat","background-position":"center center","background-size":"auto","background-attachment":"scroll","background-type":"","background-media":"","overlay-type":"","overlay-color":"","overlay-opacity":"","overlay-gradient":""},"mobile":{"background-color":"var(--ast-global-color-4)","background-image":"","background-repeat":"repeat","background-position":"center center","background-size":"auto","background-attachment":"scroll","background-type":"","background-media":"","overlay-type":"","overlay-color":"","overlay-opacity":"","overlay-gradient":""}},"footnotes":""},"class_list":["post-25","page","type-page","status-publish","hentry"],"yoast_head":"<!-- This site is optimized with the Yoast SEO plugin v26.9 - https:\/\/yoast.com\/product\/yoast-seo-wordpress\/ -->\n<title>Comment agissait RED - Radios \u00c9b\u00e8ne D\u00e9veloppement<\/title>\n<meta name=\"robots\" content=\"index, follow, max-snippet:-1, max-image-preview:large, max-video-preview:-1\" \/>\n<link rel=\"canonical\" href=\"https:\/\/www.e-radiotv.org\/radios-ebene-dev\/comment-agit-red\/\" \/>\n<meta property=\"og:locale\" content=\"fr_FR\" \/>\n<meta property=\"og:type\" content=\"article\" \/>\n<meta property=\"og:title\" content=\"Comment agissait RED - Radios \u00c9b\u00e8ne D\u00e9veloppement\" \/>\n<meta property=\"og:description\" content=\"Anciennes actions Contacter \u00ab\u00a0M\u00e9dias Ebene\u00a0\u00bb pour les nouvelles actions Ebene Comment d\u00e9roulait une mission RED Radios Ebene D\u00e9veloppement \u00e9tait jusqu&rsquo;en [&hellip;]\" \/>\n<meta property=\"og:url\" content=\"https:\/\/www.e-radiotv.org\/radios-ebene-dev\/comment-agit-red\/\" \/>\n<meta property=\"og:site_name\" content=\"Radios \u00c9b\u00e8ne D\u00e9veloppement\" \/>\n<meta property=\"article:publisher\" content=\"https:\/\/www.facebook.com\/radiosTVchretiennes\/\" \/>\n<meta property=\"article:modified_time\" content=\"2025-01-04T09:25:06+00:00\" \/>\n<meta property=\"og:image\" content=\"http:\/\/www.e-radiotv.org\/radios-ebene-dev\/wp-content\/uploads\/sites\/7\/2025\/01\/transport-materiel-afrique.jpg\" \/>\n<meta name=\"twitter:card\" content=\"summary_large_image\" \/>\n<meta name=\"twitter:site\" content=\"@steffendenis\" \/>\n<meta name=\"twitter:label1\" content=\"Dur\u00e9e de lecture estim\u00e9e\" \/>\n\t<meta name=\"twitter:data1\" content=\"6 minutes\" \/>\n<script type=\"application\/ld+json\" class=\"yoast-schema-graph\">{\"@context\":\"https:\/\/schema.org\",\"@graph\":[{\"@type\":\"WebPage\",\"@id\":\"https:\/\/www.e-radiotv.org\/radios-ebene-dev\/comment-agit-red\/\",\"url\":\"https:\/\/www.e-radiotv.org\/radios-ebene-dev\/comment-agit-red\/\",\"name\":\"Comment agissait RED - Radios \u00c9b\u00e8ne D\u00e9veloppement\",\"isPartOf\":{\"@id\":\"https:\/\/www.e-radiotv.org\/radios-ebene-dev\/#website\"},\"primaryImageOfPage\":{\"@id\":\"https:\/\/www.e-radiotv.org\/radios-ebene-dev\/comment-agit-red\/#primaryimage\"},\"image\":{\"@id\":\"https:\/\/www.e-radiotv.org\/radios-ebene-dev\/comment-agit-red\/#primaryimage\"},\"thumbnailUrl\":\"http:\/\/www.e-radiotv.org\/radios-ebene-dev\/wp-content\/uploads\/sites\/7\/2025\/01\/transport-materiel-afrique.jpg\",\"datePublished\":\"2025-01-03T08:12:00+00:00\",\"dateModified\":\"2025-01-04T09:25:06+00:00\",\"breadcrumb\":{\"@id\":\"https:\/\/www.e-radiotv.org\/radios-ebene-dev\/comment-agit-red\/#breadcrumb\"},\"inLanguage\":\"fr-FR\",\"potentialAction\":[{\"@type\":\"ReadAction\",\"target\":[\"https:\/\/www.e-radiotv.org\/radios-ebene-dev\/comment-agit-red\/\"]}]},{\"@type\":\"ImageObject\",\"inLanguage\":\"fr-FR\",\"@id\":\"https:\/\/www.e-radiotv.org\/radios-ebene-dev\/comment-agit-red\/#primaryimage\",\"url\":\"https:\/\/www.e-radiotv.org\/radios-ebene-dev\/wp-content\/uploads\/sites\/7\/2025\/01\/transport-materiel-afrique.jpg\",\"contentUrl\":\"https:\/\/www.e-radiotv.org\/radios-ebene-dev\/wp-content\/uploads\/sites\/7\/2025\/01\/transport-materiel-afrique.jpg\",\"width\":1024,\"height\":768},{\"@type\":\"BreadcrumbList\",\"@id\":\"https:\/\/www.e-radiotv.org\/radios-ebene-dev\/comment-agit-red\/#breadcrumb\",\"itemListElement\":[{\"@type\":\"ListItem\",\"position\":1,\"name\":\"Accueil\",\"item\":\"https:\/\/www.e-radiotv.org\/radios-ebene-dev\/\"},{\"@type\":\"ListItem\",\"position\":2,\"name\":\"Comment agissait RED\"}]},{\"@type\":\"WebSite\",\"@id\":\"https:\/\/www.e-radiotv.org\/radios-ebene-dev\/#website\",\"url\":\"https:\/\/www.e-radiotv.org\/radios-ebene-dev\/\",\"name\":\"Radios et T\u00e9l\u00e9visions Chr\u00e9tiennes\",\"description\":\"\",\"publisher\":{\"@id\":\"https:\/\/www.e-radiotv.org\/radios-ebene-dev\/#organization\"},\"potentialAction\":[{\"@type\":\"SearchAction\",\"target\":{\"@type\":\"EntryPoint\",\"urlTemplate\":\"https:\/\/www.e-radiotv.org\/radios-ebene-dev\/?s={search_term_string}\"},\"query-input\":{\"@type\":\"PropertyValueSpecification\",\"valueRequired\":true,\"valueName\":\"search_term_string\"}}],\"inLanguage\":\"fr-FR\"},{\"@type\":\"Organization\",\"@id\":\"https:\/\/www.e-radiotv.org\/radios-ebene-dev\/#organization\",\"name\":\"Radios et T\u00e9l\u00e9visions Chr\u00e9tiennes\",\"url\":\"https:\/\/www.e-radiotv.org\/radios-ebene-dev\/\",\"logo\":{\"@type\":\"ImageObject\",\"inLanguage\":\"fr-FR\",\"@id\":\"https:\/\/www.e-radiotv.org\/radios-ebene-dev\/#\/schema\/logo\/image\/\",\"url\":\"https:\/\/i0.wp.com\/www.e-radiotv.org\/wp-content\/uploads\/2017\/07\/cropped-Logo-e-radiotv-1.jpg?fit=267%2C202&ssl=1\",\"contentUrl\":\"https:\/\/i0.wp.com\/www.e-radiotv.org\/wp-content\/uploads\/2017\/07\/cropped-Logo-e-radiotv-1.jpg?fit=267%2C202&ssl=1\",\"width\":267,\"height\":202,\"caption\":\"Radios et T\u00e9l\u00e9visions Chr\u00e9tiennes\"},\"image\":{\"@id\":\"https:\/\/www.e-radiotv.org\/radios-ebene-dev\/#\/schema\/logo\/image\/\"},\"sameAs\":[\"https:\/\/www.facebook.com\/radiosTVchretiennes\/\",\"https:\/\/x.com\/steffendenis\"]}]}<\/script>\n<!-- \/ Yoast SEO plugin. -->","yoast_head_json":{"title":"Comment agissait RED - Radios \u00c9b\u00e8ne D\u00e9veloppement","robots":{"index":"index","follow":"follow","max-snippet":"max-snippet:-1","max-image-preview":"max-image-preview:large","max-video-preview":"max-video-preview:-1"},"canonical":"https:\/\/www.e-radiotv.org\/radios-ebene-dev\/comment-agit-red\/","og_locale":"fr_FR","og_type":"article","og_title":"Comment agissait RED - Radios \u00c9b\u00e8ne D\u00e9veloppement","og_description":"Anciennes actions Contacter \u00ab\u00a0M\u00e9dias Ebene\u00a0\u00bb pour les nouvelles actions Ebene Comment d\u00e9roulait une mission RED Radios Ebene D\u00e9veloppement \u00e9tait jusqu&rsquo;en [&hellip;]","og_url":"https:\/\/www.e-radiotv.org\/radios-ebene-dev\/comment-agit-red\/","og_site_name":"Radios \u00c9b\u00e8ne D\u00e9veloppement","article_publisher":"https:\/\/www.facebook.com\/radiosTVchretiennes\/","article_modified_time":"2025-01-04T09:25:06+00:00","og_image":[{"url":"http:\/\/www.e-radiotv.org\/radios-ebene-dev\/wp-content\/uploads\/sites\/7\/2025\/01\/transport-materiel-afrique.jpg","type":"","width":"","height":""}],"twitter_card":"summary_large_image","twitter_site":"@steffendenis","twitter_misc":{"Dur\u00e9e de lecture estim\u00e9e":"6 minutes"},"schema":{"@context":"https:\/\/schema.org","@graph":[{"@type":"WebPage","@id":"https:\/\/www.e-radiotv.org\/radios-ebene-dev\/comment-agit-red\/","url":"https:\/\/www.e-radiotv.org\/radios-ebene-dev\/comment-agit-red\/","name":"Comment agissait RED - Radios \u00c9b\u00e8ne D\u00e9veloppement","isPartOf":{"@id":"https:\/\/www.e-radiotv.org\/radios-ebene-dev\/#website"},"primaryImageOfPage":{"@id":"https:\/\/www.e-radiotv.org\/radios-ebene-dev\/comment-agit-red\/#primaryimage"},"image":{"@id":"https:\/\/www.e-radiotv.org\/radios-ebene-dev\/comment-agit-red\/#primaryimage"},"thumbnailUrl":"http:\/\/www.e-radiotv.org\/radios-ebene-dev\/wp-content\/uploads\/sites\/7\/2025\/01\/transport-materiel-afrique.jpg","datePublished":"2025-01-03T08:12:00+00:00","dateModified":"2025-01-04T09:25:06+00:00","breadcrumb":{"@id":"https:\/\/www.e-radiotv.org\/radios-ebene-dev\/comment-agit-red\/#breadcrumb"},"inLanguage":"fr-FR","potentialAction":[{"@type":"ReadAction","target":["https:\/\/www.e-radiotv.org\/radios-ebene-dev\/comment-agit-red\/"]}]},{"@type":"ImageObject","inLanguage":"fr-FR","@id":"https:\/\/www.e-radiotv.org\/radios-ebene-dev\/comment-agit-red\/#primaryimage","url":"https:\/\/www.e-radiotv.org\/radios-ebene-dev\/wp-content\/uploads\/sites\/7\/2025\/01\/transport-materiel-afrique.jpg","contentUrl":"https:\/\/www.e-radiotv.org\/radios-ebene-dev\/wp-content\/uploads\/sites\/7\/2025\/01\/transport-materiel-afrique.jpg","width":1024,"height":768},{"@type":"BreadcrumbList","@id":"https:\/\/www.e-radiotv.org\/radios-ebene-dev\/comment-agit-red\/#breadcrumb","itemListElement":[{"@type":"ListItem","position":1,"name":"Accueil","item":"https:\/\/www.e-radiotv.org\/radios-ebene-dev\/"},{"@type":"ListItem","position":2,"name":"Comment agissait RED"}]},{"@type":"WebSite","@id":"https:\/\/www.e-radiotv.org\/radios-ebene-dev\/#website","url":"https:\/\/www.e-radiotv.org\/radios-ebene-dev\/","name":"Radios et T\u00e9l\u00e9visions Chr\u00e9tiennes","description":"","publisher":{"@id":"https:\/\/www.e-radiotv.org\/radios-ebene-dev\/#organization"},"potentialAction":[{"@type":"SearchAction","target":{"@type":"EntryPoint","urlTemplate":"https:\/\/www.e-radiotv.org\/radios-ebene-dev\/?s={search_term_string}"},"query-input":{"@type":"PropertyValueSpecification","valueRequired":true,"valueName":"search_term_string"}}],"inLanguage":"fr-FR"},{"@type":"Organization","@id":"https:\/\/www.e-radiotv.org\/radios-ebene-dev\/#organization","name":"Radios et T\u00e9l\u00e9visions Chr\u00e9tiennes","url":"https:\/\/www.e-radiotv.org\/radios-ebene-dev\/","logo":{"@type":"ImageObject","inLanguage":"fr-FR","@id":"https:\/\/www.e-radiotv.org\/radios-ebene-dev\/#\/schema\/logo\/image\/","url":"https:\/\/i0.wp.com\/www.e-radiotv.org\/wp-content\/uploads\/2017\/07\/cropped-Logo-e-radiotv-1.jpg?fit=267%2C202&ssl=1","contentUrl":"https:\/\/i0.wp.com\/www.e-radiotv.org\/wp-content\/uploads\/2017\/07\/cropped-Logo-e-radiotv-1.jpg?fit=267%2C202&ssl=1","width":267,"height":202,"caption":"Radios et T\u00e9l\u00e9visions Chr\u00e9tiennes"},"image":{"@id":"https:\/\/www.e-radiotv.org\/radios-ebene-dev\/#\/schema\/logo\/image\/"},"sameAs":["https:\/\/www.facebook.com\/radiosTVchretiennes\/","https:\/\/x.com\/steffendenis"]}]}},"_links":{"self":[{"href":"https:\/\/www.e-radiotv.org\/radios-ebene-dev\/wp-json\/wp\/v2\/pages\/25","targetHints":{"allow":["GET"]}}],"collection":[{"href":"https:\/\/www.e-radiotv.org\/radios-ebene-dev\/wp-json\/wp\/v2\/pages"}],"about":[{"href":"https:\/\/www.e-radiotv.org\/radios-ebene-dev\/wp-json\/wp\/v2\/types\/page"}],"author":[{"embeddable":true,"href":"https:\/\/www.e-radiotv.org\/radios-ebene-dev\/wp-json\/wp\/v2\/users\/11"}],"replies":[{"embeddable":true,"href":"https:\/\/www.e-radiotv.org\/radios-ebene-dev\/wp-json\/wp\/v2\/comments?post=25"}],"version-history":[{"count":14,"href":"https:\/\/www.e-radiotv.org\/radios-ebene-dev\/wp-json\/wp\/v2\/pages\/25\/revisions"}],"predecessor-version":[{"id":333,"href":"https:\/\/www.e-radiotv.org\/radios-ebene-dev\/wp-json\/wp\/v2\/pages\/25\/revisions\/333"}],"wp:attachment":[{"href":"https:\/\/www.e-radiotv.org\/radios-ebene-dev\/wp-json\/wp\/v2\/media?parent=25"}],"curies":[{"name":"wp","href":"https:\/\/api.w.org\/{rel}","templated":true}]}}